{"id":1092,"date":"2026-06-03T07:07:25","date_gmt":"2026-06-03T05:07:25","guid":{"rendered":"https:\/\/lesaintgeorges.ch\/accueil\/"},"modified":"2026-09-01T17:07:36","modified_gmt":"2026-09-01T15:07:36","slug":"accueil","status":"publish","type":"page","link":"https:\/\/lesaintgeorges.ch\/de\/","title":{"rendered":"Startseite"},"content":{"rendered":"<div class=\"et_pb_section_0 et_pb_section et_section_regular et_block_section et-pb-has-background-video et_pb_preload section_home_intro dind-hero\"><span class=\"et-pb-background-video\"><video autoplay loop playsinline muted><source type=\"video\/mp4\" data-src=\"https:\/\/lesaintgeorges.ch\/wp-content\/uploads\/2026\/08\/video_le-saint-georges_08.2026.mp4\" \/><\/video><\/span><\/div>\n\n\n\n<div class=\"et_pb_section_2 et_pb_section et_pb_section--fixed et_section_regular et_block_section section_home_intro_message\">\n<div class=\"et_pb_row_1 et_pb_row et_block_row row_links\">\n<div class=\"et_pb_column_1 et_pb_column et_pb_column_4_4 et-last-child et_flex_column et_pb_css_mix_blend_mode_passthrough\">\n<div class=\"et_pb_module et_pb_button_module_wrapper et_pb_button_0_wrapper preset--module--divi-button--ybaivc87ph_wrapper\"><a class=\"et_pb_button_0 et_pb_button et_pb_bg_layout_light et_pb_module et_block_module preset--module--divi-button--ybaivc87ph\" href=\"https:\/\/www.secure-hotel-booking.com\/d-edge\/Le-Saint-Georges\/JBFA\/de-DE\/DateSelection\" target=\"_blank\">Ein Zimmer reservieren<\/a><\/div>\n\n<div class=\"et_pb_text_0 et_pb_text et_pb_bg_layout_light et_pb_module et_block_module\"><div class=\"et_pb_text_inner\"><p><img loading=\"lazy\" decoding=\"async\" src=\"https:\/\/lesaintgeorges.ch\/wp-content\/uploads\/2026\/06\/telephone.svg\" width=\"16\" height=\"16\" alt=\"\" class=\"wp-image-317 alignnone size-full\" \/> <a href=\"tel:+41269218300\">+41 (0) 26 921 83 00<\/a>\u200b\u00a0 \u00a0 <img loading=\"lazy\" decoding=\"async\" src=\"https:\/\/lesaintgeorges.ch\/wp-content\/uploads\/2026\/06\/mail.svg\" width=\"16\" height=\"16\" alt=\"\" class=\"wp-image-316 alignnone size-full\" \/>\u00a0 <a href=\"mailto:info@lesaintgeorges.ch\">info@lesaintgeorges.ch<\/a><\/p>\n<\/div><\/div>\n\n<div class=\"et_pb_text_1 et_pb_text et_pb_bg_layout_light et_pb_module et_block_module text_height_large\"><div class=\"et_pb_text_inner\"><p><img loading=\"lazy\" decoding=\"async\" src=\"https:\/\/lesaintgeorges.ch\/wp-content\/uploads\/2026\/06\/telephone.svg\" width=\"16\" height=\"16\" alt=\"\" class=\"wp-image-317 alignnone size-full\" \/> <a href=\"tel:+41269218300\">+41 (0) 26 921 83 00<\/a>\u200b\u00a0 \u00a0 <br \/><img loading=\"lazy\" decoding=\"async\" src=\"https:\/\/lesaintgeorges.ch\/wp-content\/uploads\/2026\/06\/mail.svg\" width=\"16\" height=\"16\" alt=\"\" class=\"wp-image-316 alignnone size-full\" \/>\u00a0 <a href=\"mailto:info@lesaintgeorges.ch\">info@lesaintgeorges.ch<\/a><\/p>\n<\/div><\/div>\n<\/div>\n<\/div>\n<\/div>\n\n<div class=\"et_pb_section_3 et_pb_section et_section_regular et_flex_section\">\n<div class=\"et_pb_row_2 et_pb_row et_block_row et_animated\">\n<div class=\"et_pb_column_2 et_pb_column et_pb_column_4_4 et-last-child et_block_column et_pb_css_mix_blend_mode_passthrough\">\n<div class=\"et_pb_text_2 et_pb_text et_pb_bg_layout_light et_pb_module et_block_module\"><div class=\"et_pb_text_inner\"><h1><span>Authentischer Charme f\u00fcr Ihren Aufenthalt in Gruy\u00e8res<\/span><\/h1>\n<\/div><\/div>\n\n<div class=\"et_pb_text_3 et_pb_text et_pb_bg_layout_light et_pb_module et_block_module\"><div class=\"et_pb_text_inner\"><p>Ob mit der Familie, zu zweit, anl\u00e4sslich einer Hochzeit oder f\u00fcr eine gesch\u00e4ftliche Veranstaltung, jeder Aufenthalt bietet die Gelegenheit, wertvolle Momente miteinander zu teilen. Im Herzen von Gruy\u00e8res, wo Geschichte, Natur und Lebensqualit\u00e4t aufeinandertreffen, empfangen wir Sie mit herzlicher Gastfreundschaft und schaffen den passenden Rahmen f\u00fcr unvergessliche Augenblicke.<\/p>\n<\/div><\/div>\n<\/div>\n<\/div>\n<\/div>\n\n<div class=\"et_pb_section_4 et_pb_section et_section_regular et_block_section\">\n<div class=\"et_pb_row_3 et_pb_row et_flex_row et_animated\">\n<div class=\"et_pb_column_3 et_pb_column et_block_column et_pb_css_mix_blend_mode_passthrough et_flex_column_2_5 et_flex_column_24_24_tablet et_flex_column_24_24_phone\">\n<div class=\"et_pb_text_4 et_pb_text et_pb_bg_layout_light et_pb_module et_block_module\"><div class=\"et_pb_text_inner\"><h2>Zimmer &amp; Suiten<\/h2>\n<\/div><\/div>\n\n<div class=\"et_pb_text_5 et_pb_text et_pb_bg_layout_light et_pb_module et_block_module\"><div class=\"et_pb_text_inner\"><p>Das Hotel Le Saint Georges verf\u00fcgt \u00fcber 14 stilvoll eingerichtete Zimmer und Suiten mit einer warmen und pers\u00f6nlichen Atmosph\u00e4re. Ob zu zweit, mit der Familie oder mit Freunden, die Zimmer bieten den idealen Rahmen f\u00fcr einen erholsamen Aufenthalt. Mit Blick auf den Dorfplatz von Gruy\u00e8res oder die Freiburger Voralpen geniessen Sie eine einzigartige Kulisse, um den Charme des mittelalterlichen St\u00e4dtchens und seiner eindrucksvollen Landschaft in vollen Z\u00fcgen zu erleben.<\/p>\n<\/div><\/div>\n\n<a class=\"et_pb_link_0 et_pb_link et_pb_module et_flex_module\" href=\"https:\/\/lesaintgeorges.ch\/chambres-suites\/\"><span class=\"et_pb_link_inner\"><span class=\"et-pb-icon\">$<\/span><span class=\"et_pb_link_text\"><p>Mehr erfahren<\/p>\n<\/span><\/span><\/a>\n\n<div class=\"et_pb_module et_pb_button_module_wrapper et_pb_button_1_wrapper preset--module--divi-button--default_wrapper\"><a class=\"et_pb_button_1 et_pb_button et_pb_bg_layout_light et_pb_module et_block_module preset--module--divi-button--default\" href=\"https:\/\/www.secure-hotel-booking.com\/d-edge\/Le-Saint-Georges\/JBFA\/de-DE\/DateSelection\" target=\"_blank\">Ein Zimmer reservieren<\/a><\/div>\n<\/div>\n\n<div class=\"et_pb_column_4 et_pb_column et-last-child et_block_column et_pb_css_mix_blend_mode_passthrough et_flex_column_3_5 et_flex_column_24_24_tablet et_flex_column_24_24_phone\">\n<div class=\"et_pb_image_0 et_pb_image et_pb_module et_block_module\"><span class=\"et_pb_image_wrap\"><img loading=\"lazy\" decoding=\"async\" src=\"https:\/\/lesaintgeorges.ch\/wp-content\/uploads\/2026\/07\/chambres-13-1.jpg\" alt=\"chambres 13\" title=\"chambres 13\" width=\"2048\" height=\"1365\" srcset=\"https:\/\/lesaintgeorges.ch\/wp-content\/uploads\/2026\/07\/chambres-13-1.jpg 2048w, https:\/\/lesaintgeorges.ch\/wp-content\/uploads\/2026\/07\/chambres-13-1-1280x853.jpg 1280w, https:\/\/lesaintgeorges.ch\/wp-content\/uploads\/2026\/07\/chambres-13-1-980x653.jpg 980w, https:\/\/lesaintgeorges.ch\/wp-content\/uploads\/2026\/07\/chambres-13-1-480x320.jpg 480w\" sizes=\"(min-width: 0px) and (max-width: 480px) 480px, (min-width: 481px) and (max-width: 980px) 980px, (min-width: 981px) and (max-width: 1280px) 1280px, (min-width: 1281px) 2048px, 100vw\" class=\"wp-image-1478\" \/><\/span><\/div>\n\n<div class=\"et_pb_image_1 et_pb_image et_pb_module et_block_module\"><span class=\"et_pb_image_wrap\"><img loading=\"lazy\" decoding=\"async\" src=\"https:\/\/lesaintgeorges.ch\/wp-content\/uploads\/2026\/07\/chambres-5-1.jpg\" alt=\"chambres 5\" title=\"chambres 5\" width=\"1365\" height=\"2048\" srcset=\"https:\/\/lesaintgeorges.ch\/wp-content\/uploads\/2026\/07\/chambres-5-1.jpg 1365w, https:\/\/lesaintgeorges.ch\/wp-content\/uploads\/2026\/07\/chambres-5-1-1280x1920.jpg 1280w, https:\/\/lesaintgeorges.ch\/wp-content\/uploads\/2026\/07\/chambres-5-1-980x1470.jpg 980w, https:\/\/lesaintgeorges.ch\/wp-content\/uploads\/2026\/07\/chambres-5-1-480x720.jpg 480w\" sizes=\"(min-width: 0px) and (max-width: 480px) 480px, (min-width: 481px) and (max-width: 980px) 980px, (min-width: 981px) and (max-width: 1280px) 1280px, (min-width: 1281px) 1365px, 100vw\" class=\"wp-image-1471\" \/><\/span><\/div>\n<\/div>\n<\/div>\n<\/div>\n\n<div class=\"et_pb_section_5 et_pb_section et_section_regular et_block_section section_parallax home\">\n<div class=\"et_pb_row_4 et_pb_row et_flex_row\">\n<div class=\"et_pb_column_5 et_pb_column et_flex_column et_pb_column_empty et_pb_css_mix_blend_mode_passthrough et_flex_column_3_5 et_flex_column_12_24_tablet et_flex_column_24_24_phone\"><\/div>\n\n<div class=\"et_pb_column_6 et_pb_column et-last-child et_flex_column et_pb_css_mix_blend_mode_passthrough et_flex_column_2_5 et_flex_column_12_24_tablet et_flex_column_24_24_phone\">\n<div class=\"et_pb_group_0 et_pb_group et-last-child et_pb_module et_pb_css_mix_blend_mode_passthrough et_animated\">\n<div class=\"et_pb_text_6 et_pb_text et_pb_bg_layout_light et_pb_module et_block_module\"><div class=\"et_pb_text_inner\"><h2>Restaurant<br \/>Le Saint Georges<\/h2>\n<\/div><\/div>\n\n<div class=\"et_pb_text_7 et_pb_text et_pb_bg_layout_light et_pb_module et_block_module\"><div class=\"et_pb_text_inner\"><p>Das Hotel Le Saint Georges l\u00e4dt Sie in drei verschiedene Restaurants ein, in denen Genuss und Geselligkeit im Mittelpunkt stehen. Von der lichtdurchfluteten Veranda mit Blick auf die Freiburger Voralpen bis zur gem\u00fctlichen \u201ePoya\u201c und der Pizzeria erwartet Sie eine abwechslungsreiche K\u00fcche mit Schweizer Spezialit\u00e4ten, knusprigen Holzofenpizzen und klassischen Brasserie-Gerichten.<\/p>\n<\/div><\/div>\n\n<a class=\"et_pb_link_1 et_pb_link et_pb_module et_flex_module\" href=\"https:\/\/lesaintgeorges.ch\/restaurant\/\"><span class=\"et_pb_link_inner\"><span class=\"et-pb-icon\">$<\/span><span class=\"et_pb_link_text\"><p>Mehr erfahren<\/p>\n<\/span><\/span><\/a>\n<\/div>\n<\/div>\n<\/div>\n<\/div>\n\n<div class=\"et_pb_section_6 et_pb_section et_section_regular et_block_section\">\n<div class=\"et_pb_row_5 et_pb_row et_flex_row et_animated\">\n<div class=\"et_pb_column_7 et_pb_column et_block_column et_pb_css_mix_blend_mode_passthrough et_flex_column_3_5 et_flex_column_24_24_tablet et_flex_column_24_24_phone\">\n<div class=\"et_pb_image_2 et_pb_image et_pb_module et_block_module\"><span class=\"et_pb_image_wrap\"><img loading=\"lazy\" decoding=\"async\" src=\"https:\/\/lesaintgeorges.ch\/wp-content\/uploads\/2026\/07\/Seminaire-U-scaled.jpg\" alt=\"s\u00e9minaire u\" title=\"s\u00e9minaire u\" width=\"3000\" height=\"2000\" srcset=\"https:\/\/lesaintgeorges.ch\/wp-content\/uploads\/2026\/07\/Seminaire-U-scaled.jpg 3000w, https:\/\/lesaintgeorges.ch\/wp-content\/uploads\/2026\/07\/Seminaire-U-1280x853.jpg 1280w, https:\/\/lesaintgeorges.ch\/wp-content\/uploads\/2026\/07\/Seminaire-U-980x653.jpg 980w, https:\/\/lesaintgeorges.ch\/wp-content\/uploads\/2026\/07\/Seminaire-U-480x320.jpg 480w\" sizes=\"(min-width: 0px) and (max-width: 480px) 480px, (min-width: 481px) and (max-width: 980px) 980px, (min-width: 981px) and (max-width: 1280px) 1280px, (min-width: 1281px) 3000px, 100vw\" class=\"wp-image-1506\" \/><\/span><\/div>\n<\/div>\n\n<div class=\"et_pb_column_8 et_pb_column et-last-child et_block_column et_pb_css_mix_blend_mode_passthrough et_flex_column_2_5 et_flex_column_24_24_tablet et_flex_column_24_24_phone\">\n<div class=\"et_pb_text_8 et_pb_text et_pb_bg_layout_light et_pb_module et_block_module\"><div class=\"et_pb_text_inner\"><h2>Tagungen &amp; Seminare<\/h2>\n<\/div><\/div>\n\n<div class=\"et_pb_text_9 et_pb_text et_pb_bg_layout_light et_pb_module et_block_module\"><div class=\"et_pb_text_inner\"><p>Das Hotel Le Saint Georges bietet den passenden Rahmen f\u00fcr Seminare, Tagungen und Teamevents. Im Herzen von Gruy\u00e8res, umgeben von historischem Charme und einer eindrucksvollen Naturlandschaft, stehen Ihnen zwei Veranstaltungsr\u00e4ume zur Verf\u00fcgung, die ideale Voraussetzungen f\u00fcr konzentriertes Arbeiten und einen inspirierenden Austausch bieten.<\/p>\n<\/div><\/div>\n\n<a class=\"et_pb_link_2 et_pb_link et_pb_module et_flex_module\" href=\"https:\/\/lesaintgeorges.ch\/reunions\/\"><span class=\"et_pb_link_inner\"><span class=\"et-pb-icon\">$<\/span><span class=\"et_pb_link_text\"><p>Mehr erfahren<\/p>\n<\/span><\/span><\/a>\n<\/div>\n<\/div>\n<\/div>\n\n<div class=\"et_pb_section_7 et_pb_section et_section_regular et_flex_section\">\n<div class=\"et_pb_row_6 et_pb_row et_flex_row et_animated\">\n<div class=\"et_pb_column_9 et_pb_column et-last-child et_block_column et_pb_css_mix_blend_mode_passthrough et_flex_column_24_24 et_flex_column_24_24_tablet et_flex_column_24_24_phone\">\n<div class=\"et_pb_text_10 et_pb_text et_pb_bg_layout_light et_pb_module et_block_module\"><div class=\"et_pb_text_inner\"><h2>Hochzeiten &amp; Anl\u00e4sse<\/h2>\n<\/div><\/div>\n\n<div class=\"et_pb_text_11 et_pb_text et_pb_bg_layout_light et_pb_module et_block_module\"><div class=\"et_pb_text_inner\"><p>Das Hotel Le Saint Georges bietet den passenden Rahmen f\u00fcr die besonderen Momente des Lebens. Ob Hochzeiten, private Feiern oder Feste mit Familie und Freunden, im Herzen des mittelalterlichen St\u00e4dtchens Gruy\u00e8res, stehen Ihnen ein grossz\u00fcgiger Saal mit eigener Terrasse sowie eine kleinere, gem\u00fctliche R\u00e4umlichkeit f\u00fcr Feiern im privaten Rahmen zur Verf\u00fcgung.<\/p>\n<\/div><\/div>\n\n<a class=\"et_pb_link_3 et_pb_link et_pb_module et_flex_module\" href=\"https:\/\/lesaintgeorges.ch\/mariages-occasions\/\"><span class=\"et_pb_link_inner\"><span class=\"et-pb-icon\">$<\/span><span class=\"et_pb_link_text\"><p>Mehr erfahren<\/p>\n<\/span><\/span><\/a>\n<\/div>\n<\/div>\n\n<div class=\"et_pb_row_7 et_pb_row et_flex_row et_animated row_home_weddings\">\n<div class=\"et_pb_column_10 et_pb_column et_block_column et_pb_css_mix_blend_mode_passthrough et_flex_column_8_24 et_flex_column_8_24_tablet et_flex_column_8_24_phone\">\n<div class=\"et_pb_image_3 et_pb_image et_pb_module et_block_module\"><span class=\"et_pb_image_wrap\"><img loading=\"lazy\" decoding=\"async\" src=\"https:\/\/lesaintgeorges.ch\/wp-content\/uploads\/2026\/07\/Mariage-24.04.26-26-scaled.jpg\" alt=\"mariage 24.04.26 26\" title=\"mariage 24.04.26 26\" width=\"2000\" height=\"3000\" srcset=\"https:\/\/lesaintgeorges.ch\/wp-content\/uploads\/2026\/07\/Mariage-24.04.26-26-scaled.jpg 2000w, https:\/\/lesaintgeorges.ch\/wp-content\/uploads\/2026\/07\/Mariage-24.04.26-26-1280x1920.jpg 1280w, https:\/\/lesaintgeorges.ch\/wp-content\/uploads\/2026\/07\/Mariage-24.04.26-26-980x1470.jpg 980w, https:\/\/lesaintgeorges.ch\/wp-content\/uploads\/2026\/07\/Mariage-24.04.26-26-480x720.jpg 480w\" sizes=\"(min-width: 0px) and (max-width: 480px) 480px, (min-width: 481px) and (max-width: 980px) 980px, (min-width: 981px) and (max-width: 1280px) 1280px, (min-width: 1281px) 2000px, 100vw\" class=\"wp-image-1495\" \/><\/span><\/div>\n<\/div>\n\n<div class=\"et_pb_column_11 et_pb_column et_flex_column et_pb_css_mix_blend_mode_passthrough et_flex_column_8_24 et_flex_column_8_24_tablet et_flex_column_8_24_phone\">\n<div class=\"et_pb_image_4 et_pb_image et_pb_module et_block_module\"><span class=\"et_pb_image_wrap\"><img loading=\"lazy\" decoding=\"async\" src=\"https:\/\/lesaintgeorges.ch\/wp-content\/uploads\/2026\/07\/Mariage-24.04.26-23-scaled.jpg\" alt=\"mariage 24.04.26 23\" title=\"mariage 24.04.26 23\" width=\"2000\" height=\"3000\" srcset=\"https:\/\/lesaintgeorges.ch\/wp-content\/uploads\/2026\/07\/Mariage-24.04.26-23-scaled.jpg 2000w, https:\/\/lesaintgeorges.ch\/wp-content\/uploads\/2026\/07\/Mariage-24.04.26-23-1280x1920.jpg 1280w, https:\/\/lesaintgeorges.ch\/wp-content\/uploads\/2026\/07\/Mariage-24.04.26-23-980x1470.jpg 980w, https:\/\/lesaintgeorges.ch\/wp-content\/uploads\/2026\/07\/Mariage-24.04.26-23-480x720.jpg 480w\" sizes=\"(min-width: 0px) and (max-width: 480px) 480px, (min-width: 481px) and (max-width: 980px) 980px, (min-width: 981px) and (max-width: 1280px) 1280px, (min-width: 1281px) 2000px, 100vw\" class=\"wp-image-1494\" \/><\/span><\/div>\n<\/div>\n\n<div class=\"et_pb_column_12 et_pb_column et-last-child et_flex_column et_pb_css_mix_blend_mode_passthrough et_flex_column_8_24 et_flex_column_8_24_tablet et_flex_column_8_24_phone\">\n<div class=\"et_pb_image_5 et_pb_image et_pb_module et_block_module\"><span class=\"et_pb_image_wrap\"><img loading=\"lazy\" decoding=\"async\" src=\"https:\/\/lesaintgeorges.ch\/wp-content\/uploads\/2026\/07\/Mariage-24.04.26-16-scaled.jpg\" alt=\"mariage 24.04.26 16\" title=\"mariage 24.04.26 16\" width=\"2000\" height=\"3000\" srcset=\"https:\/\/lesaintgeorges.ch\/wp-content\/uploads\/2026\/07\/Mariage-24.04.26-16-scaled.jpg 2000w, https:\/\/lesaintgeorges.ch\/wp-content\/uploads\/2026\/07\/Mariage-24.04.26-16-1280x1920.jpg 1280w, https:\/\/lesaintgeorges.ch\/wp-content\/uploads\/2026\/07\/Mariage-24.04.26-16-980x1470.jpg 980w, https:\/\/lesaintgeorges.ch\/wp-content\/uploads\/2026\/07\/Mariage-24.04.26-16-480x720.jpg 480w\" sizes=\"(min-width: 0px) and (max-width: 480px) 480px, (min-width: 481px) and (max-width: 980px) 980px, (min-width: 981px) and (max-width: 1280px) 1280px, (min-width: 1281px) 2000px, 100vw\" class=\"wp-image-1493\" \/><\/span><\/div>\n<\/div>\n<\/div>\n<\/div>\n\n<div class=\"et_pb_section_8 et_pb_section et_section_regular et_block_section\">\n<div class=\"et_pb_row_8 et_pb_row et_flex_row et_animated\">\n<div class=\"et_pb_column_13 et_pb_column et_block_column et_pb_css_mix_blend_mode_passthrough et_flex_column_2_5 et_flex_column_24_24_tablet et_flex_column_24_24_phone\">\n<div class=\"et_pb_text_12 et_pb_text et_pb_bg_layout_light et_pb_module et_block_module\"><div class=\"et_pb_text_inner\"><h2>Signature-Angebote<\/h2>\n<\/div><\/div>\n\n<div class=\"et_pb_text_13 et_pb_text et_pb_bg_layout_light et_pb_module et_block_module\"><div class=\"et_pb_text_inner\"><p>Unsere Signature-Angebote laden dazu ein, Ihren Aufenthalt in Gruy\u00e8res mit attraktiven Vorteilen zu bereichern. Ob Gourmet-Aufenthalt, Kurzurlaub in einer Suite oder eine zus\u00e4tzliche kostenlose \u00dcbernachtung: unsere Angebote wurden sorgf\u00e4ltig zusammengestellt, damit Sie Gruy\u00e8res in vollen Z\u00fcgen geniessen k\u00f6nnen.<\/p>\n<\/div><\/div>\n\n<a class=\"et_pb_link_4 et_pb_link et_pb_module et_flex_module\" href=\"https:\/\/lesaintgeorges.ch\/offres\/\"><span class=\"et_pb_link_inner\"><span class=\"et-pb-icon\">$<\/span><span class=\"et_pb_link_text\"><p>Mehr erfahren<\/p>\n<\/span><\/span><\/a>\n<\/div>\n\n<div class=\"et_pb_column_14 et_pb_column et-last-child et_flex_column et_pb_css_mix_blend_mode_passthrough et_flex_column_3_5 et_flex_column_24_24_tablet et_flex_column_24_24_phone\">\n<div class=\"dica_divi_carousel_0 dica_divi_carousel et_pb_module carousel_offres\"><div class=\"dica-container  desktop_middle-inside tablet_middle-inside mobile_middle-inside\" data-props='{\"desktop\":\"2\",\"tablet\":\"2\",\"mobile\":\"1\",\"speed\":\"400\",\"arrow\":\"on\",\"dots\":\"off\",\"autoplay\":\"off\",\"autoSpeed\":\"1000\",\"loop\":\"on\",\"item_spacing\":\"24\",\"center_mode\":\"off\",\"slider_effec\":\"default\",\"cover_rotate\":\"50\",\"pause_onhover\":\"off\",\"multislide\":\"off\",\"cfshadow\":\"on\",\"order\":9375,\"lazyload\":\"off\",\"lazybefore\":\"off\",\"scroller_effect\":\"off\",\"autowidth\":\"off\",\"item_spacing_tablet\":\"16\",\"item_spacing_phone\":\"16\",\"scroller_speed\":\"4000\",\"hashNavigation\":\"off\",\"simulatetouch\":\"off\",\"allowtouchmove\":\"off\",\"slide_row\":\"1\",\"slide_row_tablet\":\"1\",\"slide_row_phone\":\"1\",\"keyboard\":\"off\",\"mousewheel\":\"off\",\"autoplay_viewport\":\"\"}'>\n\t\t\t\t\t\t\t \t<div class=\"swiper-container\" >\n\t\t\t\t\t\t\t\t\t<div class=\"swiper-wrapper\">\n<div class=\"dica_divi_carouselitem_0 dica_divi_carouselitem et_clickable et_pb_module\"> <div class=\"dica-item image_top\" data-link=\"\"  data-hash=\"dica_divi_carouselitem_0\">\n\t\t\t\t\t\t\t\t\t\n\t\t\t\t\t\t\t\t\t<div class=\"dica-item-content\"><h3 class=\"item-title\"><a href=\"\/de\/angebote\/#angebot-1\">Aufenthalt in einer Junior-Suite \u2013 die dritte Nacht geschenkt<\/a><\/h3>   <div\n\t\t\t\t\t\tclass=\"content \"\n\t\t\t\t\t\tdata-settings='{\"status\":\"false\",\"responsive\":\"on\",\"limit\":\"\",\"limit_tablet\":\"\",\"limit_phone\":\"\",\"text_more\":\"\",\"text_less\":\"\"}'>\n\t\t\t\t\t\t<p>Zwei \u00dcbernachtungen in einer Junior-Suite \u2013 die dritte \u00dcbernachtung schenken wir Ihnen. So bleibt Ihnen mehr Zeit, Ihren Aufenthalt in Gruy\u00e8res zu geniessen<\/p>\n\t\t\t\t\t<\/div>\n\t\t\t\t\t<noscript class=\"content_storage\"><p>Zwei \u00dcbernachtungen in einer Junior-Suite \u2013 die dritte \u00dcbernachtung schenken wir Ihnen. So bleibt Ihnen mehr Zeit, Ihren Aufenthalt in Gruy\u00e8res zu geniessen<\/p><\/noscript>     <\/div>\n\t\t\t\t\t\t\t<\/div><\/div>\n\n<div class=\"dica_divi_carouselitem_1 dica_divi_carouselitem et_clickable et_pb_module\"> <div class=\"dica-item image_top\" data-link=\"\"  data-hash=\"dica_divi_carouselitem_1\">\n\t\t\t\t\t\t\t\t\t\n\t\t\t\t\t\t\t\t\t<div class=\"dica-item-content\"><h3 class=\"item-title\"><a href=\"\/de\/angebote\/#angebot-2\">Romantischer Kurzurlaub in Gruy\u00e8res<\/a><\/h3>   <div\n\t\t\t\t\t\tclass=\"content \"\n\t\t\t\t\t\tdata-settings='{\"status\":\"false\",\"responsive\":\"on\",\"limit\":\"\",\"limit_tablet\":\"\",\"limit_phone\":\"\",\"text_more\":\"\",\"text_less\":\"\"}'>\n\t\t\t\t\t\t<p>Ein Aufenthalt im Deluxe-Doppelzimmer mit Bergblick \u2013 ideal f\u00fcr eine Auszeit zu zweit in Gruy\u00e8res.<\/p>\n\t\t\t\t\t<\/div>\n\t\t\t\t\t<noscript class=\"content_storage\"><p>Ein Aufenthalt im Deluxe-Doppelzimmer mit Bergblick \u2013 ideal f\u00fcr eine Auszeit zu zweit in Gruy\u00e8res.<\/p><\/noscript>     <\/div>\n\t\t\t\t\t\t\t<\/div><\/div>\n\n<div class=\"dica_divi_carouselitem_2 dica_divi_carouselitem et_clickable et_pb_module\"> <div class=\"dica-item image_top\" data-link=\"\"  data-hash=\"dica_divi_carouselitem_2\">\n\t\t\t\t\t\t\t\t\t\n\t\t\t\t\t\t\t\t\t<div class=\"dica-item-content\"><h3 class=\"item-title\"><a href=\"\/de\/angebote\/#angebot-3\">Familienausflug nach Gruy\u00e8res<\/a><\/h3>   <div\n\t\t\t\t\t\tclass=\"content \"\n\t\t\t\t\t\tdata-settings='{\"status\":\"false\",\"responsive\":\"on\",\"limit\":\"\",\"limit_tablet\":\"\",\"limit_phone\":\"\",\"text_more\":\"\",\"text_less\":\"\"}'>\n\t\t\t\t\t\t<p>Ein Aufenthalt in einem Deluxe-Familienzimmer oder einer Junior-Suite mit Bergblick f\u00fcr einen Familienurlaub in Gruy\u00e8res.<\/p>\n\t\t\t\t\t<\/div>\n\t\t\t\t\t<noscript class=\"content_storage\"><p>Ein Aufenthalt in einem Deluxe-Familienzimmer oder einer Junior-Suite mit Bergblick f\u00fcr einen Familienurlaub in Gruy\u00e8res.<\/p><\/noscript>     <\/div>\n\t\t\t\t\t\t\t<\/div><\/div>\n<\/div>\n\t\t\t\t\t\t\t\t<\/div>\n\t\t\t\t\t\t\t\t<div class=\"swiper-buttton-container\"><div class=\"swiper-button-prev dica-prev-btn-9375\" data-icon=\"4\"><\/div><div class=\"swiper-button-next dica-next-btn-9375\" data-icon=\"5\"><\/div><\/div>\n\t\t\t\t\t\t\t\t\n\t\t\t\t\t\t\t<\/div><\/div>\n<\/div>\n<\/div>\n<\/div>\n\n<div class=\"et_pb_section_9 et_pb_section et_section_regular et_block_section\">\n<div class=\"et_pb_row_9 et_pb_row et_flex_row et_animated\">\n<div class=\"et_pb_column_15 et_pb_column et_block_column et_pb_css_mix_blend_mode_passthrough et_flex_column_3_5 et_flex_column_24_24_tablet et_flex_column_24_24_phone\">\n<div class=\"et_pb_text_14 et_pb_text et_pb_bg_layout_light et_pb_module et_block_module\"><div class=\"et_pb_text_inner\"><h2>Gruy\u00e8res<\/h2>\n<\/div><\/div>\n\n<div class=\"et_pb_text_15 et_pb_text et_pb_bg_layout_light et_pb_module et_block_module\"><div class=\"et_pb_text_inner\"><p>Auf einem H\u00fcgel gelegen und von seiner Burg aus dem 13. Jahrhundert \u00fcberragt, besticht Gruy\u00e8res durch seine gepflasterten Gassen, seine historischen Brunnen und seinem zeitlosen Charme.<\/p>\n<p>Die vollst\u00e4ndig autofreie Gemeinde hat der Region und dem ber\u00fchmten K\u00e4se, dem Gruy\u00e8re AOP, ihren Namen verliehen. Umgeben vom Regionalen Naturpark Gruy\u00e8re Pays-d\u2019Enhaut und dem Mol\u00e9son vereint Gruy\u00e8res kulturelles Erbe, Gastronomie und unber\u00fchrte Natur.<\/p>\n<p>Im Dezember 2021 wurde Gruy\u00e8res von der Weltorganisation f\u00fcr Tourismus (UNWTO) als ezues der \u201eBest Tourism Villages\u201c ausgezeichnet. Die Auszeichnung wurde 2021 weltweit nur an 44 D\u00f6rfer vergeben und w\u00fcrdigt ihr besonderes Engagement f\u00fcr einen nachhaltigen und authentischen Tourismus..<\/p>\n<\/div><\/div>\n\n<div class=\"et_pb_text_16 et_pb_text et_pb_bg_layout_light et_pb_module et_block_module\"><div class=\"et_pb_text_inner\"><h2>Ortsplan<\/h2>\n<\/div><\/div>\n\n<div class=\"et_pb_text_17 et_pb_text et_pb_bg_layout_light et_pb_module et_block_module text_icons\"><div class=\"et_pb_text_inner\"><p><img loading=\"lazy\" decoding=\"async\" src=\"https:\/\/lesaintgeorges.ch\/wp-content\/uploads\/2026\/06\/1.svg\" width=\"18\" height=\"18\" alt=\"\" class=\"wp-image-222 alignnone size-full\" \/>\u00a0 Ch\u00e2teau de Gruy\u00e8res<br \/><img loading=\"lazy\" decoding=\"async\" src=\"https:\/\/lesaintgeorges.ch\/wp-content\/uploads\/2026\/06\/2.svg\" width=\"18\" height=\"18\" alt=\"\" class=\"wp-image-222 alignnone size-full\" \/>\u00a0 Tibet-Museum<br \/><img loading=\"lazy\" decoding=\"async\" src=\"https:\/\/lesaintgeorges.ch\/wp-content\/uploads\/2026\/06\/3.svg\" width=\"18\" height=\"18\" alt=\"\" class=\"wp-image-222 alignnone size-full\" \/>\u00a0 HR-Giger-Museum<br \/><img loading=\"lazy\" decoding=\"async\" src=\"https:\/\/lesaintgeorges.ch\/wp-content\/uploads\/2026\/06\/4.svg\" width=\"18\" height=\"18\" alt=\"\" class=\"wp-image-222 alignnone size-full\" \/>\u00a0 Le Saint Georges Hotel &amp; Restaurant<br \/><img loading=\"lazy\" decoding=\"async\" src=\"https:\/\/lesaintgeorges.ch\/wp-content\/uploads\/2026\/06\/5.svg\" width=\"18\" height=\"18\" alt=\"\" class=\"wp-image-222 alignnone size-full\" \/>\u00a0 Chocolaterie de Gruy\u00e8res<br \/><img loading=\"lazy\" decoding=\"async\" src=\"https:\/\/lesaintgeorges.ch\/wp-content\/uploads\/2026\/06\/6.svg\" width=\"18\" height=\"18\" alt=\"\" class=\"wp-image-222 alignnone size-full\" \/>\u00a0 Tourismusb\u00fcro<br \/><img loading=\"lazy\" decoding=\"async\" src=\"https:\/\/lesaintgeorges.ch\/wp-content\/uploads\/2026\/06\/7.svg\" width=\"18\" height=\"18\" alt=\"\" class=\"wp-image-222 alignnone size-full\" \/>\u00a0 Bushaltestelle<br \/><img loading=\"lazy\" decoding=\"async\" src=\"https:\/\/lesaintgeorges.ch\/wp-content\/uploads\/2026\/06\/8.svg\" width=\"18\" height=\"18\" alt=\"\" class=\"wp-image-222 alignnone size-full\" \/>\u00a0 Parkplatz 1<br \/><img loading=\"lazy\" decoding=\"async\" src=\"https:\/\/lesaintgeorges.ch\/wp-content\/uploads\/2026\/06\/9.svg\" width=\"18\" height=\"18\" alt=\"\" class=\"wp-image-222 alignnone size-full\" \/>\u00a0 Parkplatz 2<br \/><img loading=\"lazy\" decoding=\"async\" src=\"https:\/\/lesaintgeorges.ch\/wp-content\/uploads\/2026\/06\/10.svg\" width=\"18\" height=\"18\" alt=\"\" class=\"wp-image-222 alignnone size-full\" \/>\u00a0 Parkplatz 3<\/p>\n<\/div><\/div>\n<\/div>\n\n<div class=\"et_pb_column_16 et_pb_column et-last-child et_flex_column et_pb_css_mix_blend_mode_passthrough et_flex_column_2_5 et_flex_column_24_24_tablet et_flex_column_24_24_phone\">\n<div class=\"et_pb_image_6 et_pb_image et_pb_module et_flex_module\"><span class=\"et_pb_image_wrap\"><img loading=\"lazy\" decoding=\"async\" src=\"https:\/\/lesaintgeorges.ch\/wp-content\/uploads\/2026\/06\/map-gruyeres.jpg\" alt=\"Plan de Gruy\u00e8res\" title=\"Plan de Gruy\u00e8res\" width=\"1479\" height=\"2292\" srcset=\"https:\/\/lesaintgeorges.ch\/wp-content\/uploads\/2026\/06\/map-gruyeres.jpg 1479w, https:\/\/lesaintgeorges.ch\/wp-content\/uploads\/2026\/06\/map-gruyeres-1280x1984.jpg 1280w, https:\/\/lesaintgeorges.ch\/wp-content\/uploads\/2026\/06\/map-gruyeres-980x1519.jpg 980w, https:\/\/lesaintgeorges.ch\/wp-content\/uploads\/2026\/06\/map-gruyeres-480x744.jpg 480w\" sizes=\"(min-width: 0px) and (max-width: 480px) 480px, (min-width: 481px) and (max-width: 980px) 980px, (min-width: 981px) and (max-width: 1280px) 1280px, (min-width: 1281px) 1479px, 100vw\" class=\"wp-image-207\" \/><\/span><\/div>\n<\/div>\n<\/div>\n<\/div>\n\n<div class=\"et_pb_section_10 et_pb_section et_section_regular et_block_section\">\n<div class=\"et_pb_row_10 et_pb_row et_flex_row et_animated\">\n<div class=\"et_pb_column_17 et_pb_column et_block_column et_pb_css_mix_blend_mode_passthrough et_flex_column_3_5 et_flex_column_24_24_tablet et_flex_column_24_24_phone\">\n<div class=\"et_pb_image_7 et_pb_image et_pb_module et_block_module\"><span class=\"et_pb_image_wrap\"><img loading=\"lazy\" decoding=\"async\" src=\"https:\/\/lesaintgeorges.ch\/wp-content\/uploads\/2026\/06\/fondue_moitie-moitie.jpg\" alt=\"Fondue moiti\u00e9-moiti\u00e9\" title=\"Fondue moiti\u00e9-moiti\u00e9\" width=\"1964\" height=\"1416\" srcset=\"https:\/\/lesaintgeorges.ch\/wp-content\/uploads\/2026\/06\/fondue_moitie-moitie.jpg 1964w, https:\/\/lesaintgeorges.ch\/wp-content\/uploads\/2026\/06\/fondue_moitie-moitie-1280x923.jpg 1280w, https:\/\/lesaintgeorges.ch\/wp-content\/uploads\/2026\/06\/fondue_moitie-moitie-980x707.jpg 980w, https:\/\/lesaintgeorges.ch\/wp-content\/uploads\/2026\/06\/fondue_moitie-moitie-480x346.jpg 480w\" sizes=\"(min-width: 0px) and (max-width: 480px) 480px, (min-width: 481px) and (max-width: 980px) 980px, (min-width: 981px) and (max-width: 1280px) 1280px, (min-width: 1281px) 1964px, 100vw\" class=\"wp-image-1301\" \/><\/span><\/div>\n\n<div class=\"et_pb_image_8 et_pb_image et_pb_module et_block_module\"><span class=\"et_pb_image_wrap\"><img loading=\"lazy\" decoding=\"async\" src=\"https:\/\/lesaintgeorges.ch\/wp-content\/uploads\/2026\/06\/WEB_Raemy_2024.jpg.jpg\" alt=\"Damien Raemy, ma\u00eetre fromager fribourgeois\" title=\"Damien Raemy, ma\u00eetre fromager fribourgeois\" width=\"510\" height=\"680\" srcset=\"https:\/\/lesaintgeorges.ch\/wp-content\/uploads\/2026\/06\/WEB_Raemy_2024.jpg.jpg 510w, https:\/\/lesaintgeorges.ch\/wp-content\/uploads\/2026\/06\/WEB_Raemy_2024.jpg-480x640.jpg 480w\" sizes=\"(min-width: 0px) and (max-width: 480px) 480px, (min-width: 481px) 510px, 100vw\" class=\"wp-image-229\" \/><\/span><\/div>\n<\/div>\n\n<div class=\"et_pb_column_18 et_pb_column et-last-child et_block_column et_pb_css_mix_blend_mode_passthrough et_flex_column_2_5 et_flex_column_24_24_tablet et_flex_column_24_24_phone\">\n<div class=\"et_pb_text_18 et_pb_text et_pb_bg_layout_light et_pb_module et_block_module\"><div class=\"et_pb_text_inner\"><h2>Unser preisgekr\u00f6ntes \u201eMoiti\u00e9-Moiti\u00e9\u201c-Fondue<\/h2>\n<\/div><\/div>\n\n<div class=\"et_pb_text_19 et_pb_text et_pb_bg_layout_light et_pb_module et_block_module\"><div class=\"et_pb_text_inner\"><p>Die Wertsch\u00e4tzung regionaler Produkte und ihrer Produzenten, die das handwerkliche K\u00f6nnen unserer Region verk\u00f6rpern, steht im Mittelpunkt unseres kulinarischen Konzepts. Ausdruck dieses Engagements ist auch unser \u00abMoiti\u00e9-Moiti\u00e9\u00bb-Fondue, das von Damien Raemy, Freiburger K\u00e4semeister und Gewinner der 4. Weltmeisterschaft im traditionellen \u201eMoiti\u00e9-Moiti\u00e9\u201c-Fondue, kreiert wurde.<\/p>\n<\/div><\/div>\n<\/div>\n<\/div>\n<\/div>\n\n<div class=\"et_pb_section_11 et_pb_section et_section_regular et_flex_section\">\n<div class=\"et_pb_row_11 et_pb_row et_flex_row et_animated\">\n<div class=\"et_pb_column_19 et_pb_column et-last-child et_block_column et_pb_css_mix_blend_mode_passthrough et_flex_column_24_24 et_flex_column_24_24_tablet et_flex_column_24_24_phone\">\n<div class=\"et_pb_image_9 et_pb_image et_pb_module et_block_module\"><span class=\"et_pb_image_wrap\"><img loading=\"lazy\" decoding=\"async\" src=\"https:\/\/lesaintgeorges.ch\/wp-content\/uploads\/2026\/06\/texte_lesaintgeorges-gruyeres_brun_centre.svg\" alt=\"Logo Le Saint Georges \u2013 Gruy\u00e8res\" title=\"Logo Le Saint Georges \u2013 Gruy\u00e8res\" width=\"0\" height=\"0\" class=\"wp-image-167\" \/><\/span><\/div>\n\n<div class=\"et_pb_text_20 et_pb_text et_pb_bg_layout_light et_pb_module et_block_module\"><div class=\"et_pb_text_inner\"><h2>Folgen Sie uns auf Instagram<\/h2>\n<\/div><\/div>\n\n<div class=\"et_pb_code_1 et_pb_code et_pb_module\"><div class=\"et_pb_code_inner\"><!-- Elfsight Instagram Feed | Le Saint Georges -->\n<script src=\"https:\/\/elfsightcdn.com\/platform.js\" async><\/script>\n<div class=\"elfsight-app-8f0b0b00-1971-4669-94a8-71f4f7fa4cca\" data-elfsight-app-lazy><\/div><\/div><\/div>\n<\/div>\n<\/div>\n<\/div>","protected":false},"excerpt":{"rendered":"","protected":false},"author":3,"featured_media":1419,"parent":0,"menu_order":0,"comment_status":"closed","ping_status":"closed","template":"","meta":{"footnotes":""},"class_list":["post-1092","page","type-page","status-publish","has-post-thumbnail","hentry"],"_links":{"self":[{"href":"https:\/\/lesaintgeorges.ch\/de\/wp-json\/wp\/v2\/pages\/1092","targetHints":{"allow":["GET"]}}],"collection":[{"href":"https:\/\/lesaintgeorges.ch\/de\/wp-json\/wp\/v2\/pages"}],"about":[{"href":"https:\/\/lesaintgeorges.ch\/de\/wp-json\/wp\/v2\/types\/page"}],"author":[{"embeddable":true,"href":"https:\/\/lesaintgeorges.ch\/de\/wp-json\/wp\/v2\/users\/3"}],"replies":[{"embeddable":true,"href":"https:\/\/lesaintgeorges.ch\/de\/wp-json\/wp\/v2\/comments?post=1092"}],"version-history":[{"count":24,"href":"https:\/\/lesaintgeorges.ch\/de\/wp-json\/wp\/v2\/pages\/1092\/revisions"}],"predecessor-version":[{"id":1958,"href":"https:\/\/lesaintgeorges.ch\/de\/wp-json\/wp\/v2\/pages\/1092\/revisions\/1958"}],"wp:featuredmedia":[{"embeddable":true,"href":"https:\/\/lesaintgeorges.ch\/de\/wp-json\/wp\/v2\/media\/1419"}],"wp:attachment":[{"href":"https:\/\/lesaintgeorges.ch\/de\/wp-json\/wp\/v2\/media?parent=1092"}],"curies":[{"name":"wp","href":"https:\/\/api.w.org\/{rel}","templated":true}]}}