{"id":1185,"date":"2026-06-10T12:13:32","date_gmt":"2026-06-10T10:13:32","guid":{"rendered":"https:\/\/lesaintgeorges.ch\/reunions\/"},"modified":"2026-08-26T08:39:21","modified_gmt":"2026-08-26T06:39:21","slug":"reunions","status":"publish","type":"page","link":"https:\/\/lesaintgeorges.ch\/de\/tagungen\/","title":{"rendered":"Tagungen"},"content":{"rendered":"<div class=\"et_pb_section_0 et_pb_section et_section_regular et_flex_section\"><span class=\"et-pb-background-video et-pb-background-video--empty\"><\/span><\/div>\n\n<div class=\"et_pb_section_1 et_pb_section et_section_regular et_flex_section\">\n<div class=\"et_pb_row_0 et_pb_row et_block_row et_animated\">\n<div class=\"et_pb_column_0 et_pb_column et_pb_column_4_4 et-last-child et_block_column et_pb_css_mix_blend_mode_passthrough\">\n<div class=\"et_pb_text_0 et_pb_text et_pb_bg_layout_light et_pb_module et_block_module\"><div class=\"et_pb_text_inner\"><h1>Tagungen &amp; Seminare<\/h1>\n<\/div><\/div>\n\n<div class=\"et_pb_text_1 et_pb_text et_pb_bg_layout_light et_pb_module et_block_module\"><div class=\"et_pb_text_inner\"><p>Im Herzen des mittelalterlichen St\u00e4dtchens Gruy\u00e8res bietet das Saint Georges den passenden Rahmen f\u00fcr Seminare, Tagungen und Teamevents. Unsere R\u00e4umlichkeiten bieten optimale Voraussetzungen f\u00fcr Konferenzen, Meetings und andere gesch\u00e4ftliche Veranstaltungen.<\/p>\n<\/div><\/div>\n\n<div class=\"et_pb_module et_pb_button_module_wrapper et_pb_button_0_wrapper preset--module--divi-button--default_wrapper\"><a class=\"et_pb_button_0 et_pb_button et_pb_bg_layout_light et_pb_module et_block_module preset--module--divi-button--default\" href=\"https:\/\/lesaintgeorges.ch\/wp-content\/uploads\/2026\/08\/Broschure-Tagungen-Seminare-\u2013-Le-Saint-Georges-2.pdf\" target=\"_blank\">Brosch\u00fcre<\/a><\/div>\n<\/div>\n<\/div>\n<\/div>\n\n<div class=\"et_pb_section_2 et_pb_section et_section_regular et_block_section\">\n<div class=\"et_pb_row_1 et_pb_row et_flex_row et_animated\">\n<div class=\"et_pb_column_1 et_pb_column et_block_column et_pb_css_mix_blend_mode_passthrough et_flex_column_2_5 et_flex_column_24_24_tablet et_flex_column_24_24_phone\">\n<div class=\"et_pb_text_2 et_pb_text et_pb_bg_layout_light et_pb_module et_block_module last-list\"><div class=\"et_pb_text_inner\"><p>Von kleinen Meetings bis hin zu Seminaren mit bis zu 240 Personen lassen sich unsere beiden Veranstaltungsr\u00e4ume flexibel an Ihre Bed\u00fcrfnisse anpassen. F\u00fcr Ihren Anlass bieten wir Tages- und Halbtagespauschalen inklusive Konferenztechnik und Verpflegung sowie \u00dcbernachtungsm\u00f6glichkeiten f\u00fcr mehrt\u00e4gige Veranstaltungen.<\/p>\n<\/div><\/div>\n<\/div>\n\n<div class=\"et_pb_column_2 et_pb_column et-last-child et_block_column et_pb_css_mix_blend_mode_passthrough et_flex_column_3_5 et_flex_column_24_24_tablet et_flex_column_24_24_phone\">\n<div class=\"et_pb_image_0 et_pb_image et_pb_module et_block_module\"><span class=\"et_pb_image_wrap\"><img loading=\"lazy\" decoding=\"async\" src=\"https:\/\/lesaintgeorges.ch\/wp-content\/uploads\/2026\/07\/cocktail-legion-dhonneur-23-scaled.jpg\" alt=\"cocktail legion dhonneur 23\" title=\"cocktail legion dhonneur 23\" width=\"2000\" height=\"3000\" srcset=\"https:\/\/lesaintgeorges.ch\/wp-content\/uploads\/2026\/07\/cocktail-legion-dhonneur-23-scaled.jpg 2000w, https:\/\/lesaintgeorges.ch\/wp-content\/uploads\/2026\/07\/cocktail-legion-dhonneur-23-1280x1920.jpg 1280w, https:\/\/lesaintgeorges.ch\/wp-content\/uploads\/2026\/07\/cocktail-legion-dhonneur-23-980x1470.jpg 980w, https:\/\/lesaintgeorges.ch\/wp-content\/uploads\/2026\/07\/cocktail-legion-dhonneur-23-480x720.jpg 480w\" sizes=\"(min-width: 0px) and (max-width: 480px) 480px, (min-width: 481px) and (max-width: 980px) 980px, (min-width: 981px) and (max-width: 1280px) 1280px, (min-width: 1281px) 2000px, 100vw\" class=\"wp-image-1487\" \/><\/span><\/div>\n\n<div class=\"et_pb_image_1 et_pb_image et_pb_module et_block_module\"><span class=\"et_pb_image_wrap\"><img loading=\"lazy\" decoding=\"async\" src=\"https:\/\/lesaintgeorges.ch\/wp-content\/uploads\/2026\/07\/Terrasse-LSG-8-scaled.jpg\" alt=\"terrasse lsg 8\" title=\"terrasse lsg 8\" width=\"3000\" height=\"2000\" srcset=\"https:\/\/lesaintgeorges.ch\/wp-content\/uploads\/2026\/07\/Terrasse-LSG-8-scaled.jpg 3000w, https:\/\/lesaintgeorges.ch\/wp-content\/uploads\/2026\/07\/Terrasse-LSG-8-1280x853.jpg 1280w, https:\/\/lesaintgeorges.ch\/wp-content\/uploads\/2026\/07\/Terrasse-LSG-8-980x653.jpg 980w, https:\/\/lesaintgeorges.ch\/wp-content\/uploads\/2026\/07\/Terrasse-LSG-8-480x320.jpg 480w\" sizes=\"(min-width: 0px) and (max-width: 480px) 480px, (min-width: 481px) and (max-width: 980px) 980px, (min-width: 981px) and (max-width: 1280px) 1280px, (min-width: 1281px) 3000px, 100vw\" class=\"wp-image-1511\" \/><\/span><\/div>\n<\/div>\n<\/div>\n<\/div>\n\n<div class=\"et_pb_section_3 et_pb_section et_section_regular et_block_section\">\n<div class=\"et_pb_row_2 et_pb_row et_flex_row et_animated row_room standard\">\n<div class=\"et_pb_column_3 et_pb_column et_flex_column et_pb_css_mix_blend_mode_passthrough et_flex_column_2_5 et_flex_column_24_24_tablet et_flex_column_24_24_phone\">\n<div class=\"et_pb_text_3 et_pb_text et_pb_bg_layout_light et_pb_module et_block_module\"><div class=\"et_pb_text_inner\"><h3>Der Saint-Georges Saal<\/h3>\n<\/div><\/div>\n\n<div class=\"et_pb_text_4 et_pb_text et_pb_bg_layout_light et_pb_module et_block_module last-list list-two-column\"><div class=\"et_pb_text_inner\"><p data-start=\"114\" data-end=\"295\" class=\"PDq2pG_selectionAnchorContainer\">Der Saint Georges Saal wurde speziell f\u00fcr Veranstaltungen konzipiert und verf\u00fcgt \u00fcber eine private Terrasse mit Blick auf das Schloss Greyerz und die Freiburger Voralpen.<span aria-hidden=\"true\" class=\"PDq2pG_selectionAnchor\"><\/span><\/p>\n<p data-start=\"297\" data-end=\"535\">Hell und grossz\u00fcgig gestaltet, bietet der Saal den passenden Rahmen f\u00fcr Seminare und Tagungen. Zur Ausstattung geh\u00f6ren ein Beamer, ein 85-Zoll-Samsung-Bildschirm, Flipcharts, Whiteboards, WLAN sowie Konferenztische mit Schreibbl\u00f6cken.<\/p>\n<p data-start=\"537\" data-end=\"650\" data-is-last-node=\"\" data-is-only-node=\"\">Die integrierte B\u00fchne bietet optimale Voraussetzungen f\u00fcr Pr\u00e4sentationen, Vortr\u00e4ge und Plenarveranstaltungen.<\/p>\n<ul>\n<li>220 m\u00b2<\/li>\n<li>4 Meter hoch<\/li>\n<li>120 G\u00e4ste an runden Tischen<\/li>\n<li>180 G\u00e4ste im Stehen<\/li>\n<li>160 rechteckige Tische<\/li>\n<li>240 G\u00e4ste in Theaterbestuhlung<\/li>\n<\/ul>\n<\/div><\/div>\n\n<a class=\"et_pb_link_0 et_pb_link et_pb_module et_flex_module\" href=\"https:\/\/lesaintgeorges.ch\/contact\/\"><span class=\"et_pb_link_inner\"><span class=\"et-pb-icon\">$<\/span><span class=\"et_pb_link_text\"><p>Kontaktieren Sie uns<\/p>\n<\/span><\/span><\/a>\n<\/div>\n\n<div class=\"et_pb_column_4 et_pb_column et-last-child et_flex_column et_pb_css_mix_blend_mode_passthrough et_flex_column_3_5 et_flex_column_24_24_tablet et_flex_column_24_24_phone\">\n<div class=\"dica_divi_carousel_0 dica_divi_carousel et_pb_module offres-sign\"><div class=\"dica-container  desktop_middle-inside tablet_middle-inside mobile_middle-inside\" data-props='{\"desktop\":\"1\",\"tablet\":\"1\",\"mobile\":\"1\",\"speed\":\"400\",\"arrow\":\"on\",\"dots\":\"off\",\"autoplay\":\"off\",\"autoSpeed\":\"1000\",\"loop\":\"on\",\"item_spacing\":\"24\",\"center_mode\":\"off\",\"slider_effec\":\"default\",\"cover_rotate\":\"50\",\"pause_onhover\":\"off\",\"multislide\":\"off\",\"cfshadow\":\"on\",\"order\":8574,\"lazyload\":\"off\",\"lazybefore\":\"off\",\"scroller_effect\":\"off\",\"autowidth\":\"off\",\"item_spacing_tablet\":\"16\",\"item_spacing_phone\":\"16\",\"scroller_speed\":\"4000\",\"hashNavigation\":\"off\",\"simulatetouch\":\"off\",\"allowtouchmove\":\"off\",\"slide_row\":\"1\",\"slide_row_tablet\":\"1\",\"slide_row_phone\":\"1\",\"keyboard\":\"off\",\"mousewheel\":\"off\",\"autoplay_viewport\":\"\"}'>\n\t\t\t\t\t\t\t \t<div class=\"swiper-container\" >\n\t\t\t\t\t\t\t\t\t<div class=\"swiper-wrapper\">\n<div class=\"dica_divi_carouselitem_0 dica_divi_carouselitem et_pb_module\"> <div class=\"dica-item image_top\" data-link=\"\"  data-hash=\"dica_divi_carouselitem_0\">\n\t\t\t\t\t\t\t\t\t\n\t\t\t\t\t\t\t\t\t\n\t\t\t\t\t\t\t<\/div><\/div>\n\n<div class=\"dica_divi_carouselitem_1 dica_divi_carouselitem et_pb_module\"> <div class=\"dica-item image_top\" data-link=\"\"  data-hash=\"dica_divi_carouselitem_1\">\n\t\t\t\t\t\t\t\t\t\n\t\t\t\t\t\t\t\t\t\n\t\t\t\t\t\t\t<\/div><\/div>\n<\/div>\n\t\t\t\t\t\t\t\t<\/div>\n\t\t\t\t\t\t\t\t<div class=\"swiper-buttton-container\"><div class=\"swiper-button-prev dica-prev-btn-8574\" data-icon=\"4\"><\/div><div class=\"swiper-button-next dica-next-btn-8574\" data-icon=\"5\"><\/div><\/div>\n\t\t\t\t\t\t\t\t\n\t\t\t\t\t\t\t<\/div><\/div>\n<\/div>\n<\/div>\n<\/div>\n\n<div class=\"et_pb_section_4 et_pb_section et_section_regular et_block_section\">\n<div class=\"et_pb_row_3 et_pb_row et_flex_row et_animated row_room standard\">\n<div class=\"et_pb_column_5 et_pb_column et_flex_column et_pb_css_mix_blend_mode_passthrough et_flex_column_3_5 et_flex_column_24_24_tablet et_flex_column_24_24_phone\">\n<div class=\"dica_divi_carousel_1 dica_divi_carousel et_pb_module offres-sign\"><div class=\"dica-container  desktop_middle-inside tablet_middle-inside mobile_middle-inside\" data-props='{\"desktop\":\"1\",\"tablet\":\"1\",\"mobile\":\"1\",\"speed\":\"400\",\"arrow\":\"on\",\"dots\":\"off\",\"autoplay\":\"off\",\"autoSpeed\":\"1000\",\"loop\":\"on\",\"item_spacing\":\"24\",\"center_mode\":\"off\",\"slider_effec\":\"default\",\"cover_rotate\":\"50\",\"pause_onhover\":\"off\",\"multislide\":\"off\",\"cfshadow\":\"on\",\"order\":8622,\"lazyload\":\"off\",\"lazybefore\":\"off\",\"scroller_effect\":\"off\",\"autowidth\":\"off\",\"item_spacing_tablet\":\"16\",\"item_spacing_phone\":\"16\",\"scroller_speed\":\"4000\",\"hashNavigation\":\"off\",\"simulatetouch\":\"off\",\"allowtouchmove\":\"off\",\"slide_row\":\"1\",\"slide_row_tablet\":\"1\",\"slide_row_phone\":\"1\",\"keyboard\":\"off\",\"mousewheel\":\"off\",\"autoplay_viewport\":\"\"}'>\n\t\t\t\t\t\t\t \t<div class=\"swiper-container\" >\n\t\t\t\t\t\t\t\t\t<div class=\"swiper-wrapper\">\n<div class=\"dica_divi_carouselitem_2 dica_divi_carouselitem et_pb_module\"> <div class=\"dica-item image_top\" data-link=\"\"  data-hash=\"dica_divi_carouselitem_2\">\n\t\t\t\t\t\t\t\t\t\n\t\t\t\t\t\t\t\t\t\n\t\t\t\t\t\t\t<\/div><\/div>\n\n<div class=\"dica_divi_carouselitem_3 dica_divi_carouselitem et_pb_module\"> <div class=\"dica-item image_top\" data-link=\"\"  data-hash=\"dica_divi_carouselitem_3\">\n\t\t\t\t\t\t\t\t\t\n\t\t\t\t\t\t\t\t\t\n\t\t\t\t\t\t\t<\/div><\/div>\n<\/div>\n\t\t\t\t\t\t\t\t<\/div>\n\t\t\t\t\t\t\t\t<div class=\"swiper-buttton-container\"><div class=\"swiper-button-prev dica-prev-btn-8622\" data-icon=\"4\"><\/div><div class=\"swiper-button-next dica-next-btn-8622\" data-icon=\"5\"><\/div><\/div>\n\t\t\t\t\t\t\t\t\n\t\t\t\t\t\t\t<\/div><\/div>\n<\/div>\n\n<div class=\"et_pb_column_6 et_pb_column et-last-child et_flex_column et_pb_css_mix_blend_mode_passthrough et_flex_column_2_5 et_flex_column_24_24_tablet et_flex_column_24_24_phone\">\n<div class=\"et_pb_text_5 et_pb_text et_pb_bg_layout_light et_pb_module et_block_module last-list list-two-column\"><div class=\"et_pb_text_inner\"><p>Perfekt f\u00fcr Feiern im kleinen Kreis<\/p>\n<\/div><\/div>\n\n<div class=\"et_pb_text_6 et_pb_text et_pb_bg_layout_light et_pb_module et_block_module\"><div class=\"et_pb_text_inner\"><h3>Der Poya Saal<\/h3>\n<\/div><\/div>\n\n<div class=\"et_pb_text_7 et_pb_text et_pb_bg_layout_light et_pb_module et_block_module last-list list-two-column\"><div class=\"et_pb_text_inner\"><p data-start=\"73\" data-end=\"305\" class=\"PDq2pG_selectionAnchorContainer\">Der gem\u00fctliche Poya Saal, der durch grosse Schiebet\u00fcren mit der Veranda verbunden und von einer eindrucksvollen Poya entlang der gesamten Wand gepr\u00e4gt ist, bietet den passenden Rahmen f\u00fcr Meetings und Workshops in kleiner Runde.<span aria-hidden=\"true\" class=\"PDq2pG_selectionAnchor\"><\/span><\/p>\n<p data-start=\"307\" data-end=\"586\" data-is-last-node=\"\" data-is-only-node=\"\">Ob Teammeeting, Workshop oder kreatives Brainstorming, die warme Atmosph\u00e4re des Poya Saals schafft gute Voraussetzungen f\u00fcr einen offenen und inspirierenden Austausch. F\u00fcr Besprechungen, die ein hohes Mass an Vertraulichkeit erfordern, empfehlen wir den Saal Saint Georges.<\/p>\n<ul>\n<li>60 m\u00b2<\/li>\n<li>25 Personen an langen Tischen<\/li>\n<li>40 Personen im Stehen<\/li>\n<\/ul>\n<\/div><\/div>\n\n<a class=\"et_pb_link_1 et_pb_link et_pb_module et_flex_module\" href=\"https:\/\/lesaintgeorges.ch\/contact\/\"><span class=\"et_pb_link_inner\"><span class=\"et-pb-icon\">$<\/span><span class=\"et_pb_link_text\"><p>Kontaktieren Sie uns<\/p>\n<\/span><\/span><\/a>\n<\/div>\n<\/div>\n<\/div>\n\n<div class=\"et_pb_section_5 et_pb_section et_section_regular et_block_section\">\n<div class=\"et_pb_row_4 et_pb_row et_flex_row et_animated\">\n<div class=\"et_pb_column_7 et_pb_column et_block_column et_pb_css_mix_blend_mode_passthrough et_flex_column_2_5 et_flex_column_24_24_tablet et_flex_column_24_24_phone\">\n<div class=\"et_pb_text_8 et_pb_text et_pb_bg_layout_light et_pb_module et_block_module\"><div class=\"et_pb_text_inner\"><h2>Unsere Pauschalangebote<\/h2>\n<\/div><\/div>\n\n<div class=\"et_pb_text_9 et_pb_text et_pb_bg_layout_light et_pb_module et_block_module last-list\"><div class=\"et_pb_text_inner\"><p data-start=\"61\" data-end=\"216\" class=\"PDq2pG_selectionAnchorContainer\">Ob f\u00fcr ein Meeting von wenigen Stunden oder ein mehrt\u00e4giges Seminar, unsere Pauschalen lassen sich flexibel an den Ablauf Ihrer Veranstaltung anpassen.<span aria-hidden=\"true\" class=\"PDq2pG_selectionAnchor\"><\/span><\/p>\n<p data-start=\"218\" data-end=\"497\">Die Pauschalen umfassen die Nutzung des Veranstaltungsraums und der privaten Terrasse (f\u00fcr den Saal Saint Georges) sowie die gesamte Konferenztechnik. Ebenfalls inbegriffen sind ein Begr\u00fcssungskaffee, Kaffeepausen und ein Drei-G\u00e4nge-Men\u00fc nach Wahl aus unseren Men\u00fcvorschl\u00e4gen.<\/p>\n<p data-start=\"499\" data-end=\"684\">F\u00fcr mehrt\u00e4gige Seminare k\u00f6nnen \u00dcbernachtungen im Einzelzimmer zu einem Vorzugspreis hinzugebucht werden. Im \u00dcbernachtungspreis sind das Fr\u00fchst\u00fccksbuffet und die Kurtaxe inbegriffen.<\/p>\n<p data-start=\"0\" data-end=\"141\" class=\"PDq2pG_selectionAnchorContainer\"><strong style=\"font-size: 18px;\">Verf\u00fcgbare Formate:<\/strong><\/p>\n<ul>\n<li>Ganzt\u00e4gig mit Verpflegung und Kaffeepausen. <span style=\"color: #472300;\">(mindestens 10 Personen)<\/span><\/li>\n<li>Halbt\u00e4gig mit Verpflegung und Kaffeepause. <span style=\"color: #472300;\">(mindestens 15 Personen)<\/span><\/li>\n<li>\u00dcbernachtungen im Einzelzimmer zum Vorzugspreis, zus\u00e4tzlich zur Pauschale, inklusive Fr\u00fchst\u00fccksbuffet und Kurtaxe. <span style=\"color: #472300;\">(mindestens 10 Personen)<\/span><\/li>\n<\/ul>\n<\/div><\/div>\n<\/div>\n\n<div class=\"et_pb_column_8 et_pb_column et-last-child et_block_column et_pb_css_mix_blend_mode_passthrough et_flex_column_3_5 et_flex_column_24_24_tablet et_flex_column_24_24_phone\">\n<div class=\"et_pb_image_2 et_pb_image et_pb_module et_block_module\"><span class=\"et_pb_image_wrap\"><img loading=\"lazy\" decoding=\"async\" src=\"https:\/\/lesaintgeorges.ch\/wp-content\/uploads\/2026\/08\/pizza-1-scaled.jpg\" alt=\"pizza\" title=\"pizza\" width=\"2000\" height=\"3000\" srcset=\"https:\/\/lesaintgeorges.ch\/wp-content\/uploads\/2026\/08\/pizza-1-scaled.jpg 2000w, https:\/\/lesaintgeorges.ch\/wp-content\/uploads\/2026\/08\/pizza-1-1280x1920.jpg 1280w, https:\/\/lesaintgeorges.ch\/wp-content\/uploads\/2026\/08\/pizza-1-980x1470.jpg 980w, https:\/\/lesaintgeorges.ch\/wp-content\/uploads\/2026\/08\/pizza-1-480x720.jpg 480w\" sizes=\"(min-width: 0px) and (max-width: 480px) 480px, (min-width: 481px) and (max-width: 980px) 980px, (min-width: 981px) and (max-width: 1280px) 1280px, (min-width: 1281px) 2000px, 100vw\" class=\"wp-image-1838\" \/><\/span><\/div>\n\n<div class=\"et_pb_image_3 et_pb_image et_pb_module et_block_module\"><span class=\"et_pb_image_wrap\"><img loading=\"lazy\" decoding=\"async\" src=\"https:\/\/lesaintgeorges.ch\/wp-content\/uploads\/2026\/08\/Petit-dejeuner-39-scaled.jpg\" alt=\"petit d\u00e9jeuner 39\" title=\"petit d\u00e9jeuner 39\" width=\"3000\" height=\"2000\" srcset=\"https:\/\/lesaintgeorges.ch\/wp-content\/uploads\/2026\/08\/Petit-dejeuner-39-scaled.jpg 3000w, https:\/\/lesaintgeorges.ch\/wp-content\/uploads\/2026\/08\/Petit-dejeuner-39-1280x853.jpg 1280w, https:\/\/lesaintgeorges.ch\/wp-content\/uploads\/2026\/08\/Petit-dejeuner-39-980x653.jpg 980w, https:\/\/lesaintgeorges.ch\/wp-content\/uploads\/2026\/08\/Petit-dejeuner-39-480x320.jpg 480w\" sizes=\"(min-width: 0px) and (max-width: 480px) 480px, (min-width: 481px) and (max-width: 980px) 980px, (min-width: 981px) and (max-width: 1280px) 1280px, (min-width: 1281px) 3000px, 100vw\" class=\"wp-image-1768\" \/><\/span><\/div>\n<\/div>\n<\/div>\n<\/div>\n\n<div class=\"et_pb_section_6 et_pb_section et_section_regular et_flex_section section_cta\">\n<div class=\"et_pb_row_5 et_pb_row et_block_row et_animated\">\n<div class=\"et_pb_column_9 et_pb_column et_pb_column_4_4 et-last-child et_block_column et_pb_css_mix_blend_mode_passthrough\">\n<div class=\"et_pb_text_10 et_pb_text et_pb_bg_layout_light et_pb_module et_block_module\"><div class=\"et_pb_text_inner\"><h2>Lassen Sie uns Ihr Seminar gemeinsam planen<\/h2>\n<\/div><\/div>\n\n<div class=\"et_pb_text_11 et_pb_text et_pb_bg_layout_light et_pb_module et_block_module\"><div class=\"et_pb_text_inner\"><p>Ob Sie ein Angebot anfordern, eine Besichtigung vor Ort vereinbaren oder einfach nur ein paar Fragen haben \u2013 wir stehen Ihnen gerne zur Verf\u00fcgung.<\/p>\n<\/div><\/div>\n\n<div class=\"et_pb_group_0 et_pb_group et-last-child et_pb_module et_flex_group et_pb_css_mix_blend_mode_passthrough\">\n<a class=\"et_pb_link_2 et_pb_link et_pb_module et_flex_module\" href=\"https:\/\/lesaintgeorges.ch\/contact\/\"><span class=\"et_pb_link_inner\"><span class=\"et-pb-icon\">$<\/span><span class=\"et_pb_link_text\"><p>Kontaktieren Sie uns<\/p>\n<\/span><\/span><\/a>\n\n<div class=\"et_pb_text_12 et_pb_text et_pb_bg_layout_light et_pb_module et_block_module text_height_large\"><div class=\"et_pb_text_inner\"><p><img loading=\"lazy\" decoding=\"async\" src=\"https:\/\/lesaintgeorges.ch\/wp-content\/uploads\/2026\/06\/telephone_brun.svg\" width=\"16\" height=\"16\" alt=\"\" class=\"wp-image-317 alignnone size-full\" \/> <a href=\"tel:+41269218300\">+41 (0) 26 921 83 00<\/a>\u200b<br \/><img loading=\"lazy\" decoding=\"async\" src=\"https:\/\/lesaintgeorges.ch\/wp-content\/uploads\/2026\/06\/mail_brun.svg\" width=\"16\" height=\"16\" alt=\"\" class=\"wp-image-316 alignnone size-full\" \/>\u00a0 <a href=\"mailto:info@lesaintgeorges.ch\">info@lesaintgeorges.ch<\/a><\/p>\n<\/div><\/div>\n\n<div class=\"et_pb_text_13 et_pb_text et_pb_bg_layout_light et_pb_module et_block_module\"><div class=\"et_pb_text_inner\"><p><img loading=\"lazy\" decoding=\"async\" src=\"https:\/\/lesaintgeorges.ch\/wp-content\/uploads\/2026\/06\/telephone_brun.svg\" width=\"16\" height=\"16\" alt=\"\" class=\"wp-image-317 alignnone size-full\" \/> <a href=\"tel:+41269218300\">+41 (0) 26 921 83 00<\/a>\u200b\u00a0 \u00a0 <img loading=\"lazy\" decoding=\"async\" src=\"https:\/\/lesaintgeorges.ch\/wp-content\/uploads\/2026\/06\/mail_brun.svg\" width=\"16\" height=\"16\" alt=\"\" class=\"wp-image-316 alignnone size-full\" \/>\u00a0 <a href=\"mailto:info@lesaintgeorges.ch\">info@lesaintgeorges.ch<\/a><\/p>\n<\/div><\/div>\n<\/div>\n<\/div>\n<\/div>\n<\/div>","protected":false},"excerpt":{"rendered":"","protected":false},"author":3,"featured_media":0,"parent":0,"menu_order":0,"comment_status":"closed","ping_status":"closed","template":"","meta":{"footnotes":""},"class_list":["post-1185","page","type-page","status-publish","hentry"],"_links":{"self":[{"href":"https:\/\/lesaintgeorges.ch\/de\/wp-json\/wp\/v2\/pages\/1185","targetHints":{"allow":["GET"]}}],"collection":[{"href":"https:\/\/lesaintgeorges.ch\/de\/wp-json\/wp\/v2\/pages"}],"about":[{"href":"https:\/\/lesaintgeorges.ch\/de\/wp-json\/wp\/v2\/types\/page"}],"author":[{"embeddable":true,"href":"https:\/\/lesaintgeorges.ch\/de\/wp-json\/wp\/v2\/users\/3"}],"replies":[{"embeddable":true,"href":"https:\/\/lesaintgeorges.ch\/de\/wp-json\/wp\/v2\/comments?post=1185"}],"version-history":[{"count":16,"href":"https:\/\/lesaintgeorges.ch\/de\/wp-json\/wp\/v2\/pages\/1185\/revisions"}],"predecessor-version":[{"id":2010,"href":"https:\/\/lesaintgeorges.ch\/de\/wp-json\/wp\/v2\/pages\/1185\/revisions\/2010"}],"wp:attachment":[{"href":"https:\/\/lesaintgeorges.ch\/de\/wp-json\/wp\/v2\/media?parent=1185"}],"curies":[{"name":"wp","href":"https:\/\/api.w.org\/{rel}","templated":true}]}}