{"id":1197,"date":"2026-07-07T17:38:01","date_gmt":"2026-07-07T15:38:01","guid":{"rendered":"https:\/\/lesaintgeorges.ch\/blog-2\/"},"modified":"2026-07-20T20:35:01","modified_gmt":"2026-07-20T18:35:01","slug":"blog-2","status":"publish","type":"page","link":"https:\/\/lesaintgeorges.ch\/de\/blog\/","title":{"rendered":"Blog"},"content":{"rendered":"<div class=\"et_pb_section_0 et_pb_section et_section_regular et_flex_section\"><span class=\"et-pb-background-video et-pb-background-video--empty\"><\/span><\/div>\n\n<div class=\"et_pb_section_1 et_pb_section et_section_regular et_block_section\">\n<div class=\"et_pb_row_0 et_pb_row et_block_row et_animated\">\n<div class=\"et_pb_column_0 et_pb_column et_pb_column_4_4 et-last-child et_block_column et_pb_css_mix_blend_mode_passthrough\">\n<div class=\"et_pb_text_0 et_pb_text et_pb_bg_layout_light et_pb_module et_block_module\"><div class=\"et_pb_text_inner\"><h1>Die Zeitung \u201eSaint Georges\u201c<\/h1>\n<\/div><\/div>\n\n<div class=\"et_pb_text_1 et_pb_text et_pb_bg_layout_light et_pb_module et_block_module\"><div class=\"et_pb_text_inner\"><p>In unserem Blog finden Sie eine \u00dcbersicht \u00fcber die Aktivit\u00e4ten und Veranstaltungen, die in unserem Haus und in der Region Gruy\u00e8res stattfinden.<\/p>\n<\/div><\/div>\n<\/div>\n<\/div>\n<\/div>\n\n<div class=\"et_pb_section_2 et_pb_section et_section_regular et_flex_section\"><div class=\"et_pb_row_1 et_pb_row et_flex_row et_animated row_room\" data-loop-item=\"0\" data-loop-source=\"loop-5a2nxyb2yq\">\n<div class=\"et_pb_column_1 et_pb_column et_flex_column et_pb_css_mix_blend_mode_passthrough et_flex_column_12_24 et_flex_column_24_24_tablet et_flex_column_24_24_phone\">\n<div class=\"et_pb_image_0 et_pb_image et_pb_module et_block_module\"><span class=\"et_pb_image_wrap\"><img loading=\"lazy\" decoding=\"async\" src=\"https:\/\/lesaintgeorges.ch\/wp-content\/uploads\/2026\/06\/Suite_1-LSG-1024x683.jpg\" alt=\"Chambres &amp; Suites \u2013 Le Saint Georges\" title=\"Chambres &amp; Suites \u2013 Le Saint Georges\" width=\"1024\" height=\"683\" srcset=\"https:\/\/lesaintgeorges.ch\/wp-content\/uploads\/2026\/06\/Suite_1-LSG-980x653.jpg 980w, https:\/\/lesaintgeorges.ch\/wp-content\/uploads\/2026\/06\/Suite_1-LSG-480x320.jpg 480w\" sizes=\"(min-width: 0px) and (max-width: 480px) 480px, (min-width: 481px) and (max-width: 980px) 980px, (min-width: 981px) 1024px, 100vw\" class=\"wp-image-245\" \/><\/span><\/div>\n<\/div>\n\n<div class=\"et_pb_column_2 et_pb_column et-last-child et_flex_column et_pb_css_mix_blend_mode_passthrough et_flex_column_12_24 et_flex_column_24_24_tablet et_flex_column_24_24_phone\">\n<div class=\"et_pb_heading_0 et_pb_heading et_pb_module et_block_module\"><div class=\"et_pb_heading_container\"><h2 class=\"et_pb_module_header\">Charmantes Hotel im Zentrum von Gruy\u00e8res mit Blick auf die Freiburger Voralpen<\/h2><\/div><\/div>\n\n<div class=\"et_pb_text_2 et_pb_text et_pb_bg_layout_light et_pb_module et_block_module\"><div class=\"et_pb_text_inner\"><p>von&nbsp;Sophia Attia&nbsp;<\/p>\n<\/div><\/div>\n\n<div class=\"et_pb_text_3 et_pb_text et_pb_bg_layout_light et_pb_module et_block_module\"><div class=\"et_pb_text_inner\"><p>| 15 Februar 2026<\/p>\n<\/div><\/div>\n\n<div class=\"et_pb_text_4 et_pb_text et_pb_bg_layout_light et_pb_module et_block_module\"><div class=\"et_pb_text_inner\"><p>Das Hotel-Restaurant Le Saint Georges liegt im Herzen des mittelalterlichen Dorfes Gruy\u00e8res im Kanton Freiburg in der Westschweiz und bietet charmante Zimmer mit Blick auf die Freiburger Voralpen [\u2026]<\/p>\n<\/div><\/div>\n\n<div class=\"et_pb_module et_pb_button_module_wrapper et_pb_button_0_wrapper preset--module--divi-button--d00h02ubkl_wrapper\"><a class=\"et_pb_button_0 et_pb_button et_pb_bg_layout_light et_pb_module et_block_module preset--module--divi-button--d00h02ubkl\" href=\"https:\/\/lesaintgeorges.ch\/de\/blog\/charmantes-hotel-im-zentrum-von-gruyeres-mit-blick-auf-die-freiburger-voralpen\/\">Artikel lesen<\/a><\/div>\n<\/div>\n<\/div><div class=\"et_pb_row_2 et_pb_row et_flex_row et_animated row_room\" data-loop-item=\"1\" data-loop-source=\"loop-5a2nxyb2yq\">\n<div class=\"et_pb_column_3 et_pb_column et_flex_column et_pb_css_mix_blend_mode_passthrough et_flex_column_12_24 et_flex_column_24_24_tablet et_flex_column_24_24_phone\">\n<div class=\"et_pb_image_1 et_pb_image et_pb_module et_block_module\"><span class=\"et_pb_image_wrap\"><img loading=\"lazy\" decoding=\"async\" src=\"https:\/\/lesaintgeorges.ch\/wp-content\/uploads\/2026\/06\/fondue_moitie-moitie-1024x738.jpg\" alt=\"Fondue moiti\u00e9-moiti\u00e9\" title=\"Fondue moiti\u00e9-moiti\u00e9\" width=\"1024\" height=\"738\" srcset=\"https:\/\/lesaintgeorges.ch\/wp-content\/uploads\/2026\/06\/fondue_moitie-moitie-980x707.jpg 980w, https:\/\/lesaintgeorges.ch\/wp-content\/uploads\/2026\/06\/fondue_moitie-moitie-480x346.jpg 480w\" sizes=\"(min-width: 0px) and (max-width: 480px) 480px, (min-width: 481px) and (max-width: 980px) 980px, (min-width: 981px) 1024px, 100vw\" class=\"wp-image-230\" \/><\/span><\/div>\n<\/div>\n\n<div class=\"et_pb_column_4 et_pb_column et-last-child et_flex_column et_pb_css_mix_blend_mode_passthrough et_flex_column_12_24 et_flex_column_24_24_tablet et_flex_column_24_24_phone\">\n<div class=\"et_pb_heading_1 et_pb_heading et_pb_module et_block_module\"><div class=\"et_pb_heading_container\"><h2 class=\"et_pb_module_header\">Das Weltmeister-Fondue: ein einzigartiges Erlebnis in Gruy\u00e8res<\/h2><\/div><\/div>\n\n<div class=\"et_pb_text_5 et_pb_text et_pb_bg_layout_light et_pb_module et_block_module\"><div class=\"et_pb_text_inner\"><p>von&nbsp;Sophia Attia&nbsp;<\/p>\n<\/div><\/div>\n\n<div class=\"et_pb_text_6 et_pb_text et_pb_bg_layout_light et_pb_module et_block_module\"><div class=\"et_pb_text_inner\"><p>| 5 Februar 2026<\/p>\n<\/div><\/div>\n\n<div class=\"et_pb_text_7 et_pb_text et_pb_bg_layout_light et_pb_module et_block_module\"><div class=\"et_pb_text_inner\"><p>Wenn Sie auf der Suche nach dem besten Fondue in Gruy\u00e8res sind, entdecken Sie das Rezept von Damien Raemy, Weltmeister und Partner des Saint Georges. Im Herzen der Freiburger Voralpen [&hellip;]<\/p>\n<\/div><\/div>\n\n<div class=\"et_pb_module et_pb_button_module_wrapper et_pb_button_1_wrapper preset--module--divi-button--d00h02ubkl_wrapper\"><a class=\"et_pb_button_1 et_pb_button et_pb_bg_layout_light et_pb_module et_block_module preset--module--divi-button--d00h02ubkl\" href=\"https:\/\/lesaintgeorges.ch\/de\/blog\/das-weltmeister-fondue-ein-einzigartiges-erlebnis-in-gruyeres\/\">Artikel lesen<\/a><\/div>\n<\/div>\n<\/div><div class=\"et_pb_row_3 et_pb_row et_flex_row et_animated row_room\" data-loop-item=\"2\" data-loop-source=\"loop-5a2nxyb2yq\">\n<div class=\"et_pb_column_5 et_pb_column et_flex_column et_pb_css_mix_blend_mode_passthrough et_flex_column_12_24 et_flex_column_24_24_tablet et_flex_column_24_24_phone\">\n<div class=\"et_pb_image_2 et_pb_image et_pb_module et_block_module\"><span class=\"et_pb_image_wrap\"><img loading=\"lazy\" decoding=\"async\" src=\"https:\/\/lesaintgeorges.ch\/wp-content\/uploads\/2026\/06\/Facade_3-LSG-1024x683.jpg\" alt=\"Fa\u00e7ades \u2013 Le Saint Georges\" title=\"Fa\u00e7ades \u2013 Le Saint Georges\" width=\"1024\" height=\"683\" srcset=\"https:\/\/lesaintgeorges.ch\/wp-content\/uploads\/2026\/06\/Facade_3-LSG-980x653.jpg 980w, https:\/\/lesaintgeorges.ch\/wp-content\/uploads\/2026\/06\/Facade_3-LSG-480x320.jpg 480w\" sizes=\"(min-width: 0px) and (max-width: 480px) 480px, (min-width: 481px) and (max-width: 980px) 980px, (min-width: 981px) 1024px, 100vw\" class=\"wp-image-594\" \/><\/span><\/div>\n<\/div>\n\n<div class=\"et_pb_column_6 et_pb_column et-last-child et_flex_column et_pb_css_mix_blend_mode_passthrough et_flex_column_12_24 et_flex_column_24_24_tablet et_flex_column_24_24_phone\">\n<div class=\"et_pb_heading_2 et_pb_heading et_pb_module et_block_module\"><div class=\"et_pb_heading_container\"><h2 class=\"et_pb_module_header\">Le Saint Georges: Der Ort, an dem Gruy\u00e8res seinen wahren Charakter offenbart<\/h2><\/div><\/div>\n\n<div class=\"et_pb_text_8 et_pb_text et_pb_bg_layout_light et_pb_module et_block_module\"><div class=\"et_pb_text_inner\"><p>von&nbsp;Sophia Attia&nbsp;<\/p>\n<\/div><\/div>\n\n<div class=\"et_pb_text_9 et_pb_text et_pb_bg_layout_light et_pb_module et_block_module\"><div class=\"et_pb_text_inner\"><p>| 15 Oktober 2025<\/p>\n<\/div><\/div>\n\n<div class=\"et_pb_text_10 et_pb_text et_pb_bg_layout_light et_pb_module et_block_module\"><div class=\"et_pb_text_inner\"><p>Es ist an der Zeit, einen Blick auf das Wesen des Hotels Le Saint Georges zu werfen, dieses Juwel im Herzen der mittelalterlichen Stadt Gruy\u00e8res. Das Haus hat es sich [&hellip;]<\/p>\n<\/div><\/div>\n\n<div class=\"et_pb_module et_pb_button_module_wrapper et_pb_button_2_wrapper preset--module--divi-button--d00h02ubkl_wrapper\"><a class=\"et_pb_button_2 et_pb_button et_pb_bg_layout_light et_pb_module et_block_module preset--module--divi-button--d00h02ubkl\" href=\"https:\/\/lesaintgeorges.ch\/de\/blog\/le-saint-georges-der-ort-an-dem-gruyeres-seinen-wahren-charakter-offenbart\/\">Artikel lesen<\/a><\/div>\n<\/div>\n<\/div><\/div>","protected":false},"excerpt":{"rendered":"","protected":false},"author":3,"featured_media":0,"parent":0,"menu_order":0,"comment_status":"closed","ping_status":"closed","template":"","meta":{"footnotes":""},"class_list":["post-1197","page","type-page","status-publish","hentry"],"_links":{"self":[{"href":"https:\/\/lesaintgeorges.ch\/de\/wp-json\/wp\/v2\/pages\/1197","targetHints":{"allow":["GET"]}}],"collection":[{"href":"https:\/\/lesaintgeorges.ch\/de\/wp-json\/wp\/v2\/pages"}],"about":[{"href":"https:\/\/lesaintgeorges.ch\/de\/wp-json\/wp\/v2\/types\/page"}],"author":[{"embeddable":true,"href":"https:\/\/lesaintgeorges.ch\/de\/wp-json\/wp\/v2\/users\/3"}],"replies":[{"embeddable":true,"href":"https:\/\/lesaintgeorges.ch\/de\/wp-json\/wp\/v2\/comments?post=1197"}],"version-history":[{"count":3,"href":"https:\/\/lesaintgeorges.ch\/de\/wp-json\/wp\/v2\/pages\/1197\/revisions"}],"predecessor-version":[{"id":1291,"href":"https:\/\/lesaintgeorges.ch\/de\/wp-json\/wp\/v2\/pages\/1197\/revisions\/1291"}],"wp:attachment":[{"href":"https:\/\/lesaintgeorges.ch\/de\/wp-json\/wp\/v2\/media?parent=1197"}],"curies":[{"name":"wp","href":"https:\/\/api.w.org\/{rel}","templated":true}]}}