{"id":1206,"date":"2026-06-10T12:13:55","date_gmt":"2026-06-10T10:13:55","guid":{"rendered":"https:\/\/lesaintgeorges.ch\/galerie\/"},"modified":"2026-08-03T17:05:26","modified_gmt":"2026-08-03T15:05:26","slug":"galerie","status":"publish","type":"page","link":"https:\/\/lesaintgeorges.ch\/de\/galerie\/","title":{"rendered":"Galerie"},"content":{"rendered":"<div class=\"et_pb_section_0 et_pb_section et_section_regular et_flex_section\">\n<div class=\"et_pb_row_0 et_pb_row et_flex_row et_animated\">\n<div class=\"et_pb_column_0 et_pb_column et-last-child et_block_column et_pb_css_mix_blend_mode_passthrough et_flex_column_24_24 et_flex_column_24_24_tablet et_flex_column_24_24_phone\">\n<div class=\"et_pb_text_0 et_pb_text et_pb_bg_layout_light et_pb_module et_block_module\"><div class=\"et_pb_text_inner\"><h1>Galerie<\/h1>\n<\/div><\/div>\n\n<div class=\"el_masonry_gallery_0 el_masonry_gallery et_pb_module\"><div class=\"el_masonry_gallery_wrapper\" data-click_trigger=\"on\" data-enable_navigation=\"on\" data-lightbox_effect=\"fade\" data-lightbox_transition_duration=\"300\" data-lightbox_navigate_current=\"off\" data-isotope_transition_duration=\"400\"><div class=\"el_masonry_gallery_module__inner\"><div class=\"el_masonry_gallery_item_gutter\"><\/div><div data-mfp-src=\"https:\/\/lesaintgeorges.ch\/wp-content\/uploads\/2026\/07\/Festival-creme-double-7-scaled.jpg\" class=\"el_masonry_gallery_item\">\n\t\t\t\t\t\t<div class=\"el_masonry_gallery_image_wrapper\"><img loading=\"lazy\" decoding=\"async\" width=\"683\" height=\"1024\" src=\"https:\/\/lesaintgeorges.ch\/wp-content\/uploads\/2026\/07\/Festival-creme-double-7-683x1024.jpg\" class=\"el_masonry_gallery_module__image attachment-large size-large no-lazyload skip-lazy\" alt=\"Village de Gruy\u00e8res avec le Saint Georges\" \/> <span data-icon=\"0\" class=\"et_overlay et_pb_inline_icon\"><\/span><\/div>\n\t\t\t\t\t\t\n\t\t\t\t\t<\/div><div data-mfp-src=\"https:\/\/lesaintgeorges.ch\/wp-content\/uploads\/2026\/07\/Plats-mariage-9-scaled.jpg\" class=\"el_masonry_gallery_item\">\n\t\t\t\t\t\t<div class=\"el_masonry_gallery_image_wrapper\"><img loading=\"lazy\" decoding=\"async\" width=\"1024\" height=\"683\" src=\"https:\/\/lesaintgeorges.ch\/wp-content\/uploads\/2026\/07\/Plats-mariage-9-1024x683.jpg\" class=\"el_masonry_gallery_module__image attachment-large size-large no-lazyload skip-lazy\" alt=\"Plat pour un repas de mariage au Saint Georges \u00e0 Gruy\u00e8res\" srcset=\"https:\/\/lesaintgeorges.ch\/wp-content\/uploads\/2026\/07\/Plats-mariage-9-980x653.jpg 980w, https:\/\/lesaintgeorges.ch\/wp-content\/uploads\/2026\/07\/Plats-mariage-9-480x320.jpg 480w\" sizes=\"(min-width: 0px) and (max-width: 480px) 480px, (min-width: 481px) and (max-width: 980px) 980px, (min-width: 981px) 1024px, 100vw\" \/> <span data-icon=\"0\" class=\"et_overlay et_pb_inline_icon\"><\/span><\/div>\n\t\t\t\t\t\t\n\t\t\t\t\t<\/div><div data-mfp-src=\"https:\/\/lesaintgeorges.ch\/wp-content\/uploads\/2026\/07\/chambres-6.jpg\" class=\"el_masonry_gallery_item\">\n\t\t\t\t\t\t<div class=\"el_masonry_gallery_image_wrapper\"><img loading=\"lazy\" decoding=\"async\" width=\"683\" height=\"1024\" src=\"https:\/\/lesaintgeorges.ch\/wp-content\/uploads\/2026\/07\/chambres-6-683x1024.jpg\" class=\"el_masonry_gallery_module__image attachment-large size-large no-lazyload skip-lazy\" alt=\"Vue montagnes depuis la chambre junior suite \u00e0 l&#039;h\u00f4tel Le Saint Georges \u00e0 Gruy\u00e8res\" \/> <span data-icon=\"0\" class=\"et_overlay et_pb_inline_icon\"><\/span><\/div>\n\t\t\t\t\t\t\n\t\t\t\t\t<\/div><div data-mfp-src=\"https:\/\/lesaintgeorges.ch\/wp-content\/uploads\/2026\/06\/Terrasse_3-LSG.jpg\" class=\"el_masonry_gallery_item\">\n\t\t\t\t\t\t<div class=\"el_masonry_gallery_image_wrapper\"><img loading=\"lazy\" decoding=\"async\" width=\"1024\" height=\"683\" src=\"https:\/\/lesaintgeorges.ch\/wp-content\/uploads\/2026\/06\/Terrasse_3-LSG-1024x683.jpg\" class=\"el_masonry_gallery_module__image attachment-large size-large no-lazyload skip-lazy\" alt=\"Terrasse \u2013 Le Saint Georges\" srcset=\"https:\/\/lesaintgeorges.ch\/wp-content\/uploads\/2026\/06\/Terrasse_3-LSG-980x653.jpg 980w, https:\/\/lesaintgeorges.ch\/wp-content\/uploads\/2026\/06\/Terrasse_3-LSG-480x320.jpg 480w\" sizes=\"(min-width: 0px) and (max-width: 480px) 480px, (min-width: 481px) and (max-width: 980px) 980px, (min-width: 981px) 1024px, 100vw\" \/> <span data-icon=\"0\" class=\"et_overlay et_pb_inline_icon\"><\/span><\/div>\n\t\t\t\t\t\t\n\t\t\t\t\t<\/div><div data-mfp-src=\"https:\/\/lesaintgeorges.ch\/wp-content\/uploads\/2026\/08\/Petit-dejeuner-17-scaled.jpg\" class=\"el_masonry_gallery_item\">\n\t\t\t\t\t\t<div class=\"el_masonry_gallery_image_wrapper\"><img loading=\"lazy\" decoding=\"async\" width=\"1024\" height=\"683\" src=\"https:\/\/lesaintgeorges.ch\/wp-content\/uploads\/2026\/08\/Petit-dejeuner-17-1024x683.jpg\" class=\"el_masonry_gallery_module__image attachment-large size-large no-lazyload skip-lazy\" alt=\"Buffet du petit-d\u00e9jeuner au Saint Georges \u00e0 Gruy\u00e8res\" srcset=\"https:\/\/lesaintgeorges.ch\/wp-content\/uploads\/2026\/08\/Petit-dejeuner-17-980x653.jpg 980w, https:\/\/lesaintgeorges.ch\/wp-content\/uploads\/2026\/08\/Petit-dejeuner-17-480x320.jpg 480w\" sizes=\"(min-width: 0px) and (max-width: 480px) 480px, (min-width: 481px) and (max-width: 980px) 980px, (min-width: 981px) 1024px, 100vw\" \/> <span data-icon=\"0\" class=\"et_overlay et_pb_inline_icon\"><\/span><\/div>\n\t\t\t\t\t\t\n\t\t\t\t\t<\/div><div data-mfp-src=\"https:\/\/lesaintgeorges.ch\/wp-content\/uploads\/2026\/08\/pizza-1-scaled.jpg\" class=\"el_masonry_gallery_item\">\n\t\t\t\t\t\t<div class=\"el_masonry_gallery_image_wrapper\"><img loading=\"lazy\" decoding=\"async\" width=\"683\" height=\"1024\" src=\"https:\/\/lesaintgeorges.ch\/wp-content\/uploads\/2026\/08\/pizza-1-683x1024.jpg\" class=\"el_masonry_gallery_module__image attachment-large size-large no-lazyload skip-lazy\" alt=\"Une pizza dans le restaurant Le Saint Georges \u00e0 Gruy\u00e8res\" \/> <span data-icon=\"0\" class=\"et_overlay et_pb_inline_icon\"><\/span><\/div>\n\t\t\t\t\t\t\n\t\t\t\t\t<\/div><div data-mfp-src=\"https:\/\/lesaintgeorges.ch\/wp-content\/uploads\/2026\/06\/Pizzeria_3-LSG.jpg\" class=\"el_masonry_gallery_item\">\n\t\t\t\t\t\t<div class=\"el_masonry_gallery_image_wrapper\"><img loading=\"lazy\" decoding=\"async\" width=\"1024\" height=\"1024\" src=\"https:\/\/lesaintgeorges.ch\/wp-content\/uploads\/2026\/06\/Pizzeria_3-LSG-1024x1024.jpg\" class=\"el_masonry_gallery_module__image attachment-large size-large no-lazyload skip-lazy\" alt=\"Pizzeria \u2013 Le Saint Georges\" srcset=\"https:\/\/lesaintgeorges.ch\/wp-content\/uploads\/2026\/06\/Pizzeria_3-LSG-980x980.jpg 980w, https:\/\/lesaintgeorges.ch\/wp-content\/uploads\/2026\/06\/Pizzeria_3-LSG-480x480.jpg 480w\" sizes=\"(min-width: 0px) and (max-width: 480px) 480px, (min-width: 481px) and (max-width: 980px) 980px, (min-width: 981px) 1024px, 100vw\" \/> <span data-icon=\"0\" class=\"et_overlay et_pb_inline_icon\"><\/span><\/div>\n\t\t\t\t\t\t\n\t\t\t\t\t<\/div><div data-mfp-src=\"https:\/\/lesaintgeorges.ch\/wp-content\/uploads\/2026\/07\/chambres-12-1.jpg\" class=\"el_masonry_gallery_item\">\n\t\t\t\t\t\t<div class=\"el_masonry_gallery_image_wrapper\"><img loading=\"lazy\" decoding=\"async\" width=\"683\" height=\"1024\" src=\"https:\/\/lesaintgeorges.ch\/wp-content\/uploads\/2026\/07\/chambres-12-1-683x1024.jpg\" class=\"el_masonry_gallery_module__image attachment-large size-large no-lazyload skip-lazy\" alt=\"Chambre Junior Suite avec vue montagnes \u00e0 l&#039;hotel Le Saint Georges \u00e0 Gruy\u00e8res\" \/> <span data-icon=\"0\" class=\"et_overlay et_pb_inline_icon\"><\/span><\/div>\n\t\t\t\t\t\t\n\t\t\t\t\t<\/div><div data-mfp-src=\"https:\/\/lesaintgeorges.ch\/wp-content\/uploads\/2026\/07\/cocktail-legion-dhonneur-10-scaled.jpg\" class=\"el_masonry_gallery_item\">\n\t\t\t\t\t\t<div class=\"el_masonry_gallery_image_wrapper\"><img loading=\"lazy\" decoding=\"async\" width=\"683\" height=\"1024\" src=\"https:\/\/lesaintgeorges.ch\/wp-content\/uploads\/2026\/07\/cocktail-legion-dhonneur-10-683x1024.jpg\" class=\"el_masonry_gallery_module__image attachment-large size-large no-lazyload skip-lazy\" alt=\"Cocktail et ap\u00e9ritif d\u00eenatoire au restaurant Le Saint Georges \u00e0 Gruy\u00e8res\" \/> <span data-icon=\"0\" class=\"et_overlay et_pb_inline_icon\"><\/span><\/div>\n\t\t\t\t\t\t\n\t\t\t\t\t<\/div><div data-mfp-src=\"https:\/\/lesaintgeorges.ch\/wp-content\/uploads\/2026\/07\/chambres-9-1.jpg\" class=\"el_masonry_gallery_item\">\n\t\t\t\t\t\t<div class=\"el_masonry_gallery_image_wrapper\"><img loading=\"lazy\" decoding=\"async\" width=\"1024\" height=\"683\" src=\"https:\/\/lesaintgeorges.ch\/wp-content\/uploads\/2026\/07\/chambres-9-1-1024x683.jpg\" class=\"el_masonry_gallery_module__image attachment-large size-large no-lazyload skip-lazy\" alt=\"Chambre Junior Suite avec vue montagnes \u00e0 l&#039;hotel Le Saint Georges \u00e0 Gruy\u00e8res\" srcset=\"https:\/\/lesaintgeorges.ch\/wp-content\/uploads\/2026\/07\/chambres-9-1-980x653.jpg 980w, https:\/\/lesaintgeorges.ch\/wp-content\/uploads\/2026\/07\/chambres-9-1-480x320.jpg 480w\" sizes=\"(min-width: 0px) and (max-width: 480px) 480px, (min-width: 481px) and (max-width: 980px) 980px, (min-width: 981px) 1024px, 100vw\" \/> <span data-icon=\"0\" class=\"et_overlay et_pb_inline_icon\"><\/span><\/div>\n\t\t\t\t\t\t\n\t\t\t\t\t<\/div><div data-mfp-src=\"https:\/\/lesaintgeorges.ch\/wp-content\/uploads\/2026\/07\/Tartare-legumes-8-scaled.jpg\" class=\"el_masonry_gallery_item\">\n\t\t\t\t\t\t<div class=\"el_masonry_gallery_image_wrapper\"><img loading=\"lazy\" decoding=\"async\" width=\"683\" height=\"1024\" src=\"https:\/\/lesaintgeorges.ch\/wp-content\/uploads\/2026\/07\/Tartare-legumes-8-683x1024.jpg\" class=\"el_masonry_gallery_module__image attachment-large size-large no-lazyload skip-lazy\" alt=\"Plat pour un repas de mariage au Saint Georges \u00e0 Gruy\u00e8res\" \/> <span data-icon=\"0\" class=\"et_overlay et_pb_inline_icon\"><\/span><\/div>\n\t\t\t\t\t\t\n\t\t\t\t\t<\/div><div data-mfp-src=\"https:\/\/lesaintgeorges.ch\/wp-content\/uploads\/2026\/08\/Petit-dejeuner-57-scaled.jpg\" class=\"el_masonry_gallery_item\">\n\t\t\t\t\t\t<div class=\"el_masonry_gallery_image_wrapper\"><img loading=\"lazy\" decoding=\"async\" width=\"683\" height=\"1024\" src=\"https:\/\/lesaintgeorges.ch\/wp-content\/uploads\/2026\/08\/Petit-dejeuner-57-683x1024.jpg\" class=\"el_masonry_gallery_module__image attachment-large size-large no-lazyload skip-lazy\" alt=\"Petit d\u00e9jeuner et buffet avec vue sur les montagnes au Saint Georges \u00e0 Gruy\u00e8res\" \/> <span data-icon=\"0\" class=\"et_overlay et_pb_inline_icon\"><\/span><\/div>\n\t\t\t\t\t\t\n\t\t\t\t\t<\/div><div data-mfp-src=\"https:\/\/lesaintgeorges.ch\/wp-content\/uploads\/2026\/06\/Veranda_6-LSG.jpg\" class=\"el_masonry_gallery_item\">\n\t\t\t\t\t\t<div class=\"el_masonry_gallery_image_wrapper\"><img loading=\"lazy\" decoding=\"async\" width=\"683\" height=\"1024\" src=\"https:\/\/lesaintgeorges.ch\/wp-content\/uploads\/2026\/06\/Veranda_6-LSG-683x1024.jpg\" class=\"el_masonry_gallery_module__image attachment-large size-large no-lazyload skip-lazy\" alt=\"Veranda \u2013 Le Saint Georges\" \/> <span data-icon=\"0\" class=\"et_overlay et_pb_inline_icon\"><\/span><\/div>\n\t\t\t\t\t\t\n\t\t\t\t\t<\/div><div data-mfp-src=\"https:\/\/lesaintgeorges.ch\/wp-content\/uploads\/2026\/06\/Mariage_7-LSG.jpg\" class=\"el_masonry_gallery_item\">\n\t\t\t\t\t\t<div class=\"el_masonry_gallery_image_wrapper\"><img loading=\"lazy\" decoding=\"async\" width=\"683\" height=\"1024\" src=\"https:\/\/lesaintgeorges.ch\/wp-content\/uploads\/2026\/06\/Mariage_7-LSG-683x1024.jpg\" class=\"el_masonry_gallery_module__image attachment-large size-large no-lazyload skip-lazy\" alt=\"Mariages &amp; Occasions \u2013 Le Saint Georges\" \/> <span data-icon=\"0\" class=\"et_overlay et_pb_inline_icon\"><\/span><\/div>\n\t\t\t\t\t\t\n\t\t\t\t\t<\/div><div data-mfp-src=\"https:\/\/lesaintgeorges.ch\/wp-content\/uploads\/2026\/07\/Humain-scaled.jpg\" class=\"el_masonry_gallery_item\">\n\t\t\t\t\t\t<div class=\"el_masonry_gallery_image_wrapper\"><img loading=\"lazy\" decoding=\"async\" width=\"683\" height=\"1024\" src=\"https:\/\/lesaintgeorges.ch\/wp-content\/uploads\/2026\/07\/Humain-683x1024.jpg\" class=\"el_masonry_gallery_module__image attachment-large size-large no-lazyload skip-lazy\" alt=\"\u00c9v\u00e8nement avec bar au Saint Georges \u00e0 Gruy\u00e8res\" \/> <span data-icon=\"0\" class=\"et_overlay et_pb_inline_icon\"><\/span><\/div>\n\t\t\t\t\t\t\n\t\t\t\t\t<\/div><div data-mfp-src=\"https:\/\/lesaintgeorges.ch\/wp-content\/uploads\/2026\/06\/Veranda_7-LSG.jpg\" class=\"el_masonry_gallery_item\">\n\t\t\t\t\t\t<div class=\"el_masonry_gallery_image_wrapper\"><img loading=\"lazy\" decoding=\"async\" width=\"1024\" height=\"1024\" src=\"https:\/\/lesaintgeorges.ch\/wp-content\/uploads\/2026\/06\/Veranda_7-LSG-1024x1024.jpg\" class=\"el_masonry_gallery_module__image attachment-large size-large no-lazyload skip-lazy\" alt=\"Veranda \u2013 Le Saint Georges\" srcset=\"https:\/\/lesaintgeorges.ch\/wp-content\/uploads\/2026\/06\/Veranda_7-LSG-980x980.jpg 980w, https:\/\/lesaintgeorges.ch\/wp-content\/uploads\/2026\/06\/Veranda_7-LSG-480x480.jpg 480w\" sizes=\"(min-width: 0px) and (max-width: 480px) 480px, (min-width: 481px) and (max-width: 980px) 980px, (min-width: 981px) 1024px, 100vw\" \/> <span data-icon=\"0\" class=\"et_overlay et_pb_inline_icon\"><\/span><\/div>\n\t\t\t\t\t\t\n\t\t\t\t\t<\/div><div data-mfp-src=\"https:\/\/lesaintgeorges.ch\/wp-content\/uploads\/2026\/08\/Petit-dejeuner-39-scaled.jpg\" class=\"el_masonry_gallery_item\">\n\t\t\t\t\t\t<div class=\"el_masonry_gallery_image_wrapper\"><img loading=\"lazy\" decoding=\"async\" width=\"1024\" height=\"683\" src=\"https:\/\/lesaintgeorges.ch\/wp-content\/uploads\/2026\/08\/Petit-dejeuner-39-1024x683.jpg\" class=\"el_masonry_gallery_module__image attachment-large size-large no-lazyload skip-lazy\" alt=\"Buffet du petit-d\u00e9jeuner au Saint Georges \u00e0 Gruy\u00e8res\" srcset=\"https:\/\/lesaintgeorges.ch\/wp-content\/uploads\/2026\/08\/Petit-dejeuner-39-980x653.jpg 980w, https:\/\/lesaintgeorges.ch\/wp-content\/uploads\/2026\/08\/Petit-dejeuner-39-480x320.jpg 480w\" sizes=\"(min-width: 0px) and (max-width: 480px) 480px, (min-width: 481px) and (max-width: 980px) 980px, (min-width: 981px) 1024px, 100vw\" \/> <span data-icon=\"0\" class=\"et_overlay et_pb_inline_icon\"><\/span><\/div>\n\t\t\t\t\t\t\n\t\t\t\t\t<\/div><div data-mfp-src=\"https:\/\/lesaintgeorges.ch\/wp-content\/uploads\/2026\/08\/Petit-dejeuner-49-scaled.jpg\" class=\"el_masonry_gallery_item\">\n\t\t\t\t\t\t<div class=\"el_masonry_gallery_image_wrapper\"><img loading=\"lazy\" decoding=\"async\" width=\"683\" height=\"1024\" src=\"https:\/\/lesaintgeorges.ch\/wp-content\/uploads\/2026\/08\/Petit-dejeuner-49-683x1024.jpg\" class=\"el_masonry_gallery_module__image attachment-large size-large no-lazyload skip-lazy\" alt=\"Petit d\u00e9jeuner et buffet avec vue sur les montagnes au Saint Georges \u00e0 Gruy\u00e8res\" \/> <span data-icon=\"0\" class=\"et_overlay et_pb_inline_icon\"><\/span><\/div>\n\t\t\t\t\t\t\n\t\t\t\t\t<\/div><div data-mfp-src=\"https:\/\/lesaintgeorges.ch\/wp-content\/uploads\/2026\/07\/chambres-1.jpg\" class=\"el_masonry_gallery_item\">\n\t\t\t\t\t\t<div class=\"el_masonry_gallery_image_wrapper\"><img loading=\"lazy\" decoding=\"async\" width=\"1024\" height=\"683\" src=\"https:\/\/lesaintgeorges.ch\/wp-content\/uploads\/2026\/07\/chambres-1-1024x683.jpg\" class=\"el_masonry_gallery_module__image attachment-large size-large no-lazyload skip-lazy\" alt=\"Vue village de Gruy\u00e8res en chambre double au Saint Georges \u00e0 Gruy\u00e8res\" srcset=\"https:\/\/lesaintgeorges.ch\/wp-content\/uploads\/2026\/07\/chambres-1-980x653.jpg 980w, https:\/\/lesaintgeorges.ch\/wp-content\/uploads\/2026\/07\/chambres-1-480x320.jpg 480w\" sizes=\"(min-width: 0px) and (max-width: 480px) 480px, (min-width: 481px) and (max-width: 980px) 980px, (min-width: 981px) 1024px, 100vw\" \/> <span data-icon=\"0\" class=\"et_overlay et_pb_inline_icon\"><\/span><\/div>\n\t\t\t\t\t\t\n\t\t\t\t\t<\/div><div data-mfp-src=\"https:\/\/lesaintgeorges.ch\/wp-content\/uploads\/2026\/06\/Terrasse_6-LSG.jpg\" class=\"el_masonry_gallery_item\">\n\t\t\t\t\t\t<div class=\"el_masonry_gallery_image_wrapper\"><img loading=\"lazy\" decoding=\"async\" width=\"1024\" height=\"683\" src=\"https:\/\/lesaintgeorges.ch\/wp-content\/uploads\/2026\/06\/Terrasse_6-LSG-1024x683.jpg\" class=\"el_masonry_gallery_module__image attachment-large size-large no-lazyload skip-lazy\" alt=\"Terrasse \u2013 Le Saint Georges\" srcset=\"https:\/\/lesaintgeorges.ch\/wp-content\/uploads\/2026\/06\/Terrasse_6-LSG-980x653.jpg 980w, https:\/\/lesaintgeorges.ch\/wp-content\/uploads\/2026\/06\/Terrasse_6-LSG-480x320.jpg 480w\" sizes=\"(min-width: 0px) and (max-width: 480px) 480px, (min-width: 481px) and (max-width: 980px) 980px, (min-width: 981px) 1024px, 100vw\" \/> <span data-icon=\"0\" class=\"et_overlay et_pb_inline_icon\"><\/span><\/div>\n\t\t\t\t\t\t\n\t\t\t\t\t<\/div><div data-mfp-src=\"https:\/\/lesaintgeorges.ch\/wp-content\/uploads\/2026\/08\/mriage-scaled.jpg\" class=\"el_masonry_gallery_item\">\n\t\t\t\t\t\t<div class=\"el_masonry_gallery_image_wrapper\"><img loading=\"lazy\" decoding=\"async\" width=\"1024\" height=\"683\" src=\"https:\/\/lesaintgeorges.ch\/wp-content\/uploads\/2026\/08\/mriage-1024x683.jpg\" class=\"el_masonry_gallery_module__image attachment-large size-large no-lazyload skip-lazy\" alt=\"Un mariage dans la salle d&#039;\u00e9v\u00e8nements au Saint Georges \u00e0 Gruy\u00e8res\" srcset=\"https:\/\/lesaintgeorges.ch\/wp-content\/uploads\/2026\/08\/mriage-980x653.jpg 980w, https:\/\/lesaintgeorges.ch\/wp-content\/uploads\/2026\/08\/mriage-480x320.jpg 480w\" sizes=\"(min-width: 0px) and (max-width: 480px) 480px, (min-width: 481px) and (max-width: 980px) 980px, (min-width: 981px) 1024px, 100vw\" \/> <span data-icon=\"0\" class=\"et_overlay et_pb_inline_icon\"><\/span><\/div>\n\t\t\t\t\t\t\n\t\t\t\t\t<\/div><div data-mfp-src=\"https:\/\/lesaintgeorges.ch\/wp-content\/uploads\/2026\/06\/Massonnens_2-LSG.jpg\" class=\"el_masonry_gallery_item\">\n\t\t\t\t\t\t<div class=\"el_masonry_gallery_image_wrapper\"><img loading=\"lazy\" decoding=\"async\" width=\"1024\" height=\"683\" src=\"https:\/\/lesaintgeorges.ch\/wp-content\/uploads\/2026\/06\/Massonnens_2-LSG-1024x683.jpg\" class=\"el_masonry_gallery_module__image attachment-large size-large no-lazyload skip-lazy\" alt=\"Maison Massonnens \u2013 Le Saint Georges\" srcset=\"https:\/\/lesaintgeorges.ch\/wp-content\/uploads\/2026\/06\/Massonnens_2-LSG-980x653.jpg 980w, https:\/\/lesaintgeorges.ch\/wp-content\/uploads\/2026\/06\/Massonnens_2-LSG-480x320.jpg 480w\" sizes=\"(min-width: 0px) and (max-width: 480px) 480px, (min-width: 481px) and (max-width: 980px) 980px, (min-width: 981px) 1024px, 100vw\" \/> <span data-icon=\"0\" class=\"et_overlay et_pb_inline_icon\"><\/span><\/div>\n\t\t\t\t\t\t\n\t\t\t\t\t<\/div><div data-mfp-src=\"https:\/\/lesaintgeorges.ch\/wp-content\/uploads\/2026\/06\/Veranda_5-LSG.jpg\" class=\"el_masonry_gallery_item\">\n\t\t\t\t\t\t<div class=\"el_masonry_gallery_image_wrapper\"><img loading=\"lazy\" decoding=\"async\" width=\"683\" height=\"1024\" src=\"https:\/\/lesaintgeorges.ch\/wp-content\/uploads\/2026\/06\/Veranda_5-LSG-683x1024.jpg\" class=\"el_masonry_gallery_module__image attachment-large size-large no-lazyload skip-lazy\" alt=\"Veranda \u2013 Le Saint Georges\" \/> <span data-icon=\"0\" class=\"et_overlay et_pb_inline_icon\"><\/span><\/div>\n\t\t\t\t\t\t\n\t\t\t\t\t<\/div><div data-mfp-src=\"https:\/\/lesaintgeorges.ch\/wp-content\/uploads\/2026\/07\/Plats-mariage-17-scaled.jpg\" class=\"el_masonry_gallery_item\">\n\t\t\t\t\t\t<div class=\"el_masonry_gallery_image_wrapper\"><img loading=\"lazy\" decoding=\"async\" width=\"683\" height=\"1024\" src=\"https:\/\/lesaintgeorges.ch\/wp-content\/uploads\/2026\/07\/Plats-mariage-17-683x1024.jpg\" class=\"el_masonry_gallery_module__image attachment-large size-large no-lazyload skip-lazy\" alt=\"Plat pour un repas de mariage au Saint Georges \u00e0 Gruy\u00e8res\" \/> <span data-icon=\"0\" class=\"et_overlay et_pb_inline_icon\"><\/span><\/div>\n\t\t\t\t\t\t\n\t\t\t\t\t<\/div><div data-mfp-src=\"https:\/\/lesaintgeorges.ch\/wp-content\/uploads\/2026\/06\/Plats_4-LSG.jpg\" class=\"el_masonry_gallery_item\">\n\t\t\t\t\t\t<div class=\"el_masonry_gallery_image_wrapper\"><img loading=\"lazy\" decoding=\"async\" width=\"1024\" height=\"683\" src=\"https:\/\/lesaintgeorges.ch\/wp-content\/uploads\/2026\/06\/Plats_4-LSG-1024x683.jpg\" class=\"el_masonry_gallery_module__image attachment-large size-large no-lazyload skip-lazy\" alt=\"Plats \u2013 Le Saint Georges\" srcset=\"https:\/\/lesaintgeorges.ch\/wp-content\/uploads\/2026\/06\/Plats_4-LSG-980x653.jpg 980w, https:\/\/lesaintgeorges.ch\/wp-content\/uploads\/2026\/06\/Plats_4-LSG-480x320.jpg 480w\" sizes=\"(min-width: 0px) and (max-width: 480px) 480px, (min-width: 481px) and (max-width: 980px) 980px, (min-width: 981px) 1024px, 100vw\" \/> <span data-icon=\"0\" class=\"et_overlay et_pb_inline_icon\"><\/span><\/div>\n\t\t\t\t\t\t\n\t\t\t\t\t<\/div><div data-mfp-src=\"https:\/\/lesaintgeorges.ch\/wp-content\/uploads\/2026\/06\/fondue_moitie-moitie.jpg\" class=\"el_masonry_gallery_item\">\n\t\t\t\t\t\t<div class=\"el_masonry_gallery_image_wrapper\"><img loading=\"lazy\" decoding=\"async\" width=\"1024\" height=\"738\" src=\"https:\/\/lesaintgeorges.ch\/wp-content\/uploads\/2026\/06\/fondue_moitie-moitie-1024x738.jpg\" class=\"el_masonry_gallery_module__image attachment-large size-large no-lazyload skip-lazy\" alt=\"Fondue moiti\u00e9-moiti\u00e9\" srcset=\"https:\/\/lesaintgeorges.ch\/wp-content\/uploads\/2026\/06\/fondue_moitie-moitie-980x707.jpg 980w, https:\/\/lesaintgeorges.ch\/wp-content\/uploads\/2026\/06\/fondue_moitie-moitie-480x346.jpg 480w\" sizes=\"(min-width: 0px) and (max-width: 480px) 480px, (min-width: 481px) and (max-width: 980px) 980px, (min-width: 981px) 1024px, 100vw\" \/> <span data-icon=\"0\" class=\"et_overlay et_pb_inline_icon\"><\/span><\/div>\n\t\t\t\t\t\t\n\t\t\t\t\t<\/div><div data-mfp-src=\"https:\/\/lesaintgeorges.ch\/wp-content\/uploads\/2026\/06\/Terrasse_5-LSG.jpg\" class=\"el_masonry_gallery_item\">\n\t\t\t\t\t\t<div class=\"el_masonry_gallery_image_wrapper\"><img loading=\"lazy\" decoding=\"async\" width=\"1024\" height=\"683\" src=\"https:\/\/lesaintgeorges.ch\/wp-content\/uploads\/2026\/06\/Terrasse_5-LSG-1024x683.jpg\" class=\"el_masonry_gallery_module__image attachment-large size-large no-lazyload skip-lazy\" alt=\"Terrasse \u2013 Le Saint Georges\" srcset=\"https:\/\/lesaintgeorges.ch\/wp-content\/uploads\/2026\/06\/Terrasse_5-LSG-980x653.jpg 980w, https:\/\/lesaintgeorges.ch\/wp-content\/uploads\/2026\/06\/Terrasse_5-LSG-480x320.jpg 480w\" sizes=\"(min-width: 0px) and (max-width: 480px) 480px, (min-width: 481px) and (max-width: 980px) 980px, (min-width: 981px) 1024px, 100vw\" \/> <span data-icon=\"0\" class=\"et_overlay et_pb_inline_icon\"><\/span><\/div>\n\t\t\t\t\t\t\n\t\t\t\t\t<\/div><div data-mfp-src=\"https:\/\/lesaintgeorges.ch\/wp-content\/uploads\/2026\/07\/chambres-8-1.jpg\" class=\"el_masonry_gallery_item\">\n\t\t\t\t\t\t<div class=\"el_masonry_gallery_image_wrapper\"><img loading=\"lazy\" decoding=\"async\" width=\"683\" height=\"1024\" src=\"https:\/\/lesaintgeorges.ch\/wp-content\/uploads\/2026\/07\/chambres-8-1-683x1024.jpg\" class=\"el_masonry_gallery_module__image attachment-large size-large no-lazyload skip-lazy\" alt=\"Chambre Junior Suite avec vue montagnes \u00e0 l&#039;hotel Le Saint Georges \u00e0 Gruy\u00e8res\" \/> <span data-icon=\"0\" class=\"et_overlay et_pb_inline_icon\"><\/span><\/div>\n\t\t\t\t\t\t\n\t\t\t\t\t<\/div><div data-mfp-src=\"https:\/\/lesaintgeorges.ch\/wp-content\/uploads\/2026\/06\/Massonnens_3-LSG.jpg\" class=\"el_masonry_gallery_item\">\n\t\t\t\t\t\t<div class=\"el_masonry_gallery_image_wrapper\"><img loading=\"lazy\" decoding=\"async\" width=\"683\" height=\"1024\" src=\"https:\/\/lesaintgeorges.ch\/wp-content\/uploads\/2026\/06\/Massonnens_3-LSG-683x1024.jpg\" class=\"el_masonry_gallery_module__image attachment-large size-large no-lazyload skip-lazy\" alt=\"Maison Massonnens \u2013 Le Saint Georges\" \/> <span data-icon=\"0\" class=\"et_overlay et_pb_inline_icon\"><\/span><\/div>\n\t\t\t\t\t\t\n\t\t\t\t\t<\/div><div data-mfp-src=\"https:\/\/lesaintgeorges.ch\/wp-content\/uploads\/2026\/07\/Aperitif-Mariage-2-1-scaled.jpg\" class=\"el_masonry_gallery_item\">\n\t\t\t\t\t\t<div class=\"el_masonry_gallery_image_wrapper\"><img loading=\"lazy\" decoding=\"async\" width=\"1024\" height=\"683\" src=\"https:\/\/lesaintgeorges.ch\/wp-content\/uploads\/2026\/07\/Aperitif-Mariage-2-1-1024x683.jpg\" class=\"el_masonry_gallery_module__image attachment-large size-large no-lazyload skip-lazy\" alt=\"Cocktail et ap\u00e9ritif d\u00eenatoire pour \u00e9v\u00e8nements et mariages au Saint Georges \u00e0 Gruy\u00e8res\" srcset=\"https:\/\/lesaintgeorges.ch\/wp-content\/uploads\/2026\/07\/Aperitif-Mariage-2-1-980x653.jpg 980w, https:\/\/lesaintgeorges.ch\/wp-content\/uploads\/2026\/07\/Aperitif-Mariage-2-1-480x320.jpg 480w\" sizes=\"(min-width: 0px) and (max-width: 480px) 480px, (min-width: 481px) and (max-width: 980px) 980px, (min-width: 981px) 1024px, 100vw\" \/> <span data-icon=\"0\" class=\"et_overlay et_pb_inline_icon\"><\/span><\/div>\n\t\t\t\t\t\t\n\t\t\t\t\t<\/div><div data-mfp-src=\"https:\/\/lesaintgeorges.ch\/wp-content\/uploads\/2026\/06\/Mariage_8-LSG.jpg\" class=\"el_masonry_gallery_item\">\n\t\t\t\t\t\t<div class=\"el_masonry_gallery_image_wrapper\"><img loading=\"lazy\" decoding=\"async\" width=\"1024\" height=\"1024\" src=\"https:\/\/lesaintgeorges.ch\/wp-content\/uploads\/2026\/06\/Mariage_8-LSG-1024x1024.jpg\" class=\"el_masonry_gallery_module__image attachment-large size-large no-lazyload skip-lazy\" alt=\"Mariages &amp; Occasions \u2013 Le Saint Georges\" srcset=\"https:\/\/lesaintgeorges.ch\/wp-content\/uploads\/2026\/06\/Mariage_8-LSG-980x980.jpg 980w, https:\/\/lesaintgeorges.ch\/wp-content\/uploads\/2026\/06\/Mariage_8-LSG-480x480.jpg 480w\" sizes=\"(min-width: 0px) and (max-width: 480px) 480px, (min-width: 481px) and (max-width: 980px) 980px, (min-width: 981px) 1024px, 100vw\" \/> <span data-icon=\"0\" class=\"et_overlay et_pb_inline_icon\"><\/span><\/div>\n\t\t\t\t\t\t\n\t\t\t\t\t<\/div><div data-mfp-src=\"https:\/\/lesaintgeorges.ch\/wp-content\/uploads\/2026\/06\/Terrasse_7-LSG.jpg\" class=\"el_masonry_gallery_item\">\n\t\t\t\t\t\t<div class=\"el_masonry_gallery_image_wrapper\"><img loading=\"lazy\" decoding=\"async\" width=\"1024\" height=\"683\" src=\"https:\/\/lesaintgeorges.ch\/wp-content\/uploads\/2026\/06\/Terrasse_7-LSG-1024x683.jpg\" class=\"el_masonry_gallery_module__image attachment-large size-large no-lazyload skip-lazy\" alt=\"Terrasse \u2013 Le Saint Georges\" srcset=\"https:\/\/lesaintgeorges.ch\/wp-content\/uploads\/2026\/06\/Terrasse_7-LSG-980x653.jpg 980w, https:\/\/lesaintgeorges.ch\/wp-content\/uploads\/2026\/06\/Terrasse_7-LSG-480x320.jpg 480w\" sizes=\"(min-width: 0px) and (max-width: 480px) 480px, (min-width: 481px) and (max-width: 980px) 980px, (min-width: 981px) 1024px, 100vw\" \/> <span data-icon=\"0\" class=\"et_overlay et_pb_inline_icon\"><\/span><\/div>\n\t\t\t\t\t\t\n\t\t\t\t\t<\/div><div data-mfp-src=\"https:\/\/lesaintgeorges.ch\/wp-content\/uploads\/2026\/06\/Pizzeria_1-LSG.jpg\" class=\"el_masonry_gallery_item\">\n\t\t\t\t\t\t<div class=\"el_masonry_gallery_image_wrapper\"><img loading=\"lazy\" decoding=\"async\" width=\"1024\" height=\"683\" src=\"https:\/\/lesaintgeorges.ch\/wp-content\/uploads\/2026\/06\/Pizzeria_1-LSG-1024x683.jpg\" class=\"el_masonry_gallery_module__image attachment-large size-large no-lazyload skip-lazy\" alt=\"Pizzeria \u2013 Le Saint Georges\" srcset=\"https:\/\/lesaintgeorges.ch\/wp-content\/uploads\/2026\/06\/Pizzeria_1-LSG-980x653.jpg 980w, https:\/\/lesaintgeorges.ch\/wp-content\/uploads\/2026\/06\/Pizzeria_1-LSG-480x320.jpg 480w\" sizes=\"(min-width: 0px) and (max-width: 480px) 480px, (min-width: 481px) and (max-width: 980px) 980px, (min-width: 981px) 1024px, 100vw\" \/> <span data-icon=\"0\" class=\"et_overlay et_pb_inline_icon\"><\/span><\/div>\n\t\t\t\t\t\t\n\t\t\t\t\t<\/div><div data-mfp-src=\"https:\/\/lesaintgeorges.ch\/wp-content\/uploads\/2026\/06\/Mariage_6-LSG.jpg\" class=\"el_masonry_gallery_item\">\n\t\t\t\t\t\t<div class=\"el_masonry_gallery_image_wrapper\"><img loading=\"lazy\" decoding=\"async\" width=\"683\" height=\"1024\" src=\"https:\/\/lesaintgeorges.ch\/wp-content\/uploads\/2026\/06\/Mariage_6-LSG-683x1024.jpg\" class=\"el_masonry_gallery_module__image attachment-large size-large no-lazyload skip-lazy\" alt=\"Mariages &amp; Occasions \u2013 Le Saint Georges\" \/> <span data-icon=\"0\" class=\"et_overlay et_pb_inline_icon\"><\/span><\/div>\n\t\t\t\t\t\t\n\t\t\t\t\t<\/div><div data-mfp-src=\"https:\/\/lesaintgeorges.ch\/wp-content\/uploads\/2026\/06\/Facade_3-LSG.jpg\" class=\"el_masonry_gallery_item\">\n\t\t\t\t\t\t<div class=\"el_masonry_gallery_image_wrapper\"><img loading=\"lazy\" decoding=\"async\" width=\"1024\" height=\"683\" src=\"https:\/\/lesaintgeorges.ch\/wp-content\/uploads\/2026\/06\/Facade_3-LSG-1024x683.jpg\" class=\"el_masonry_gallery_module__image attachment-large size-large no-lazyload skip-lazy\" alt=\"Fa\u00e7ades \u2013 Le Saint Georges\" srcset=\"https:\/\/lesaintgeorges.ch\/wp-content\/uploads\/2026\/06\/Facade_3-LSG-980x653.jpg 980w, https:\/\/lesaintgeorges.ch\/wp-content\/uploads\/2026\/06\/Facade_3-LSG-480x320.jpg 480w\" sizes=\"(min-width: 0px) and (max-width: 480px) 480px, (min-width: 481px) and (max-width: 980px) 980px, (min-width: 981px) 1024px, 100vw\" \/> <span data-icon=\"0\" class=\"et_overlay et_pb_inline_icon\"><\/span><\/div>\n\t\t\t\t\t\t\n\t\t\t\t\t<\/div><div data-mfp-src=\"https:\/\/lesaintgeorges.ch\/wp-content\/uploads\/2026\/06\/Chambre_8-LSG.jpg\" class=\"el_masonry_gallery_item\">\n\t\t\t\t\t\t<div class=\"el_masonry_gallery_image_wrapper\"><img loading=\"lazy\" decoding=\"async\" width=\"1024\" height=\"683\" src=\"https:\/\/lesaintgeorges.ch\/wp-content\/uploads\/2026\/06\/Chambre_8-LSG-1024x683.jpg\" class=\"el_masonry_gallery_module__image attachment-large size-large no-lazyload skip-lazy\" alt=\"Chambres &amp; Suites \u2013 Le Saint Georges\" srcset=\"https:\/\/lesaintgeorges.ch\/wp-content\/uploads\/2026\/06\/Chambre_8-LSG-980x653.jpg 980w, https:\/\/lesaintgeorges.ch\/wp-content\/uploads\/2026\/06\/Chambre_8-LSG-480x320.jpg 480w\" sizes=\"(min-width: 0px) and (max-width: 480px) 480px, (min-width: 481px) and (max-width: 980px) 980px, (min-width: 981px) 1024px, 100vw\" \/> <span data-icon=\"0\" class=\"et_overlay et_pb_inline_icon\"><\/span><\/div>\n\t\t\t\t\t\t\n\t\t\t\t\t<\/div><div data-mfp-src=\"https:\/\/lesaintgeorges.ch\/wp-content\/uploads\/2026\/08\/chambre-3-scaled.jpg\" class=\"el_masonry_gallery_item\">\n\t\t\t\t\t\t<div class=\"el_masonry_gallery_image_wrapper\"><img loading=\"lazy\" decoding=\"async\" width=\"1024\" height=\"683\" src=\"https:\/\/lesaintgeorges.ch\/wp-content\/uploads\/2026\/08\/chambre-3-1024x683.jpg\" class=\"el_masonry_gallery_module__image attachment-large size-large no-lazyload skip-lazy\" alt=\"Chambre Junior Suite vue montagnes \u00e0 l&#039;h\u00f4tel Le Saint Georges \u00e0 Gruy\u00e8res\" srcset=\"https:\/\/lesaintgeorges.ch\/wp-content\/uploads\/2026\/08\/chambre-3-980x653.jpg 980w, https:\/\/lesaintgeorges.ch\/wp-content\/uploads\/2026\/08\/chambre-3-480x320.jpg 480w\" sizes=\"(min-width: 0px) and (max-width: 480px) 480px, (min-width: 481px) and (max-width: 980px) 980px, (min-width: 981px) 1024px, 100vw\" \/> <span data-icon=\"0\" class=\"et_overlay et_pb_inline_icon\"><\/span><\/div>\n\t\t\t\t\t\t\n\t\t\t\t\t<\/div><div data-mfp-src=\"https:\/\/lesaintgeorges.ch\/wp-content\/uploads\/2026\/08\/Petit-dejeuner-3-scaled.jpg\" class=\"el_masonry_gallery_item\">\n\t\t\t\t\t\t<div class=\"el_masonry_gallery_image_wrapper\"><img loading=\"lazy\" decoding=\"async\" width=\"1024\" height=\"683\" src=\"https:\/\/lesaintgeorges.ch\/wp-content\/uploads\/2026\/08\/Petit-dejeuner-3-1024x683.jpg\" class=\"el_masonry_gallery_module__image attachment-large size-large no-lazyload skip-lazy\" alt=\"Buffet du petit-d\u00e9jeuner au Saint Georges \u00e0 Gruy\u00e8res\" srcset=\"https:\/\/lesaintgeorges.ch\/wp-content\/uploads\/2026\/08\/Petit-dejeuner-3-980x653.jpg 980w, https:\/\/lesaintgeorges.ch\/wp-content\/uploads\/2026\/08\/Petit-dejeuner-3-480x320.jpg 480w\" sizes=\"(min-width: 0px) and (max-width: 480px) 480px, (min-width: 481px) and (max-width: 980px) 980px, (min-width: 981px) 1024px, 100vw\" \/> <span data-icon=\"0\" class=\"et_overlay et_pb_inline_icon\"><\/span><\/div>\n\t\t\t\t\t\t\n\t\t\t\t\t<\/div><div data-mfp-src=\"https:\/\/lesaintgeorges.ch\/wp-content\/uploads\/2026\/07\/Seminaire-U-3-scaled.jpg\" class=\"el_masonry_gallery_item\">\n\t\t\t\t\t\t<div class=\"el_masonry_gallery_image_wrapper\"><img loading=\"lazy\" decoding=\"async\" width=\"1024\" height=\"683\" src=\"https:\/\/lesaintgeorges.ch\/wp-content\/uploads\/2026\/07\/Seminaire-U-3-1024x683.jpg\" class=\"el_masonry_gallery_module__image attachment-large size-large no-lazyload skip-lazy\" alt=\"Salle de s\u00e9minaire et r\u00e9union au Saint Georges \u00e0 Gruy\u00e8res avec terrasse priv\u00e9e\" srcset=\"https:\/\/lesaintgeorges.ch\/wp-content\/uploads\/2026\/07\/Seminaire-U-3-980x653.jpg 980w, https:\/\/lesaintgeorges.ch\/wp-content\/uploads\/2026\/07\/Seminaire-U-3-480x320.jpg 480w\" sizes=\"(min-width: 0px) and (max-width: 480px) 480px, (min-width: 481px) and (max-width: 980px) 980px, (min-width: 981px) 1024px, 100vw\" \/> <span data-icon=\"0\" class=\"et_overlay et_pb_inline_icon\"><\/span><\/div>\n\t\t\t\t\t\t\n\t\t\t\t\t<\/div><div data-mfp-src=\"https:\/\/lesaintgeorges.ch\/wp-content\/uploads\/2026\/07\/Terrasse-LSG-8-scaled.jpg\" class=\"el_masonry_gallery_item\">\n\t\t\t\t\t\t<div class=\"el_masonry_gallery_image_wrapper\"><img loading=\"lazy\" decoding=\"async\" width=\"1024\" height=\"683\" src=\"https:\/\/lesaintgeorges.ch\/wp-content\/uploads\/2026\/07\/Terrasse-LSG-8-1024x683.jpg\" class=\"el_masonry_gallery_module__image attachment-large size-large no-lazyload skip-lazy\" alt=\"Terrasse pour \u00e9v\u00e9nements et restaurant avec vue sur les montagnes au Saint Georges \u00e0 Gruy\u00e8res\" srcset=\"https:\/\/lesaintgeorges.ch\/wp-content\/uploads\/2026\/07\/Terrasse-LSG-8-980x653.jpg 980w, https:\/\/lesaintgeorges.ch\/wp-content\/uploads\/2026\/07\/Terrasse-LSG-8-480x320.jpg 480w\" sizes=\"(min-width: 0px) and (max-width: 480px) 480px, (min-width: 481px) and (max-width: 980px) 980px, (min-width: 981px) 1024px, 100vw\" \/> <span data-icon=\"0\" class=\"et_overlay et_pb_inline_icon\"><\/span><\/div>\n\t\t\t\t\t\t\n\t\t\t\t\t<\/div><div data-mfp-src=\"https:\/\/lesaintgeorges.ch\/wp-content\/uploads\/2026\/06\/Chambre_9-LSG.jpg\" class=\"el_masonry_gallery_item\">\n\t\t\t\t\t\t<div class=\"el_masonry_gallery_image_wrapper\"><img loading=\"lazy\" decoding=\"async\" width=\"1024\" height=\"1024\" src=\"https:\/\/lesaintgeorges.ch\/wp-content\/uploads\/2026\/06\/Chambre_9-LSG-1024x1024.jpg\" class=\"el_masonry_gallery_module__image attachment-large size-large no-lazyload skip-lazy\" alt=\"Chambres &amp; Suites \u2013 Le Saint Georges\" srcset=\"https:\/\/lesaintgeorges.ch\/wp-content\/uploads\/2026\/06\/Chambre_9-LSG-980x980.jpg 980w, https:\/\/lesaintgeorges.ch\/wp-content\/uploads\/2026\/06\/Chambre_9-LSG-480x480.jpg 480w\" sizes=\"(min-width: 0px) and (max-width: 480px) 480px, (min-width: 481px) and (max-width: 980px) 980px, (min-width: 981px) 1024px, 100vw\" \/> <span data-icon=\"0\" class=\"et_overlay et_pb_inline_icon\"><\/span><\/div>\n\t\t\t\t\t\t\n\t\t\t\t\t<\/div><div data-mfp-src=\"https:\/\/lesaintgeorges.ch\/wp-content\/uploads\/2026\/07\/Plats-mariage-14-scaled.jpg\" class=\"el_masonry_gallery_item\">\n\t\t\t\t\t\t<div class=\"el_masonry_gallery_image_wrapper\"><img loading=\"lazy\" decoding=\"async\" width=\"1024\" height=\"683\" src=\"https:\/\/lesaintgeorges.ch\/wp-content\/uploads\/2026\/07\/Plats-mariage-14-1024x683.jpg\" class=\"el_masonry_gallery_module__image attachment-large size-large no-lazyload skip-lazy\" alt=\"Plat pour un repas de mariage au Saint Georges \u00e0 Gruy\u00e8res\" srcset=\"https:\/\/lesaintgeorges.ch\/wp-content\/uploads\/2026\/07\/Plats-mariage-14-980x653.jpg 980w, https:\/\/lesaintgeorges.ch\/wp-content\/uploads\/2026\/07\/Plats-mariage-14-480x320.jpg 480w\" sizes=\"(min-width: 0px) and (max-width: 480px) 480px, (min-width: 481px) and (max-width: 980px) 980px, (min-width: 981px) 1024px, 100vw\" \/> <span data-icon=\"0\" class=\"et_overlay et_pb_inline_icon\"><\/span><\/div>\n\t\t\t\t\t\t\n\t\t\t\t\t<\/div><div data-mfp-src=\"https:\/\/lesaintgeorges.ch\/wp-content\/uploads\/2026\/06\/Facade_LSG.jpg\" class=\"el_masonry_gallery_item\">\n\t\t\t\t\t\t<div class=\"el_masonry_gallery_image_wrapper\"><img loading=\"lazy\" decoding=\"async\" width=\"1024\" height=\"683\" src=\"https:\/\/lesaintgeorges.ch\/wp-content\/uploads\/2026\/06\/Facade_LSG-1024x683.jpg\" class=\"el_masonry_gallery_module__image attachment-large size-large no-lazyload skip-lazy\" alt=\"Fa\u00e7ades \u2013 Le Saint Georges\" srcset=\"https:\/\/lesaintgeorges.ch\/wp-content\/uploads\/2026\/06\/Facade_LSG-980x653.jpg 980w, https:\/\/lesaintgeorges.ch\/wp-content\/uploads\/2026\/06\/Facade_LSG-480x320.jpg 480w\" sizes=\"(min-width: 0px) and (max-width: 480px) 480px, (min-width: 481px) and (max-width: 980px) 980px, (min-width: 981px) 1024px, 100vw\" \/> <span data-icon=\"0\" class=\"et_overlay et_pb_inline_icon\"><\/span><\/div>\n\t\t\t\t\t\t\n\t\t\t\t\t<\/div><div data-mfp-src=\"https:\/\/lesaintgeorges.ch\/wp-content\/uploads\/2026\/07\/Meringues-creme-myrtilles-4-1-scaled.jpg\" class=\"el_masonry_gallery_item\">\n\t\t\t\t\t\t<div class=\"el_masonry_gallery_image_wrapper\"><img loading=\"lazy\" decoding=\"async\" width=\"683\" height=\"1024\" src=\"https:\/\/lesaintgeorges.ch\/wp-content\/uploads\/2026\/07\/Meringues-creme-myrtilles-4-1-683x1024.jpg\" class=\"el_masonry_gallery_module__image attachment-large size-large no-lazyload skip-lazy\" alt=\"Dessert Meringue double cr\u00e8me fruits au restaurant Le Saint Georges \u00e0 Gruy\u00e8res\" \/> <span data-icon=\"0\" class=\"et_overlay et_pb_inline_icon\"><\/span><\/div>\n\t\t\t\t\t\t\n\t\t\t\t\t<\/div><div data-mfp-src=\"https:\/\/lesaintgeorges.ch\/wp-content\/uploads\/2026\/07\/cocktail-legion-dhonneur-19-scaled.jpg\" class=\"el_masonry_gallery_item\">\n\t\t\t\t\t\t<div class=\"el_masonry_gallery_image_wrapper\"><img loading=\"lazy\" decoding=\"async\" width=\"683\" height=\"1024\" src=\"https:\/\/lesaintgeorges.ch\/wp-content\/uploads\/2026\/07\/cocktail-legion-dhonneur-19-683x1024.jpg\" class=\"el_masonry_gallery_module__image attachment-large size-large no-lazyload skip-lazy\" alt=\"Cocktail et ap\u00e9ritif d\u00eenatoire au restaurant Le Saint Georges \u00e0 Gruy\u00e8res\" \/> <span data-icon=\"0\" class=\"et_overlay et_pb_inline_icon\"><\/span><\/div>\n\t\t\t\t\t\t\n\t\t\t\t\t<\/div><div data-mfp-src=\"https:\/\/lesaintgeorges.ch\/wp-content\/uploads\/2026\/06\/Chambre_10-LSG.jpg\" class=\"el_masonry_gallery_item\">\n\t\t\t\t\t\t<div class=\"el_masonry_gallery_image_wrapper\"><img loading=\"lazy\" decoding=\"async\" width=\"1024\" height=\"683\" src=\"https:\/\/lesaintgeorges.ch\/wp-content\/uploads\/2026\/06\/Chambre_10-LSG-1024x683.jpg\" class=\"el_masonry_gallery_module__image attachment-large size-large no-lazyload skip-lazy\" alt=\"Chambres &amp; Suites \u2013 Le Saint Georges\" srcset=\"https:\/\/lesaintgeorges.ch\/wp-content\/uploads\/2026\/06\/Chambre_10-LSG-980x653.jpg 980w, https:\/\/lesaintgeorges.ch\/wp-content\/uploads\/2026\/06\/Chambre_10-LSG-480x320.jpg 480w\" sizes=\"(min-width: 0px) and (max-width: 480px) 480px, (min-width: 481px) and (max-width: 980px) 980px, (min-width: 981px) 1024px, 100vw\" \/> <span data-icon=\"0\" class=\"et_overlay et_pb_inline_icon\"><\/span><\/div>\n\t\t\t\t\t\t\n\t\t\t\t\t<\/div><div data-mfp-src=\"https:\/\/lesaintgeorges.ch\/wp-content\/uploads\/2026\/08\/sdb6-scaled.jpg\" class=\"el_masonry_gallery_item\">\n\t\t\t\t\t\t<div class=\"el_masonry_gallery_image_wrapper\"><img loading=\"lazy\" decoding=\"async\" width=\"1024\" height=\"683\" src=\"https:\/\/lesaintgeorges.ch\/wp-content\/uploads\/2026\/08\/sdb6-1024x683.jpg\" class=\"el_masonry_gallery_module__image attachment-large size-large no-lazyload skip-lazy\" alt=\"Salle de bain \u00e0 l&#039;h\u00f4tel Le Saint Georges \u00e0 Gruy\u00e8res\" srcset=\"https:\/\/lesaintgeorges.ch\/wp-content\/uploads\/2026\/08\/sdb6-980x653.jpg 980w, https:\/\/lesaintgeorges.ch\/wp-content\/uploads\/2026\/08\/sdb6-480x320.jpg 480w\" sizes=\"(min-width: 0px) and (max-width: 480px) 480px, (min-width: 481px) and (max-width: 980px) 980px, (min-width: 981px) 1024px, 100vw\" \/> <span data-icon=\"0\" class=\"et_overlay et_pb_inline_icon\"><\/span><\/div>\n\t\t\t\t\t\t\n\t\t\t\t\t<\/div><div data-mfp-src=\"https:\/\/lesaintgeorges.ch\/wp-content\/uploads\/2026\/06\/Mariage_9-LSG.jpg\" class=\"el_masonry_gallery_item\">\n\t\t\t\t\t\t<div class=\"el_masonry_gallery_image_wrapper\"><img loading=\"lazy\" decoding=\"async\" width=\"1024\" height=\"683\" src=\"https:\/\/lesaintgeorges.ch\/wp-content\/uploads\/2026\/06\/Mariage_9-LSG-1024x683.jpg\" class=\"el_masonry_gallery_module__image attachment-large size-large no-lazyload skip-lazy\" alt=\"Mariages &amp; Occasions \u2013 Le Saint Georges\" srcset=\"https:\/\/lesaintgeorges.ch\/wp-content\/uploads\/2026\/06\/Mariage_9-LSG-980x653.jpg 980w, https:\/\/lesaintgeorges.ch\/wp-content\/uploads\/2026\/06\/Mariage_9-LSG-480x320.jpg 480w\" sizes=\"(min-width: 0px) and (max-width: 480px) 480px, (min-width: 481px) and (max-width: 980px) 980px, (min-width: 981px) 1024px, 100vw\" \/> <span data-icon=\"0\" class=\"et_overlay et_pb_inline_icon\"><\/span><\/div>\n\t\t\t\t\t\t\n\t\t\t\t\t<\/div><\/div><\/div><\/div>\n<\/div>\n<\/div>\n<\/div>","protected":false},"excerpt":{"rendered":"","protected":false},"author":3,"featured_media":0,"parent":0,"menu_order":0,"comment_status":"closed","ping_status":"closed","template":"","meta":{"footnotes":""},"class_list":["post-1206","page","type-page","status-publish","hentry"],"_links":{"self":[{"href":"https:\/\/lesaintgeorges.ch\/de\/wp-json\/wp\/v2\/pages\/1206","targetHints":{"allow":["GET"]}}],"collection":[{"href":"https:\/\/lesaintgeorges.ch\/de\/wp-json\/wp\/v2\/pages"}],"about":[{"href":"https:\/\/lesaintgeorges.ch\/de\/wp-json\/wp\/v2\/types\/page"}],"author":[{"embeddable":true,"href":"https:\/\/lesaintgeorges.ch\/de\/wp-json\/wp\/v2\/users\/3"}],"replies":[{"embeddable":true,"href":"https:\/\/lesaintgeorges.ch\/de\/wp-json\/wp\/v2\/comments?post=1206"}],"version-history":[{"count":2,"href":"https:\/\/lesaintgeorges.ch\/de\/wp-json\/wp\/v2\/pages\/1206\/revisions"}],"predecessor-version":[{"id":1875,"href":"https:\/\/lesaintgeorges.ch\/de\/wp-json\/wp\/v2\/pages\/1206\/revisions\/1875"}],"wp:attachment":[{"href":"https:\/\/lesaintgeorges.ch\/de\/wp-json\/wp\/v2\/media?parent=1206"}],"curies":[{"name":"wp","href":"https:\/\/api.w.org\/{rel}","templated":true}]}}