{"id":1214,"date":"2026-06-10T12:13:19","date_gmt":"2026-06-10T10:13:19","guid":{"rendered":"https:\/\/lesaintgeorges.ch\/mariages-occasions\/"},"modified":"2026-08-29T13:23:25","modified_gmt":"2026-08-29T11:23:25","slug":"mariages-occasions","status":"publish","type":"page","link":"https:\/\/lesaintgeorges.ch\/de\/hochzeiten-anlasse\/","title":{"rendered":"Hochzeiten &amp; Anl\u00e4sse"},"content":{"rendered":"<div class=\"et_pb_section_0 et_pb_section et_section_regular et_flex_section\"><span class=\"et-pb-background-video et-pb-background-video--empty\"><\/span><\/div>\n\n<div class=\"et_pb_section_1 et_pb_section et_section_regular et_flex_section\">\n<div class=\"et_pb_row_0 et_pb_row et_block_row et_animated\">\n<div class=\"et_pb_column_0 et_pb_column et_pb_column_4_4 et-last-child et_block_column et_pb_css_mix_blend_mode_passthrough\">\n<div class=\"et_pb_text_0 et_pb_text et_pb_bg_layout_light et_pb_module et_block_module\"><div class=\"et_pb_text_inner\"><h1>Hochzeiten &amp; Anl\u00e4sse<\/h1>\n<\/div><\/div>\n\n<div class=\"et_pb_text_1 et_pb_text et_pb_bg_layout_light et_pb_module et_block_module\"><div class=\"et_pb_text_inner\"><p>Manche Anl\u00e4sse verdienen einen besonderen Rahmen. Daf\u00fcr stehen Ihnen im Herzen von Gruy\u00e8res verschiedene R\u00e4umlichkeiten f\u00fcr private Veranstaltungen zur Verf\u00fcgung.<\/p>\n<\/div><\/div>\n\n<div class=\"et_pb_module et_pb_button_module_wrapper et_pb_button_0_wrapper preset--module--divi-button--default_wrapper\"><a class=\"et_pb_button_0 et_pb_button et_pb_bg_layout_light et_pb_module et_block_module preset--module--divi-button--default\" href=\"https:\/\/lesaintgeorges.ch\/wp-content\/uploads\/2026\/08\/Hochzeitsbroschure-\u2013-Le-Saint-Georges.pdf\" target=\"_blank\">Brosch\u00fcre<\/a><\/div>\n<\/div>\n<\/div>\n<\/div>\n\n<div class=\"et_pb_section_2 et_pb_section et_section_regular et_block_section section_parallax wedding\"><\/div>\n\n<div class=\"et_pb_section_3 et_pb_section et_section_regular et_block_section\">\n<div class=\"et_pb_row_1 et_pb_row et_block_row et_animated\">\n<div class=\"et_pb_column_1 et_pb_column et_pb_column_4_4 et-last-child et_block_column et_pb_css_mix_blend_mode_passthrough\">\n<div class=\"et_pb_text_2 et_pb_text et_pb_bg_layout_light et_pb_module et_block_module\"><div class=\"et_pb_text_inner\"><p>Je nach Veranstaltungsformat bieten unsere R\u00e4umlichkeiten Platz f\u00fcr bis zu 200 G\u00e4ste. F\u00fcr Ihren Anlass stellen wir individuelle Men\u00fcvorschl\u00e4ge und die passende Getr\u00e4nkebegleitung zusammen, vom Ap\u00e9ro riche bis zum mehrg\u00e4ngigen Men\u00fc am Tisch.<\/p>\n<\/div><\/div>\n<\/div>\n<\/div>\n\n<div class=\"et_pb_row_2 et_pb_row et_flex_row et_animated row_room standard\">\n<div class=\"et_pb_column_2 et_pb_column et_flex_column et_pb_css_mix_blend_mode_passthrough et_flex_column_2_5 et_flex_column_24_24_tablet et_flex_column_24_24_phone\">\n<div class=\"et_pb_text_3 et_pb_text et_pb_bg_layout_light et_pb_module et_block_module last-list list-two-column\"><div class=\"et_pb_text_inner\"><p>Perfekt f\u00fcr grosse Feiern<\/p>\n<\/div><\/div>\n\n<div class=\"et_pb_text_4 et_pb_text et_pb_bg_layout_light et_pb_module et_block_module\"><div class=\"et_pb_text_inner\"><h3>Der Saint Georges Saal\u00a0<\/h3>\n<\/div><\/div>\n\n<div class=\"et_pb_text_5 et_pb_text et_pb_bg_layout_light et_pb_module et_block_module last-list list-two-column\"><div class=\"et_pb_text_inner\"><p data-start=\"113\" data-end=\"358\" class=\"PDq2pG_selectionAnchorContainer\">Unser grossz\u00fcgiger Veranstaltungssaal wird durch eine Panoramaterrasse mit Blick auf das Schloss Greyerz und die Freiburger Voralpen erg\u00e4nzt. Der Saint Georges Saal bietet einen besonderen Rahmen f\u00fcr Hochzeiten und andere Feierlichkeiten.<span aria-hidden=\"true\" class=\"PDq2pG_selectionAnchor\"><\/span><\/p>\n<p data-start=\"360\" data-end=\"662\" data-is-last-node=\"\" data-is-only-node=\"\">Hell und einladend \u00f6ffnet sich der Saal zur Terrasse und l\u00e4sst sich flexibel an Ihren Anlass anpassen. Ob Trauung auf der Terrasse, festliches Abendessen oder anschliessende Feier mit Tanz, die verschiedenen M\u00f6glichkeiten erlauben es Ihnen, Ihren besonderen Tag ganz nach Ihren Vorstellungen zu planen.<\/p>\n<ul>\n<li>220 m\u00b2<\/li>\n<li>4 Meter Deckenh\u00f6he<\/li>\n<li>120 Personen an runden Tischen<\/li>\n<li>180 Personen stehend<\/li>\n<li>200 Personen an rechteckigen Tischen<\/li>\n<\/ul>\n<\/div><\/div>\n\n<a class=\"et_pb_link_0 et_pb_link et_pb_module et_flex_module\" href=\"https:\/\/lesaintgeorges.ch\/contact\/\"><span class=\"et_pb_link_inner\"><span class=\"et-pb-icon\">$<\/span><span class=\"et_pb_link_text\"><p>Kontaktieren Sie uns<\/p>\n<\/span><\/span><\/a>\n<\/div>\n\n<div class=\"et_pb_column_3 et_pb_column et-last-child et_flex_column et_pb_css_mix_blend_mode_passthrough et_flex_column_3_5 et_flex_column_24_24_tablet et_flex_column_24_24_phone\">\n<div class=\"dica_divi_carousel_0 dica_divi_carousel et_pb_module offres-sign\"><div class=\"dica-container  desktop_middle-inside tablet_middle-inside mobile_middle-inside\" data-props='{\"desktop\":\"1\",\"tablet\":\"1\",\"mobile\":\"1\",\"speed\":\"400\",\"arrow\":\"on\",\"dots\":\"off\",\"autoplay\":\"off\",\"autoSpeed\":\"1000\",\"loop\":\"on\",\"item_spacing\":\"24\",\"center_mode\":\"off\",\"slider_effec\":\"default\",\"cover_rotate\":\"50\",\"pause_onhover\":\"off\",\"multislide\":\"off\",\"cfshadow\":\"on\",\"order\":6283,\"lazyload\":\"off\",\"lazybefore\":\"off\",\"scroller_effect\":\"off\",\"autowidth\":\"off\",\"item_spacing_tablet\":\"16\",\"item_spacing_phone\":\"16\",\"scroller_speed\":\"4000\",\"hashNavigation\":\"off\",\"simulatetouch\":\"off\",\"allowtouchmove\":\"off\",\"slide_row\":\"1\",\"slide_row_tablet\":\"1\",\"slide_row_phone\":\"1\",\"keyboard\":\"off\",\"mousewheel\":\"off\",\"autoplay_viewport\":\"\"}'>\n\t\t\t\t\t\t\t \t<div class=\"swiper-container\" >\n\t\t\t\t\t\t\t\t\t<div class=\"swiper-wrapper\">\n<div class=\"dica_divi_carouselitem_0 dica_divi_carouselitem et_pb_module\"> <div class=\"dica-item image_top\" data-link=\"\"  data-hash=\"dica_divi_carouselitem_0\">\n\t\t\t\t\t\t\t\t\t\n\t\t\t\t\t\t\t\t\t\n\t\t\t\t\t\t\t<\/div><\/div>\n\n<div class=\"dica_divi_carouselitem_1 dica_divi_carouselitem et_pb_module\"> <div class=\"dica-item image_top\" data-link=\"\"  data-hash=\"dica_divi_carouselitem_1\">\n\t\t\t\t\t\t\t\t\t\n\t\t\t\t\t\t\t\t\t\n\t\t\t\t\t\t\t<\/div><\/div>\n<\/div>\n\t\t\t\t\t\t\t\t<\/div>\n\t\t\t\t\t\t\t\t<div class=\"swiper-buttton-container\"><div class=\"swiper-button-prev dica-prev-btn-6283\" data-icon=\"4\"><\/div><div class=\"swiper-button-next dica-next-btn-6283\" data-icon=\"5\"><\/div><\/div>\n\t\t\t\t\t\t\t\t\n\t\t\t\t\t\t\t<\/div><\/div>\n<\/div>\n<\/div>\n<\/div>\n\n<div class=\"et_pb_section_4 et_pb_section et_section_regular et_block_section\">\n<div class=\"et_pb_row_3 et_pb_row et_flex_row et_animated row_room standard\">\n<div class=\"et_pb_column_4 et_pb_column et_flex_column et_pb_css_mix_blend_mode_passthrough et_flex_column_3_5 et_flex_column_24_24_tablet et_flex_column_24_24_phone\">\n<div class=\"dica_divi_carousel_1 dica_divi_carousel et_pb_module offres-sign\"><div class=\"dica-container  desktop_middle-inside tablet_middle-inside mobile_middle-inside\" data-props='{\"desktop\":\"1\",\"tablet\":\"1\",\"mobile\":\"1\",\"speed\":\"400\",\"arrow\":\"on\",\"dots\":\"off\",\"autoplay\":\"off\",\"autoSpeed\":\"1000\",\"loop\":\"on\",\"item_spacing\":\"24\",\"center_mode\":\"off\",\"slider_effec\":\"default\",\"cover_rotate\":\"50\",\"pause_onhover\":\"off\",\"multislide\":\"off\",\"cfshadow\":\"on\",\"order\":6375,\"lazyload\":\"off\",\"lazybefore\":\"off\",\"scroller_effect\":\"off\",\"autowidth\":\"off\",\"item_spacing_tablet\":\"16\",\"item_spacing_phone\":\"16\",\"scroller_speed\":\"4000\",\"hashNavigation\":\"off\",\"simulatetouch\":\"off\",\"allowtouchmove\":\"off\",\"slide_row\":\"1\",\"slide_row_tablet\":\"1\",\"slide_row_phone\":\"1\",\"keyboard\":\"off\",\"mousewheel\":\"off\",\"autoplay_viewport\":\"\"}'>\n\t\t\t\t\t\t\t \t<div class=\"swiper-container\" >\n\t\t\t\t\t\t\t\t\t<div class=\"swiper-wrapper\">\n<div class=\"dica_divi_carouselitem_2 dica_divi_carouselitem et_pb_module\"> <div class=\"dica-item image_top\" data-link=\"\"  data-hash=\"dica_divi_carouselitem_2\">\n\t\t\t\t\t\t\t\t\t\n\t\t\t\t\t\t\t\t\t\n\t\t\t\t\t\t\t<\/div><\/div>\n\n<div class=\"dica_divi_carouselitem_3 dica_divi_carouselitem et_pb_module\"> <div class=\"dica-item image_top\" data-link=\"\"  data-hash=\"dica_divi_carouselitem_3\">\n\t\t\t\t\t\t\t\t\t\n\t\t\t\t\t\t\t\t\t\n\t\t\t\t\t\t\t<\/div><\/div>\n\n<div class=\"dica_divi_carouselitem_4 dica_divi_carouselitem et_pb_module\"> <div class=\"dica-item image_top\" data-link=\"\"  data-hash=\"dica_divi_carouselitem_4\">\n\t\t\t\t\t\t\t\t\t\n\t\t\t\t\t\t\t\t\t\n\t\t\t\t\t\t\t<\/div><\/div>\n<\/div>\n\t\t\t\t\t\t\t\t<\/div>\n\t\t\t\t\t\t\t\t<div class=\"swiper-buttton-container\"><div class=\"swiper-button-prev dica-prev-btn-6375\" data-icon=\"4\"><\/div><div class=\"swiper-button-next dica-next-btn-6375\" data-icon=\"5\"><\/div><\/div>\n\t\t\t\t\t\t\t\t\n\t\t\t\t\t\t\t<\/div><\/div>\n<\/div>\n\n<div class=\"et_pb_column_5 et_pb_column et-last-child et_flex_column et_pb_css_mix_blend_mode_passthrough et_flex_column_2_5 et_flex_column_24_24_tablet et_flex_column_24_24_phone\">\n<div class=\"et_pb_text_6 et_pb_text et_pb_bg_layout_light et_pb_module et_block_module last-list list-two-column\"><div class=\"et_pb_text_inner\"><p>Perfekt f\u00fcr Cocktails und Feierlichkeiten<\/p>\n<\/div><\/div>\n\n<div class=\"et_pb_text_7 et_pb_text et_pb_bg_layout_light et_pb_module et_block_module\"><div class=\"et_pb_text_inner\"><h3>Die Terrasse<\/h3>\n<\/div><\/div>\n\n<div class=\"et_pb_text_8 et_pb_text et_pb_bg_layout_light et_pb_module et_block_module last-list list-two-column\"><div class=\"et_pb_text_inner\"><p data-start=\"179\" data-end=\"322\" class=\"PDq2pG_selectionAnchorContainer\">Unsere Panoramaterrasse, die direkt an den Saint Georges Saa anschliesst, bietet einen besonderen Rahmen f\u00fcr Feiern unter freiem Himmel.<span aria-hidden=\"true\" class=\"PDq2pG_selectionAnchor\"><\/span><\/p>\n<p data-start=\"324\" data-end=\"655\" data-is-last-node=\"\" data-is-only-node=\"\">Je nach Anlass l\u00e4sst sich die Terrasse individuell gestalten, sei es f\u00fcr einen Ap\u00e9ro riche mit Loungem\u00f6beln, eine festlich gedeckte Tafel oder eine Trauung mit Blick auf die Berge. Im Herzen von Gruy\u00e8res und dennoch in privater Atmosph\u00e4re geniessen Sie und Ihre G\u00e4ste einen besonderen Ort mit Blick auf die Freiburger Voralpen.<\/p>\n<p data-start=\"135\" data-end=\"475\" data-is-last-node=\"\" data-is-only-node=\"\">\n<p data-start=\"135\" data-end=\"475\" data-is-last-node=\"\" data-is-only-node=\"\">\n<ul>\n<li>45 Personen (Lounge-Canap\u00e9s)<\/li>\n<li>80 Personen (Stehpl\u00e4tze)<\/li>\n<li>144 Personen (Zeremonie)<\/li>\n<li>60 Personen (rechteckige Tische)<\/li>\n<\/ul>\n<\/div><\/div>\n\n<a class=\"et_pb_link_1 et_pb_link et_pb_module et_flex_module\" href=\"https:\/\/lesaintgeorges.ch\/contact\/\"><span class=\"et_pb_link_inner\"><span class=\"et-pb-icon\">$<\/span><span class=\"et_pb_link_text\"><p>Kontaktieren Sie uns<\/p>\n<\/span><\/span><\/a>\n<\/div>\n<\/div>\n<\/div>\n\n<div class=\"et_pb_section_5 et_pb_section et_section_regular et_block_section\">\n<div class=\"et_pb_row_4 et_pb_row et_flex_row et_animated row_room standard\">\n<div class=\"et_pb_column_6 et_pb_column et_flex_column et_pb_css_mix_blend_mode_passthrough et_flex_column_2_5 et_flex_column_24_24_tablet et_flex_column_24_24_phone\">\n<div class=\"et_pb_text_9 et_pb_text et_pb_bg_layout_light et_pb_module et_block_module last-list list-two-column\"><div class=\"et_pb_text_inner\"><p>Perfekt f\u00fcr Feiern im kleinen Kreis<\/p>\n<\/div><\/div>\n\n<div class=\"et_pb_text_10 et_pb_text et_pb_bg_layout_light et_pb_module et_block_module\"><div class=\"et_pb_text_inner\"><h3>Der Poya-Saal<\/h3>\n<\/div><\/div>\n\n<div class=\"et_pb_text_11 et_pb_text et_pb_bg_layout_light et_pb_module et_block_module last-list list-two-column\"><div class=\"et_pb_text_inner\"><p data-start=\"133\" data-end=\"321\" class=\"PDq2pG_selectionAnchorContainer\">Unserer gem\u00fctliche Poya Saal, gepr\u00e4gt von einer grossen traditionellen Poya und durch Schiebet\u00fcren mit der Veranda verbunden, bietet einen besonderen Rahmen f\u00fcr Feiern im kleinen Kreis.<span aria-hidden=\"true\" class=\"PDq2pG_selectionAnchor\"><\/span><\/p>\n<p data-start=\"323\" data-end=\"638\" data-is-last-node=\"\" data-is-only-node=\"\">Je nach Anlass kann der Poya Saal geschlossen werden und so eine private Atmosph\u00e4re f\u00fcr Familienfeste oder Geburtstage schaffen. Zur Veranda hin ge\u00f6ffnet, l\u00e4sst sich der Saal auch in gr\u00f6ssere Veranstaltungen integrieren. Sein unverwechselbarer Charakter macht ihn zu einem vielseitigen Ort f\u00fcr pers\u00f6nliche Anl\u00e4sse.<\/p>\n<ul>\n<li>60 m\u00b2<\/li>\n<li>25 Personen an rechteckigen Tischen<\/li>\n<li>35 Personen stehend<\/li>\n<\/ul>\n<\/div><\/div>\n\n<a class=\"et_pb_link_2 et_pb_link et_pb_module et_flex_module\" href=\"https:\/\/lesaintgeorges.ch\/contact\/\"><span class=\"et_pb_link_inner\"><span class=\"et-pb-icon\">$<\/span><span class=\"et_pb_link_text\"><p>Kontaktieren Sie uns<\/p>\n<\/span><\/span><\/a>\n<\/div>\n\n<div class=\"et_pb_column_7 et_pb_column et-last-child et_flex_column et_pb_css_mix_blend_mode_passthrough et_flex_column_3_5 et_flex_column_24_24_tablet et_flex_column_24_24_phone\">\n<div class=\"dica_divi_carousel_2 dica_divi_carousel et_pb_module offres-sign\"><div class=\"dica-container  desktop_middle-inside tablet_middle-inside mobile_middle-inside\" data-props='{\"desktop\":\"1\",\"tablet\":\"1\",\"mobile\":\"1\",\"speed\":\"400\",\"arrow\":\"on\",\"dots\":\"off\",\"autoplay\":\"off\",\"autoSpeed\":\"1000\",\"loop\":\"on\",\"item_spacing\":\"24\",\"center_mode\":\"off\",\"slider_effec\":\"default\",\"cover_rotate\":\"50\",\"pause_onhover\":\"off\",\"multislide\":\"off\",\"cfshadow\":\"on\",\"order\":6849,\"lazyload\":\"off\",\"lazybefore\":\"off\",\"scroller_effect\":\"off\",\"autowidth\":\"off\",\"item_spacing_tablet\":\"16\",\"item_spacing_phone\":\"16\",\"scroller_speed\":\"4000\",\"hashNavigation\":\"off\",\"simulatetouch\":\"off\",\"allowtouchmove\":\"off\",\"slide_row\":\"1\",\"slide_row_tablet\":\"1\",\"slide_row_phone\":\"1\",\"keyboard\":\"off\",\"mousewheel\":\"off\",\"autoplay_viewport\":\"\"}'>\n\t\t\t\t\t\t\t \t<div class=\"swiper-container\" >\n\t\t\t\t\t\t\t\t\t<div class=\"swiper-wrapper\">\n<div class=\"dica_divi_carouselitem_5 dica_divi_carouselitem et_pb_module\"> <div class=\"dica-item image_top\" data-link=\"\"  data-hash=\"dica_divi_carouselitem_5\">\n\t\t\t\t\t\t\t\t\t\n\t\t\t\t\t\t\t\t\t\n\t\t\t\t\t\t\t<\/div><\/div>\n\n<div class=\"dica_divi_carouselitem_6 dica_divi_carouselitem et_pb_module\"> <div class=\"dica-item image_top\" data-link=\"\"  data-hash=\"dica_divi_carouselitem_6\">\n\t\t\t\t\t\t\t\t\t\n\t\t\t\t\t\t\t\t\t\n\t\t\t\t\t\t\t<\/div><\/div>\n<\/div>\n\t\t\t\t\t\t\t\t<\/div>\n\t\t\t\t\t\t\t\t<div class=\"swiper-buttton-container\"><div class=\"swiper-button-prev dica-prev-btn-6849\" data-icon=\"4\"><\/div><div class=\"swiper-button-next dica-next-btn-6849\" data-icon=\"5\"><\/div><\/div>\n\t\t\t\t\t\t\t\t\n\t\t\t\t\t\t\t<\/div><\/div>\n<\/div>\n<\/div>\n<\/div>\n\n<div class=\"et_pb_section_6 et_pb_section et_section_regular et_flex_section section_cta\">\n<div class=\"et_pb_row_5 et_pb_row et_block_row et_animated\">\n<div class=\"et_pb_column_8 et_pb_column et_pb_column_4_4 et-last-child et_block_column et_pb_css_mix_blend_mode_passthrough\">\n<div class=\"et_pb_text_12 et_pb_text et_pb_bg_layout_light et_pb_module et_block_module\"><div class=\"et_pb_text_inner\"><h2>Lassen Sie uns gemeinsam Ihre Veranstaltung planen<\/h2>\n<\/div><\/div>\n\n<div class=\"et_pb_text_13 et_pb_text et_pb_bg_layout_light et_pb_module et_block_module\"><div class=\"et_pb_text_inner\"><p>Ganz gleich, ob Sie bereits einen konkreten Termin haben oder einfach nur Lust auf eine Besichtigung haben, um sich ein Bild zu machen \u2013 unser Team steht Ihnen gerne zur Seite.<\/p>\n<\/div><\/div>\n\n<div class=\"et_pb_group_0 et_pb_group et-last-child et_pb_module et_flex_group et_pb_css_mix_blend_mode_passthrough\">\n<a class=\"et_pb_link_3 et_pb_link et_pb_module et_flex_module\" href=\"https:\/\/lesaintgeorges.ch\/contact\/\"><span class=\"et_pb_link_inner\"><span class=\"et-pb-icon\">$<\/span><span class=\"et_pb_link_text\"><p>Kontaktieren Sie uns<\/p>\n<\/span><\/span><\/a>\n\n<div class=\"et_pb_text_14 et_pb_text et_pb_bg_layout_light et_pb_module et_block_module text_height_large\"><div class=\"et_pb_text_inner\"><p><img loading=\"lazy\" decoding=\"async\" src=\"https:\/\/lesaintgeorges.ch\/wp-content\/uploads\/2026\/06\/telephone_brun.svg\" width=\"16\" height=\"16\" alt=\"\" class=\"wp-image-317 alignnone size-full\" \/> <a href=\"tel:+41269218300\">+41 (0) 26 921 83 00<\/a>\u200b<br \/><img loading=\"lazy\" decoding=\"async\" src=\"https:\/\/lesaintgeorges.ch\/wp-content\/uploads\/2026\/06\/mail_brun.svg\" width=\"16\" height=\"16\" alt=\"\" class=\"wp-image-316 alignnone size-full\" \/>\u00a0 <a href=\"mailto:info@lesaintgeorges.ch\">info@lesaintgeorges.ch<\/a><\/p>\n<\/div><\/div>\n\n<div class=\"et_pb_text_15 et_pb_text et_pb_bg_layout_light et_pb_module et_block_module\"><div class=\"et_pb_text_inner\"><p><img loading=\"lazy\" decoding=\"async\" src=\"https:\/\/lesaintgeorges.ch\/wp-content\/uploads\/2026\/06\/telephone_brun.svg\" width=\"16\" height=\"16\" alt=\"\" class=\"wp-image-317 alignnone size-full\" \/> <a href=\"tel:+41269218300\">+41 (0) 26 921 83 00<\/a>\u200b\u00a0 \u00a0 <img loading=\"lazy\" decoding=\"async\" src=\"https:\/\/lesaintgeorges.ch\/wp-content\/uploads\/2026\/06\/mail_brun.svg\" width=\"16\" height=\"16\" alt=\"\" class=\"wp-image-316 alignnone size-full\" \/>\u00a0 <a href=\"mailto:info@lesaintgeorges.ch\">info@lesaintgeorges.ch<\/a><\/p>\n<\/div><\/div>\n<\/div>\n<\/div>\n<\/div>\n<\/div>","protected":false},"excerpt":{"rendered":"","protected":false},"author":3,"featured_media":0,"parent":0,"menu_order":0,"comment_status":"closed","ping_status":"closed","template":"","meta":{"footnotes":""},"class_list":["post-1214","page","type-page","status-publish","hentry"],"_links":{"self":[{"href":"https:\/\/lesaintgeorges.ch\/de\/wp-json\/wp\/v2\/pages\/1214","targetHints":{"allow":["GET"]}}],"collection":[{"href":"https:\/\/lesaintgeorges.ch\/de\/wp-json\/wp\/v2\/pages"}],"about":[{"href":"https:\/\/lesaintgeorges.ch\/de\/wp-json\/wp\/v2\/types\/page"}],"author":[{"embeddable":true,"href":"https:\/\/lesaintgeorges.ch\/de\/wp-json\/wp\/v2\/users\/3"}],"replies":[{"embeddable":true,"href":"https:\/\/lesaintgeorges.ch\/de\/wp-json\/wp\/v2\/comments?post=1214"}],"version-history":[{"count":9,"href":"https:\/\/lesaintgeorges.ch\/de\/wp-json\/wp\/v2\/pages\/1214\/revisions"}],"predecessor-version":[{"id":2018,"href":"https:\/\/lesaintgeorges.ch\/de\/wp-json\/wp\/v2\/pages\/1214\/revisions\/2018"}],"wp:attachment":[{"href":"https:\/\/lesaintgeorges.ch\/de\/wp-json\/wp\/v2\/media?parent=1214"}],"curies":[{"name":"wp","href":"https:\/\/api.w.org\/{rel}","templated":true}]}}