{"id":1164,"date":"2026-06-10T12:13:08","date_gmt":"2026-06-10T10:13:08","guid":{"rendered":"https:\/\/lesaintgeorges.ch\/restaurant\/"},"modified":"2026-08-29T13:31:23","modified_gmt":"2026-08-29T11:31:23","slug":"restaurant","status":"publish","type":"page","link":"https:\/\/lesaintgeorges.ch\/en\/restaurant\/","title":{"rendered":"Restaurant"},"content":{"rendered":"<div class=\"et_pb_section_0 et_pb_section et_section_regular et_flex_section\"><span class=\"et-pb-background-video et-pb-background-video--empty\"><\/span><\/div>\n\n<div class=\"et_pb_section_1 et_pb_section et_section_regular et_flex_section\">\n<div class=\"et_pb_row_0 et_pb_row et_block_row et_animated\">\n<div class=\"et_pb_column_0 et_pb_column et_pb_column_4_4 et-last-child et_block_column et_pb_css_mix_blend_mode_passthrough\">\n<div class=\"et_pb_text_0 et_pb_text et_pb_bg_layout_light et_pb_module et_block_module\"><div class=\"et_pb_text_inner\"><h1>Restaurant<br \/>Le Saint Georges<\/h1>\n<\/div><\/div>\n\n<div class=\"et_pb_text_1 et_pb_text et_pb_bg_layout_light et_pb_module et_block_module text_height_large text_link-nowrap\"><div class=\"et_pb_text_inner\"><p><em>The restaurant is open from 11:30 a.m. through dinner, 7 days a week.<br \/>To reserve a table, please contact us at <a href=\"tel:+41269218300\">+41 (0) 26 921 83 00<\/a><\/em><\/p>\n<\/div><\/div>\n\n<div class=\"et_pb_text_2 et_pb_text et_pb_bg_layout_light et_pb_module et_block_module\"><div class=\"et_pb_text_inner\"><p><span>At Le Saint Georges, our cuisine reflects the spirit of the house: generous, authentic, and deeply rooted in the Fribourg region. Local specialties such as moiti\u00e9-moiti\u00e9 fondue, chalet macaroni, r\u00f6sti, and chalet soup are served alongside wood-fired pizzas, meat and fish dishes, and pasta, creating a menu that caters to every taste and every generation.<\/span><\/p>\n<\/div><\/div>\n\n<div class=\"et_pb_module et_pb_button_module_wrapper et_pb_button_0_wrapper preset--module--divi-button--default_wrapper\"><a class=\"et_pb_button_0 et_pb_button et_pb_bg_layout_light et_pb_module et_block_module preset--module--divi-button--default\" href=\"\/wp-content\/uploads\/2026\/06\/Menu-LSG.pdf\" target=\"_blank\">Menu<\/a><\/div>\n<\/div>\n<\/div>\n\n<div class=\"et_pb_row_1 et_pb_row et_block_row et_animated row_gallery_restaurant\">\n<div class=\"et_pb_column_1 et_pb_column et_pb_column_4_4 et-last-child et_flex_column et_pb_css_mix_blend_mode_passthrough\">\n<div class=\"dica_divi_carousel_0 dica_divi_carousel et_pb_module gallery_restaurant\"><div class=\"dica-container  desktop_middle-inside tablet_middle-inside mobile_middle-inside\" data-props='{\"desktop\":\"2\",\"tablet\":\"2\",\"mobile\":\"1\",\"speed\":\"400\",\"arrow\":\"on\",\"dots\":\"off\",\"autoplay\":\"on\",\"autoSpeed\":\"2500\",\"loop\":\"on\",\"item_spacing\":\"24\",\"center_mode\":\"off\",\"slider_effec\":\"default\",\"cover_rotate\":\"50\",\"pause_onhover\":\"on\",\"multislide\":\"off\",\"cfshadow\":\"on\",\"order\":2763,\"lazyload\":\"off\",\"lazybefore\":\"off\",\"scroller_effect\":\"off\",\"autowidth\":\"off\",\"item_spacing_tablet\":\"16\",\"item_spacing_phone\":\"16\",\"scroller_speed\":\"4000\",\"hashNavigation\":\"off\",\"simulatetouch\":\"off\",\"allowtouchmove\":\"off\",\"slide_row\":\"1\",\"slide_row_tablet\":\"1\",\"slide_row_phone\":\"1\",\"keyboard\":\"off\",\"mousewheel\":\"off\",\"autoplay_viewport\":\"80%\"}'>\n\t\t\t\t\t\t\t \t<div class=\"swiper-container\" >\n\t\t\t\t\t\t\t\t\t<div class=\"swiper-wrapper\">\n<div class=\"dica_divi_carouselitem_0 dica_divi_carouselitem et_pb_module\"> <div class=\"dica-item image_top\" data-link=\"\"  data-hash=\"dica_divi_carouselitem_0\">\n\t\t\t\t\t\t\t\t\t\n\t\t\t\t\t\t\t\t\t\n\t\t\t\t\t\t\t<\/div><\/div>\n\n<div class=\"dica_divi_carouselitem_1 dica_divi_carouselitem et_pb_module\"> <div class=\"dica-item image_top\" data-link=\"\"  data-hash=\"dica_divi_carouselitem_1\">\n\t\t\t\t\t\t\t\t\t\n\t\t\t\t\t\t\t\t\t\n\t\t\t\t\t\t\t<\/div><\/div>\n\n<div class=\"dica_divi_carouselitem_2 dica_divi_carouselitem et_pb_module\"> <div class=\"dica-item image_top\" data-link=\"\"  data-hash=\"dica_divi_carouselitem_2\">\n\t\t\t\t\t\t\t\t\t\n\t\t\t\t\t\t\t\t\t\n\t\t\t\t\t\t\t<\/div><\/div>\n<\/div>\n\t\t\t\t\t\t\t\t<\/div>\n\t\t\t\t\t\t\t\t<div class=\"swiper-buttton-container\"><div class=\"swiper-button-prev dica-prev-btn-2763\" data-icon=\"4\"><\/div><div class=\"swiper-button-next dica-next-btn-2763\" data-icon=\"5\"><\/div><\/div>\n\t\t\t\t\t\t\t\t\n\t\t\t\t\t\t\t<\/div><\/div>\n<\/div>\n<\/div>\n\n<div class=\"et_pb_row_2 et_pb_row et_block_row et_animated\">\n<div class=\"et_pb_column_2 et_pb_column et_pb_column_4_4 et-last-child et_block_column et_pb_css_mix_blend_mode_passthrough\">\n<div class=\"et_pb_text_3 et_pb_text et_pb_bg_layout_light et_pb_module et_block_module\"><div class=\"et_pb_text_inner\"><p>Whether for a relaxed lunch, a family dinner, or a special occasion, discover our four dining spaces, each with its own atmosphere and character.<span><\/span><\/p>\n<\/div><\/div>\n<\/div>\n<\/div>\n<\/div>\n\n<div class=\"et_pb_section_2 et_pb_section et_section_regular et_block_section\">\n<div class=\"et_pb_row_3 et_pb_row et_flex_row et_animated\">\n<div class=\"et_pb_column_3 et_pb_column et_block_column et_pb_css_mix_blend_mode_passthrough et_flex_column_2_5 et_flex_column_24_24_tablet et_flex_column_24_24_phone\">\n<div class=\"et_pb_text_4 et_pb_text et_pb_bg_layout_light et_pb_module et_block_module\"><div class=\"et_pb_text_inner\"><h2>The Veranda<\/h2>\n<\/div><\/div>\n\n<div class=\"et_pb_text_5 et_pb_text et_pb_bg_layout_light et_pb_module et_block_module\"><div class=\"et_pb_text_inner\"><p><span>Bright and overlooking the Fribourg Prealps, the veranda offers panoramic views of the surrounding peaks. Both modern and inviting, it provides the perfect setting to enjoy a meal in every season, whether as a couple, with family, or as a group.<\/span><\/p>\n<\/div><\/div>\n\n<div class=\"et_pb_text_6 et_pb_text et_pb_bg_layout_light et_pb_module et_block_module text_height_large\"><div class=\"et_pb_text_inner\"><p>Up to 85 people (115 in an open layout with the Poya Room)<\/p>\n<\/div><\/div>\n<\/div>\n\n<div class=\"et_pb_column_4 et_pb_column et-last-child et_block_column et_pb_css_mix_blend_mode_passthrough et_flex_column_3_5 et_flex_column_24_24_tablet et_flex_column_24_24_phone\">\n<div class=\"et_pb_image_0 et_pb_image et_pb_module et_block_module\"><span class=\"et_pb_image_wrap\"><img loading=\"lazy\" decoding=\"async\" src=\"https:\/\/lesaintgeorges.ch\/wp-content\/uploads\/2026\/06\/Veranda_5-LSG.jpg\" alt=\"Veranda \u2013 Le Saint Georges\" title=\"Veranda_5-LSG\" width=\"2000\" height=\"3000\" srcset=\"https:\/\/lesaintgeorges.ch\/wp-content\/uploads\/2026\/06\/Veranda_5-LSG.jpg 2000w, https:\/\/lesaintgeorges.ch\/wp-content\/uploads\/2026\/06\/Veranda_5-LSG-1280x1920.jpg 1280w, https:\/\/lesaintgeorges.ch\/wp-content\/uploads\/2026\/06\/Veranda_5-LSG-980x1470.jpg 980w, https:\/\/lesaintgeorges.ch\/wp-content\/uploads\/2026\/06\/Veranda_5-LSG-480x720.jpg 480w\" sizes=\"(min-width: 0px) and (max-width: 480px) 480px, (min-width: 481px) and (max-width: 980px) 980px, (min-width: 981px) and (max-width: 1280px) 1280px, (min-width: 1281px) 2000px, 100vw\" class=\"wp-image-559\" \/><\/span><\/div>\n\n<div class=\"et_pb_image_1 et_pb_image et_pb_module et_block_module\"><span class=\"et_pb_image_wrap\"><img loading=\"lazy\" decoding=\"async\" src=\"https:\/\/lesaintgeorges.ch\/wp-content\/uploads\/2026\/06\/Veranda-LSG.jpg\" alt=\"Veranda \u2013 Le Saint Georges\" title=\"Veranda \u2013 Le Saint Georges\" width=\"3000\" height=\"2000\" srcset=\"https:\/\/lesaintgeorges.ch\/wp-content\/uploads\/2026\/06\/Veranda-LSG.jpg 3000w, https:\/\/lesaintgeorges.ch\/wp-content\/uploads\/2026\/06\/Veranda-LSG-1280x853.jpg 1280w, https:\/\/lesaintgeorges.ch\/wp-content\/uploads\/2026\/06\/Veranda-LSG-980x653.jpg 980w, https:\/\/lesaintgeorges.ch\/wp-content\/uploads\/2026\/06\/Veranda-LSG-480x320.jpg 480w\" sizes=\"(min-width: 0px) and (max-width: 480px) 480px, (min-width: 481px) and (max-width: 980px) 980px, (min-width: 981px) and (max-width: 1280px) 1280px, (min-width: 1281px) 3000px, 100vw\" class=\"wp-image-79\" \/><\/span><\/div>\n<\/div>\n<\/div>\n<\/div>\n\n<div class=\"et_pb_section_3 et_pb_section et_section_regular et_block_section\">\n<div class=\"et_pb_row_4 et_pb_row et_flex_row et_animated\">\n<div class=\"et_pb_column_5 et_pb_column et_block_column et_pb_css_mix_blend_mode_passthrough et_flex_column_3_5 et_flex_column_24_24_tablet et_flex_column_24_24_phone\">\n<div class=\"et_pb_image_2 et_pb_image et_pb_module et_block_module\"><span class=\"et_pb_image_wrap\"><img loading=\"lazy\" decoding=\"async\" src=\"https:\/\/lesaintgeorges.ch\/wp-content\/uploads\/2026\/06\/Pizzeria_2-LSG.jpg\" alt=\"Pizzeria \u2013 Le Saint Georges\" title=\"Pizzeria_2-LSG\" width=\"2000\" height=\"3000\" srcset=\"https:\/\/lesaintgeorges.ch\/wp-content\/uploads\/2026\/06\/Pizzeria_2-LSG.jpg 2000w, https:\/\/lesaintgeorges.ch\/wp-content\/uploads\/2026\/06\/Pizzeria_2-LSG-1280x1920.jpg 1280w, https:\/\/lesaintgeorges.ch\/wp-content\/uploads\/2026\/06\/Pizzeria_2-LSG-980x1470.jpg 980w, https:\/\/lesaintgeorges.ch\/wp-content\/uploads\/2026\/06\/Pizzeria_2-LSG-480x720.jpg 480w\" sizes=\"(min-width: 0px) and (max-width: 480px) 480px, (min-width: 481px) and (max-width: 980px) 980px, (min-width: 981px) and (max-width: 1280px) 1280px, (min-width: 1281px) 2000px, 100vw\" class=\"wp-image-568\" \/><\/span><\/div>\n\n<div class=\"et_pb_image_3 et_pb_image et_pb_module et_block_module\"><span class=\"et_pb_image_wrap\"><img loading=\"lazy\" decoding=\"async\" src=\"https:\/\/lesaintgeorges.ch\/wp-content\/uploads\/2026\/06\/Pizzeria_1-LSG.jpg\" alt=\"Pizzeria \u2013 Le Saint Georges\" title=\"Pizzeria_1-LSG\" width=\"3000\" height=\"2000\" srcset=\"https:\/\/lesaintgeorges.ch\/wp-content\/uploads\/2026\/06\/Pizzeria_1-LSG.jpg 3000w, https:\/\/lesaintgeorges.ch\/wp-content\/uploads\/2026\/06\/Pizzeria_1-LSG-1280x853.jpg 1280w, https:\/\/lesaintgeorges.ch\/wp-content\/uploads\/2026\/06\/Pizzeria_1-LSG-980x653.jpg 980w, https:\/\/lesaintgeorges.ch\/wp-content\/uploads\/2026\/06\/Pizzeria_1-LSG-480x320.jpg 480w\" sizes=\"(min-width: 0px) and (max-width: 480px) 480px, (min-width: 481px) and (max-width: 980px) 980px, (min-width: 981px) and (max-width: 1280px) 1280px, (min-width: 1281px) 3000px, 100vw\" class=\"wp-image-567\" \/><\/span><\/div>\n<\/div>\n\n<div class=\"et_pb_column_6 et_pb_column et-last-child et_block_column et_pb_css_mix_blend_mode_passthrough et_flex_column_2_5 et_flex_column_24_24_tablet et_flex_column_24_24_phone\">\n<div class=\"et_pb_text_7 et_pb_text et_pb_bg_layout_light et_pb_module et_block_module\"><div class=\"et_pb_text_inner\"><h2>The Pizzeria<\/h2>\n<\/div><\/div>\n\n<div class=\"et_pb_text_8 et_pb_text et_pb_bg_layout_light et_pb_module et_block_module\"><div class=\"et_pb_text_inner\"><p><span>Centered around its wood-fired oven, the Pizzeria offers a rustic and welcoming atmosphere. It is the perfect setting for a relaxed dinner with family or friends, accompanied by the comforting crackle of the fire.<\/span><\/p>\n<\/div><\/div>\n\n<div class=\"et_pb_text_9 et_pb_text et_pb_bg_layout_light et_pb_module et_block_module text_height_large\"><div class=\"et_pb_text_inner\"><p>Up to 36 people<\/p>\n<\/div><\/div>\n<\/div>\n<\/div>\n<\/div>\n\n<div class=\"et_pb_section_4 et_pb_section et_section_regular et_block_section\">\n<div class=\"et_pb_row_5 et_pb_row et_flex_row et_animated\">\n<div class=\"et_pb_column_7 et_pb_column et_block_column et_pb_css_mix_blend_mode_passthrough et_flex_column_2_5 et_flex_column_24_24_tablet et_flex_column_24_24_phone\">\n<div class=\"et_pb_text_10 et_pb_text et_pb_bg_layout_light et_pb_module et_block_module\"><div class=\"et_pb_text_inner\"><h2>The Poya Hall<\/h2>\n<\/div><\/div>\n\n<div class=\"et_pb_text_11 et_pb_text et_pb_bg_layout_light et_pb_module et_block_module\"><div class=\"et_pb_text_inner\"><p><span>A large traditional <\/span><em data-start=\"20\" data-end=\"26\">poya<\/em><span> mural gives the room its distinctive character, blending Fribourg heritage with contemporary design. Connected to the Veranda by sliding doors, the space can be opened to create a larger venue or closed to provide a more intimate setting, ideal for private events.<\/span><\/p>\n<\/div><\/div>\n\n<div class=\"et_pb_text_12 et_pb_text et_pb_bg_layout_light et_pb_module et_block_module text_height_large\"><div class=\"et_pb_text_inner\"><p>Up to 30 people (115 in an open layout with the Veranda)<\/p>\n<\/div><\/div>\n<\/div>\n\n<div class=\"et_pb_column_8 et_pb_column et-last-child et_block_column et_pb_css_mix_blend_mode_passthrough et_flex_column_3_5 et_flex_column_24_24_tablet et_flex_column_24_24_phone\">\n<div class=\"et_pb_image_4 et_pb_image et_pb_module et_block_module\"><span class=\"et_pb_image_wrap\"><img loading=\"lazy\" decoding=\"async\" src=\"https:\/\/lesaintgeorges.ch\/wp-content\/uploads\/2026\/07\/Maison-Massonnens-22-scaled.jpg\" alt=\"maison massonnens 22\" title=\"maison massonnens 22\" width=\"2000\" height=\"3000\" srcset=\"https:\/\/lesaintgeorges.ch\/wp-content\/uploads\/2026\/07\/Maison-Massonnens-22-scaled.jpg 2000w, https:\/\/lesaintgeorges.ch\/wp-content\/uploads\/2026\/07\/Maison-Massonnens-22-1280x1920.jpg 1280w, https:\/\/lesaintgeorges.ch\/wp-content\/uploads\/2026\/07\/Maison-Massonnens-22-980x1470.jpg 980w, https:\/\/lesaintgeorges.ch\/wp-content\/uploads\/2026\/07\/Maison-Massonnens-22-480x720.jpg 480w\" sizes=\"(min-width: 0px) and (max-width: 480px) 480px, (min-width: 481px) and (max-width: 980px) 980px, (min-width: 981px) and (max-width: 1280px) 1280px, (min-width: 1281px) 2000px, 100vw\" class=\"wp-image-1524\" \/><\/span><\/div>\n\n<div class=\"et_pb_image_5 et_pb_image et_pb_module et_block_module\"><span class=\"et_pb_image_wrap\"><img loading=\"lazy\" decoding=\"async\" src=\"https:\/\/lesaintgeorges.ch\/wp-content\/uploads\/2026\/06\/Massonnens_2-LSG.jpg\" alt=\"Maison Massonnens \u2013 Le Saint Georges\" title=\"Maison Massonnens \u2013 Le Saint Georges\" width=\"3000\" height=\"2000\" srcset=\"https:\/\/lesaintgeorges.ch\/wp-content\/uploads\/2026\/06\/Massonnens_2-LSG.jpg 3000w, https:\/\/lesaintgeorges.ch\/wp-content\/uploads\/2026\/06\/Massonnens_2-LSG-1280x853.jpg 1280w, https:\/\/lesaintgeorges.ch\/wp-content\/uploads\/2026\/06\/Massonnens_2-LSG-980x653.jpg 980w, https:\/\/lesaintgeorges.ch\/wp-content\/uploads\/2026\/06\/Massonnens_2-LSG-480x320.jpg 480w\" sizes=\"(min-width: 0px) and (max-width: 480px) 480px, (min-width: 481px) and (max-width: 980px) 980px, (min-width: 981px) and (max-width: 1280px) 1280px, (min-width: 1281px) 3000px, 100vw\" class=\"wp-image-578\" \/><\/span><\/div>\n<\/div>\n<\/div>\n<\/div>\n\n<div class=\"et_pb_section_5 et_pb_section et_section_regular et_block_section\">\n<div class=\"et_pb_row_6 et_pb_row et_flex_row et_animated\">\n<div class=\"et_pb_column_9 et_pb_column et_block_column et_pb_css_mix_blend_mode_passthrough et_flex_column_3_5 et_flex_column_24_24_tablet et_flex_column_24_24_phone\">\n<div class=\"et_pb_image_6 et_pb_image et_pb_module et_block_module\"><span class=\"et_pb_image_wrap\"><img loading=\"lazy\" decoding=\"async\" src=\"https:\/\/lesaintgeorges.ch\/wp-content\/uploads\/2026\/06\/Terrasse_4-LSG.jpg\" alt=\"Terrasse \u2013 Le Saint Georges\" title=\"Terrasse \u2013 Le Saint Georges\" width=\"2000\" height=\"3000\" srcset=\"https:\/\/lesaintgeorges.ch\/wp-content\/uploads\/2026\/06\/Terrasse_4-LSG.jpg 2000w, https:\/\/lesaintgeorges.ch\/wp-content\/uploads\/2026\/06\/Terrasse_4-LSG-1280x1920.jpg 1280w, https:\/\/lesaintgeorges.ch\/wp-content\/uploads\/2026\/06\/Terrasse_4-LSG-980x1470.jpg 980w, https:\/\/lesaintgeorges.ch\/wp-content\/uploads\/2026\/06\/Terrasse_4-LSG-480x720.jpg 480w\" sizes=\"(min-width: 0px) and (max-width: 480px) 480px, (min-width: 481px) and (max-width: 980px) 980px, (min-width: 981px) and (max-width: 1280px) 1280px, (min-width: 1281px) 2000px, 100vw\" class=\"wp-image-580\" \/><\/span><\/div>\n\n<div class=\"et_pb_image_7 et_pb_image et_pb_module et_block_module\"><span class=\"et_pb_image_wrap\"><img loading=\"lazy\" decoding=\"async\" src=\"https:\/\/lesaintgeorges.ch\/wp-content\/uploads\/2026\/06\/Terrasse_3-LSG.jpg\" alt=\"Terrasse \u2013 Le Saint Georges\" title=\"Terrasse \u2013 Le Saint Georges\" width=\"3000\" height=\"2000\" srcset=\"https:\/\/lesaintgeorges.ch\/wp-content\/uploads\/2026\/06\/Terrasse_3-LSG.jpg 3000w, https:\/\/lesaintgeorges.ch\/wp-content\/uploads\/2026\/06\/Terrasse_3-LSG-1280x853.jpg 1280w, https:\/\/lesaintgeorges.ch\/wp-content\/uploads\/2026\/06\/Terrasse_3-LSG-980x653.jpg 980w, https:\/\/lesaintgeorges.ch\/wp-content\/uploads\/2026\/06\/Terrasse_3-LSG-480x320.jpg 480w\" sizes=\"(min-width: 0px) and (max-width: 480px) 480px, (min-width: 481px) and (max-width: 980px) 980px, (min-width: 981px) and (max-width: 1280px) 1280px, (min-width: 1281px) 3000px, 100vw\" class=\"wp-image-575\" \/><\/span><\/div>\n<\/div>\n\n<div class=\"et_pb_column_10 et_pb_column et-last-child et_block_column et_pb_css_mix_blend_mode_passthrough et_flex_column_2_5 et_flex_column_24_24_tablet et_flex_column_24_24_phone\">\n<div class=\"et_pb_text_13 et_pb_text et_pb_bg_layout_light et_pb_module et_block_module\"><div class=\"et_pb_text_inner\"><h2>The Terrace<\/h2>\n<\/div><\/div>\n\n<div class=\"et_pb_text_14 et_pb_text et_pb_bg_layout_light et_pb_module et_block_module\"><div class=\"et_pb_text_inner\"><p><span>In the heart of the medieval town, the terrace extends the restaurant onto the main square of Gruy\u00e8re. Open throughout the warmer months, it provides the perfect setting to enjoy every moment of the day.<\/span><\/p>\n<\/div><\/div>\n\n<div class=\"et_pb_text_15 et_pb_text et_pb_bg_layout_light et_pb_module et_block_module text_height_large\"><div class=\"et_pb_text_inner\"><p>Up to 34 people<\/p>\n<\/div><\/div>\n<\/div>\n<\/div>\n<\/div>\n\n<div class=\"et_pb_section_6 et_pb_section et_section_regular et_block_section\"><\/div>\n\n<div class=\"et_pb_section_7 et_pb_section et_section_regular et_block_section section_parallax restaurant\">\n<div class=\"et_pb_row_7 et_pb_row et_flex_row\">\n<div class=\"et_pb_column_11 et_pb_column et_flex_column et_pb_column_empty et_pb_css_mix_blend_mode_passthrough et_flex_column_3_5 et_flex_column_12_24_tablet et_flex_column_24_24_phone\"><\/div>\n\n<div class=\"et_pb_column_12 et_pb_column et-last-child et_flex_column et_pb_css_mix_blend_mode_passthrough et_flex_column_2_5 et_flex_column_12_24_tablet et_flex_column_24_24_phone\">\n<div class=\"et_pb_group_0 et_pb_group et-last-child et_pb_module et_pb_css_mix_blend_mode_passthrough et_animated\">\n<div class=\"et_pb_text_16 et_pb_text et_pb_bg_layout_light et_pb_module et_block_module\"><div class=\"et_pb_text_inner\"><h2>Group Meals<\/h2>\n<\/div><\/div>\n\n<div class=\"et_pb_text_17 et_pb_text et_pb_bg_layout_light et_pb_module et_block_module\"><div class=\"et_pb_text_inner\"><p><span>For group dining, dedicated set menus make planning easy while preserving the variety of our cuisine. The restaurant can accommodate groups of up to 145 guests, while the Saint Georges Hall can host events for up to 180 guests.<\/span><\/p>\n<\/div><\/div>\n\n<div class=\"et_pb_module et_pb_button_module_wrapper et_pb_button_1_wrapper preset--module--divi-button--default_wrapper\"><a class=\"et_pb_button_1 et_pb_button et_pb_bg_layout_light et_pb_module et_block_module preset--module--divi-button--default\" href=\"https:\/\/lesaintgeorges.ch\/wp-content\/uploads\/2026\/08\/Group-Dining-Brochure-Le-Saint-Georges.pdf\" target=\"_blank\">Brochure<\/a><\/div>\n<\/div>\n<\/div>\n<\/div>\n<\/div>\n\n<div class=\"et_pb_section_8 et_pb_section et_section_regular et_block_section\">\n<div class=\"et_pb_row_8 et_pb_row et_flex_row et_animated\">\n<div class=\"et_pb_column_13 et_pb_column et_block_column et_pb_css_mix_blend_mode_passthrough et_flex_column_12_24 et_flex_column_24_24_tablet et_flex_column_24_24_phone\">\n<div class=\"et_pb_text_18 et_pb_text et_pb_bg_layout_light et_pb_module et_block_module\"><div class=\"et_pb_text_inner\"><h2>Breakfast<\/h2>\n<\/div><\/div>\n\n<div class=\"et_pb_text_19 et_pb_text et_pb_bg_layout_light et_pb_module et_block_module\"><div class=\"et_pb_text_inner\"><p><span>Every morning from 8:30 a.m. to 10:30 a.m., our breakfast buffet features a selection of local products and homemade pastries. Open to both hotel guests and visitors, it offers the perfect start to the day in the warm spirit of Le Saint Georges.<\/span><\/p>\n<\/div><\/div>\n<\/div>\n\n<div class=\"et_pb_column_14 et_pb_column et-last-child et_block_column et_pb_css_mix_blend_mode_passthrough et_flex_column_12_24 et_flex_column_24_24_tablet et_flex_column_24_24_phone\">\n<div class=\"et_pb_image_8 et_pb_image et_pb_module et_block_module\"><span class=\"et_pb_image_wrap\"><img loading=\"lazy\" decoding=\"async\" src=\"https:\/\/lesaintgeorges.ch\/wp-content\/uploads\/2026\/07\/Petit-dejeuner-48-scaled.jpg\" alt=\"petit d\u00e9jeuner 48\" title=\"petit d\u00e9jeuner 48\" width=\"3000\" height=\"2000\" srcset=\"https:\/\/lesaintgeorges.ch\/wp-content\/uploads\/2026\/07\/Petit-dejeuner-48-scaled.jpg 3000w, https:\/\/lesaintgeorges.ch\/wp-content\/uploads\/2026\/07\/Petit-dejeuner-48-1280x853.jpg 1280w, https:\/\/lesaintgeorges.ch\/wp-content\/uploads\/2026\/07\/Petit-dejeuner-48-980x653.jpg 980w, https:\/\/lesaintgeorges.ch\/wp-content\/uploads\/2026\/07\/Petit-dejeuner-48-480x320.jpg 480w\" sizes=\"(min-width: 0px) and (max-width: 480px) 480px, (min-width: 481px) and (max-width: 980px) 980px, (min-width: 981px) and (max-width: 1280px) 1280px, (min-width: 1281px) 3000px, 100vw\" class=\"wp-image-1740\" \/><\/span><\/div>\n<\/div>\n<\/div>\n<\/div>","protected":false},"excerpt":{"rendered":"","protected":false},"author":3,"featured_media":0,"parent":0,"menu_order":0,"comment_status":"closed","ping_status":"closed","template":"","meta":{"footnotes":""},"class_list":["post-1164","page","type-page","status-publish","hentry"],"_links":{"self":[{"href":"https:\/\/lesaintgeorges.ch\/en\/wp-json\/wp\/v2\/pages\/1164","targetHints":{"allow":["GET"]}}],"collection":[{"href":"https:\/\/lesaintgeorges.ch\/en\/wp-json\/wp\/v2\/pages"}],"about":[{"href":"https:\/\/lesaintgeorges.ch\/en\/wp-json\/wp\/v2\/types\/page"}],"author":[{"embeddable":true,"href":"https:\/\/lesaintgeorges.ch\/en\/wp-json\/wp\/v2\/users\/3"}],"replies":[{"embeddable":true,"href":"https:\/\/lesaintgeorges.ch\/en\/wp-json\/wp\/v2\/comments?post=1164"}],"version-history":[{"count":10,"href":"https:\/\/lesaintgeorges.ch\/en\/wp-json\/wp\/v2\/pages\/1164\/revisions"}],"predecessor-version":[{"id":2024,"href":"https:\/\/lesaintgeorges.ch\/en\/wp-json\/wp\/v2\/pages\/1164\/revisions\/2024"}],"wp:attachment":[{"href":"https:\/\/lesaintgeorges.ch\/en\/wp-json\/wp\/v2\/media?parent=1164"}],"curies":[{"name":"wp","href":"https:\/\/api.w.org\/{rel}","templated":true}]}}